{"id":2254,"date":"2023-07-26T11:19:28","date_gmt":"2023-07-26T09:19:28","guid":{"rendered":"https:\/\/www.assurances-rmt.fr\/?page_id=2254"},"modified":"2025-07-31T10:20:19","modified_gmt":"2025-07-31T08:20:19","slug":"karriere","status":"publish","type":"page","link":"https:\/\/www.assurances-rmt.fr\/de\/karriere\/","title":{"rendered":"Karriere"},"content":{"rendered":"\n<section class=\"hero js-hero \" style=\"--hero-bg-image: url(https:\/\/www.assurances-rmt.fr\/app\/uploads\/2023\/08\/logormt.jpg)\">\n    <div class=\"grid-container\">\n        <div class=\"hero__content\">\n                            <div class=\"breadcrumbs hero__breadcrumbs\"><span><span><a href=\"https:\/\/www.assurances-rmt.fr\/de\/\">Startseite<\/a><\/span><\/span><\/div>\n                        \n\n    <h1 class=\"title-double title-double--white\">\n                <span class=\"title-double__line1\">Karriere<\/span>\n                <span class=\"title-double__line2\">Werden Sie Teil unseres Teams!<\/span>\n        <\/h1>\n                        <p>Unser Team besteht aus spezialisierten Mitarbeiterinnen und Mitarbeitern, die sich mit Leidenschaft f\u00fcr ihre Kunden einsetzen, \u00fcber hohe Fachkompetenz verf\u00fcgen und die aktuelle Rechtslage jederzeit im Blick haben. Dar\u00fcber hinaus arbeiten sie in ihren Projekten intensiv und vertrauensvoll mit unseren Kunden und Partnerversicherungsgesellschaften zusammen.<\/p>\n                                <\/div>\n    <\/div>\n    <a class=\"hero__scroll js-scroll\" href=\"#\"><svg aria-hidden=\"true\" role=\"img\" focusable=\"false\" class=\"picto\"><use href=\"#scroll\"\/><\/svg>\n<\/a>\n<\/section>\n\n\n\n\n\n\n\n<section class=\"section--color-primary_background section--align-wide-content section--padding-medium section\" id=\"\" style=\"\">\n    <div class=\"grid-container\">\n\n<h2 class=\"wp-block-heading\">RMT: Werte, die den Unterschied machen<\/h2>\n\n\n\n<p>In unserem familiengef\u00fchrten Unternehmen lassen wir den Worten Taten folgen: Unser t\u00e4gliches Handeln ist von Kundenorientierung und menschlichen Werten gepr\u00e4gt. Unsere Mitarbeitenden tragen zum Wachstum unseres Unternehmens bei und sichern damit die Zukunft aller Mitglieder unseres Teams. Gleichzeitig entwickeln sie ihre eigenen beruflichen F\u00e4higkeiten weiter.<br>Unser Arbeitsumfeld f\u00f6rdert Kreativit\u00e4t, Zusammenarbeit und Innovation und legt gleichzeitig Wert auf das Wohlbefinden und die Entwicklung jedes Einzelnen. Bei RMT haben alle eine Stimme: Ideen werden geh\u00f6rt und Beitr\u00e4ge gesch\u00e4tzt. Erfolg haben wir nur gemeinsam!<\/p>\n\n<\/div>\n<\/section>\n\n\n\n\n\n\n\n<section class=\"section--color-secondary_background section--align-wide-content section--padding-medium section\" id=\"\" style=\"\">\n    <div class=\"grid-container\">\n<div class=\"grid-text-media\">\n\n<div class=\"grid-text-media-image\">\n    <div class=\"grid-text-media-image__item\">\n        <img loading=\"lazy\" width=\"2000\" height=\"1333\" src=\"https:\/\/www.assurances-rmt.fr\/app\/uploads\/2023\/08\/carriere-engagement.jpg\" class=\"attachment-full size-full\" alt=\"\" decoding=\"async\" srcset=\"https:\/\/www.assurances-rmt.fr\/app\/uploads\/2023\/08\/carriere-engagement.jpg 2000w, https:\/\/www.assurances-rmt.fr\/app\/uploads\/2023\/08\/carriere-engagement-300x200.jpg 300w, https:\/\/www.assurances-rmt.fr\/app\/uploads\/2023\/08\/carriere-engagement-1024x682.jpg 1024w, https:\/\/www.assurances-rmt.fr\/app\/uploads\/2023\/08\/carriere-engagement-768x512.jpg 768w, https:\/\/www.assurances-rmt.fr\/app\/uploads\/2023\/08\/carriere-engagement-1536x1024.jpg 1536w\" sizes=\"(max-width: 2000px) 100vw, 2000px\" \/>\n    <\/div>\n<\/div>\n\n\n<div class=\"grid-text-media-text\">\n    <div class=\"grid-text-media-text__content\">\n\n<h2 class=\"wp-block-heading\">Pers\u00f6nlicher Einsatz<\/h2>\n\n\n\n<p>Wer zu unserem RMT-Team geh\u00f6rt, ist Teil einer Gruppe von Mitarbeitenden, die die gleichen Werte teilen. Jedes Teammitglied beweist Ausdauer, Offenheit und Transparenz und legt Wert auf aktives Zuh\u00f6ren, um gemeinsam bestm\u00f6gliche Ergebnisse zu erzielen. Mithilfe von Pragmatismus, Serviceorientierung und Flexibilit\u00e4t gelangen wir zu optimalen L\u00f6sungen f\u00fcr unsere Kunden und bauen eine vertrauensvolle Beziehung zu unseren Gespr\u00e4chspartnern auf.<\/p>\n\n\n\n<p>Ganz besonders liegt es uns am Herzen, innerhalb unseres Teams den Spirit eines familiengef\u00fchrten Unternehmens&nbsp; zu pflegen. Durch die Entscheidung, Teil unseres Teams zu werden, tragen Sie dazu bei, dass sich unser Unternehmen weiterentwickelt \u2013 sowohl in seinen Kompetenzen als auch in den ihm eigenen Werten: Gewissenhaftigkeit, Loyalit\u00e4t und Fairness. Wir streben nach gemeinsamem Wachstum; Teamgeist und Solidarit\u00e4t sind uns ebenso wichtig wie ein flexibles Umfeld, in dem Sie Ihre Kompetenzen erweitern und Ihre Aufgaben noch vielseitiger gestalten k\u00f6nnen.<\/p>\n\n<\/div>\n<\/div>\n\n<\/div>\n\n<\/div>\n<\/section>\n\n\n\n\n\n\n\n<section class=\"section--color-white section--align-wide-content section--padding-medium section\" id=\"\" style=\"\">\n    <div class=\"grid-container\">\n<div class=\"grid-text-media\">\n<div class=\"grid-text-media-text\">\n    <div class=\"grid-text-media-text__content\">\n\n<h2 class=\"wp-block-heading has-text-align-right\">Soziales Engagement<\/h2>\n\n\n\n<p class=\"has-text-align-right\">Bei RMT wird soziales Engagement gro\u00dfgeschrieben: Unserem gesch\u00e4ftsf\u00fchrenden Gesellschafter Patrick Roger wurde nicht ohne Grund der franz\u00f6sische Orden der Ehrenlegion im Rang eines Rittersverliehen: Seit vielen Jahren engagiert er sich ehrenamtlich, insbesondere als Vorsitzender der \u201e\u00c9cole de la Deuxi\u00e8me Chance\u201c (Schule der zweiten Chance) und in Vereinen, die sich f\u00fcr die Integration von Jugendlichen einsetzen. Er tritt f\u00fcr Chancengleichheit ein und wurde vom Staat als Leiter der Ma\u00dfnahme \u201eContrat d&#8217;Engagement Jeunes en rupture\u201c eingesetzt, die jugendliche Schul- und Ausbildungsabbrechende unter ihre Fittiche nimmt. Bei RMT steht das soziale Engagement also klar im Mittelpunkt.<\/p>\n\n\n\n<p class=\"has-text-align-right\">Unsere soziale Verantwortung im Sinne der Corporate Social Responsibility (CSR) \u00fcbernehmen wir durch ethische Grunds\u00e4tze und Projekte, die Wissen, Innovation, Forschung, Umweltschutz, Risikomanagement und soziale Bindungen f\u00f6rdern.<\/p>\n\n\n\n<p class=\"has-text-align-right\">RMT setzt sich f\u00fcr nachhaltige Entwicklung ein, insbesondere durch unsere Auswahl \u00e4hnlich denkender und handelnder Dienstleister.<\/p>\n\n\n\n<p class=\"has-text-align-right\">Wir sind au\u00dferdem Unterzeichner der \u201eCharta der Vielfalt im Unternehmen\u201c (Charte de la Diversit\u00e9 en Entreprise) und halten uns an deren Grunds\u00e4tze.<\/p>\n\n\n\n<p class=\"has-text-align-right\">Schlie\u00dfen Sie sich uns an!<\/p>\n\n<\/div>\n<\/div>\n\n\n\n<div class=\"grid-text-media-image\">\n    <div class=\"grid-text-media-image__item\">\n        <img loading=\"lazy\" width=\"1920\" height=\"1282\" src=\"https:\/\/www.assurances-rmt.fr\/app\/uploads\/2023\/07\/headersolutionsassurance.jpg\" class=\"attachment-full size-full\" alt=\"\" decoding=\"async\" srcset=\"https:\/\/www.assurances-rmt.fr\/app\/uploads\/2023\/07\/headersolutionsassurance.jpg 1920w, https:\/\/www.assurances-rmt.fr\/app\/uploads\/2023\/07\/headersolutionsassurance-300x200.jpg 300w, https:\/\/www.assurances-rmt.fr\/app\/uploads\/2023\/07\/headersolutionsassurance-1024x684.jpg 1024w, https:\/\/www.assurances-rmt.fr\/app\/uploads\/2023\/07\/headersolutionsassurance-768x513.jpg 768w, https:\/\/www.assurances-rmt.fr\/app\/uploads\/2023\/07\/headersolutionsassurance-1536x1026.jpg 1536w\" sizes=\"(max-width: 1920px) 100vw, 1920px\" \/>\n    <\/div>\n<\/div>\n\n<\/div>\n\n<\/div>\n<\/section>\n\n\n\n\n\n\n\n<section class=\"section--color-secondary_background section--align-wide-content section--padding-medium section\" id=\"\" style=\"\">\n    <div class=\"grid-container\">\n\n<div class=\"text-format  default: Default text-format--reduce text-center\">\n\n<h2 class=\"wp-block-heading\">Teil unseres Teams zu werden bedeutet \u2026<\/h2>\n\n\n\n<p>einem dynamischen Unternehmen anzugeh\u00f6ren, das sich st\u00e4ndig weiterentwickelt und die Bed\u00fcrfnisse seiner Kunden und Mitarbeitenden in den Mittelpunkt stellt.<\/p>\n\n<\/div>\n\n\n\n<div class=\"counter-list  counter-list--col-4\">\n\n<div class=\"counter\">\n    <div class=\"counter__count js-counter\" data-count=\"4500\">1<\/div>\n    <div class=\"counter__text\">            NEUE SCHADENSF\u00c4LLE PRO JAHR REGULIERT\n    <\/div>\n<\/div>\n\n\n\n<div class=\"counter\">\n    <div class=\"counter__count js-counter\" data-count=\"30\">1<\/div>\n    <div class=\"counter__text\">            JAHRE ERFAHRUNG\n    <\/div>\n<\/div>\n\n\n\n<div class=\"counter\">\n    <div class=\"counter__count js-counter\" data-count=\"20\">1<\/div>\n    <div class=\"counter__text\">            MITARBEITENDE\n    <\/div>\n<\/div>\n\n\n\n<div class=\"counter\">\n    <div class=\"counter__count js-counter\" data-count=\"20\">1<\/div>\n    <div class=\"counter__text\">            VERSICHERUNGSPARTNER\n    <\/div>\n<\/div>\n\n\n\n<div class=\"counter\">\n    <div class=\"counter__count js-counter\" data-count=\"10\">1<\/div>\n    <div class=\"counter__text\">            RMT GEH\u00d6RT ZU DEN 10% DER GR\u00d6SSTEN MAKLER IN FRANKREICH\n    <\/div>\n<\/div>\n\n<\/div>\n\n<\/div>\n<\/section>\n\n\n\n\n\n\n\n<section class=\"section--color-primary_background section--align-wide-content section--padding-medium section\" id=\"\" style=\"\">\n    <div class=\"grid-container\">\n\n<div class=\"text-format  default: Default text-format--reduce text-center\">\n\n<h2 class=\"wp-block-heading\">Teil unseres Teams zu werden bedeutet\u2026<\/h2>\n\n\n\n<p>einem dynamischen Unternehmen anzugeh\u00f6ren, das sich st\u00e4ndig weiterentwickelt und die Bed\u00fcrfnisse seiner Kunden und Mitarbeitenden in den Mittelpunkt stellt.<\/p>\n\n<\/div>\n\n\n\n<div class=\"picto-text-list \">\n<div class=\"picto-text-list__item\">\n    <div class=\"picto-text \">\n                <div class=\"picto-text__picto\"><svg aria-hidden=\"true\" role=\"img\" focusable=\"false\" class=\"picto\"><use href=\"#rmt_groupe\"\/><\/svg>\n<\/div>\n                <h3 class=\"picto-text__title\">Sich weiterbilden<\/h3>\n        <p>f\u00fcr unsere Kunden, indem wir uns st\u00e4ndig weiterbilden und weiterentwickeln<\/p>\n\n    <\/div>\n<\/div>\n\n\n<div class=\"picto-text-list__item\">\n    <div class=\"picto-text \">\n                <div class=\"picto-text__picto\"><svg aria-hidden=\"true\" role=\"img\" focusable=\"false\" class=\"picto\"><use href=\"#rmt_groupe\"\/><\/svg>\n<\/div>\n                <h3 class=\"picto-text__title\">Sich engagieren<\/h3>\n        <p>f\u00fcr spannende Projekte<\/p>\n\n    <\/div>\n<\/div>\n\n\n<div class=\"picto-text-list__item\">\n    <div class=\"picto-text \">\n                <div class=\"picto-text__picto\"><svg aria-hidden=\"true\" role=\"img\" focusable=\"false\" class=\"picto\"><use href=\"#rmt_groupe\"\/><\/svg>\n<\/div>\n                <h3 class=\"picto-text__title\">Teilhaben<\/h3>\n        <p>an der Entwicklung eines dynamischen familiengef\u00fchrten Unternehmens<\/p>\n\n    <\/div>\n<\/div>\n\n<\/div>\n\n<\/div>\n<\/section>\n\n\n\n\n\n\n\n<section class=\"section--color-white section--align-wide-content section--padding-medium section\" id=\"\" style=\"\">\n    <div class=\"grid-container\">\n\n<div class=\"text-format  default: Default text-format--reduce text-center\">\n\n<h2 class=\"wp-block-heading\">Kontaktformular f\u00fcr Bewerber<\/h2>\n\n\n\n<p>Es ist ganz einfach, sich bei uns zu bewerben! Nutzen Sie daf\u00fcr bitte dieses Formular:<\/p>\n\n<\/div>\n\n\n\n<div class=\"wp-block-contact-form-7-contact-form-selector\">\n<div class=\"wpcf7 no-js\" id=\"wpcf7-f2259-o1\" lang=\"de-DE\" dir=\"ltr\">\n<div class=\"screen-reader-response\"><p role=\"status\" aria-live=\"polite\" aria-atomic=\"true\"><\/p> <ul><\/ul><\/div>\n<form action=\"\/de\/wp-json\/wp\/v2\/pages\/2254#wpcf7-f2259-o1\" method=\"post\" class=\"wpcf7-form init\" aria-label=\"Kontaktformular\" enctype=\"multipart\/form-data\" novalidate=\"novalidate\" data-status=\"init\">\n<div style=\"display: none;\">\n<input type=\"hidden\" name=\"_wpcf7\" value=\"2259\" \/>\n<input type=\"hidden\" name=\"_wpcf7_version\" value=\"5.8\" \/>\n<input type=\"hidden\" name=\"_wpcf7_locale\" value=\"de_DE\" \/>\n<input type=\"hidden\" name=\"_wpcf7_unit_tag\" value=\"wpcf7-f2259-o1\" \/>\n<input type=\"hidden\" name=\"_wpcf7_container_post\" value=\"0\" \/>\n<input type=\"hidden\" name=\"_wpcf7_posted_data_hash\" value=\"\" \/>\n<input type=\"hidden\" name=\"_wpcf7_recaptcha_response\" value=\"\" \/>\n<\/div>\n<div class=\"grid-x grid-margin-x grid-padding-y\">\n    <div class=\"cell medium-6 small-12\"><label><span class=\"form__label\">Nachname <span class=\"required\">*<\/span><\/span>\n        <span class=\"wpcf7-form-control-wrap\" data-name=\"your-lastname\"><input size=\"40\" class=\"wpcf7-form-control wpcf7-text wpcf7-validates-as-required\" aria-required=\"true\" aria-invalid=\"false\" value=\"\" type=\"text\" name=\"your-lastname\" \/><\/span> <\/label><\/div>\n    <div class=\"cell medium-6 small-12\"><label><span class=\"form__label\">Vorname <span class=\"required\">*<\/span><\/span>\n        <span class=\"wpcf7-form-control-wrap\" data-name=\"your-firstname\"><input size=\"40\" class=\"wpcf7-form-control wpcf7-text wpcf7-validates-as-required\" aria-required=\"true\" aria-invalid=\"false\" value=\"\" type=\"text\" name=\"your-firstname\" \/><\/span> <\/label><\/div>\n    <div class=\"cell medium-6 small-12\"><label><span class=\"form__label\">E-Mail-Adresse <span class=\"required\">*<\/span><\/span>\n        <span class=\"wpcf7-form-control-wrap\" data-name=\"your-email\"><input size=\"40\" class=\"wpcf7-form-control wpcf7-email wpcf7-validates-as-required wpcf7-text wpcf7-validates-as-email\" aria-required=\"true\" aria-invalid=\"false\" value=\"\" type=\"email\" name=\"your-email\" \/><\/span> <\/label><\/div>\n    <div class=\"cell medium-6 small-12\"><label><span class=\"form__label\">Telefonnummer<\/span>\n        <span class=\"wpcf7-form-control-wrap\" data-name=\"your-tel\"><input size=\"40\" class=\"wpcf7-form-control wpcf7-tel wpcf7-text wpcf7-validates-as-tel\" aria-invalid=\"false\" value=\"\" type=\"tel\" name=\"your-tel\" \/><\/span> <\/label><\/div>\n    <div class=\"cell medium-6 small-12\"><label><span class=\"form__label\">Ort<\/span>\n        <span class=\"wpcf7-form-control-wrap\" data-name=\"your-city\"><input size=\"40\" class=\"wpcf7-form-control wpcf7-text\" aria-invalid=\"false\" value=\"\" type=\"text\" name=\"your-city\" \/><\/span> <\/label><\/div>\n    <div class=\"cell medium-6 small-12\"><label><span class=\"form__label\">PLZ<\/span>\n        <span class=\"wpcf7-form-control-wrap\" data-name=\"your-cp\"><input size=\"40\" class=\"wpcf7-form-control wpcf7-text\" aria-invalid=\"false\" value=\"\" type=\"text\" name=\"your-cp\" \/><\/span> <\/label><\/div>\n    <div class=\"cell small-12\"><label><span class=\"form__label\">Ihre Nachricht an uns <span class=\"required\">*<\/span><\/span>\n        <span class=\"wpcf7-form-control-wrap\" data-name=\"your-message\"><textarea cols=\"40\" rows=\"10\" class=\"wpcf7-form-control wpcf7-textarea wpcf7-validates-as-required\" aria-required=\"true\" aria-invalid=\"false\" name=\"your-message\"><\/textarea><\/span> <\/label><\/div>\n    <div class=\"cell small-12\"><label><span class=\"form__label\">Hier k\u00f6nnen Sie eine Datei hochladen (PDF, max 2MB)<\/span>\n        <span class=\"wpcf7-form-control-wrap\" data-name=\"your-file\"><input size=\"40\" class=\"wpcf7-form-control wpcf7-file\" accept=\".pdf\" aria-invalid=\"false\" type=\"file\" name=\"your-file\" \/><\/span> <\/label><\/div>\n    <div class=\"cell small-12\"><span class=\"wpcf7-form-control-wrap\" data-name=\"acceptance\"><span class=\"wpcf7-form-control wpcf7-acceptance\"><span class=\"wpcf7-list-item\"><label><input type=\"checkbox\" name=\"acceptance\" value=\"1\" aria-invalid=\"false\" \/><span class=\"wpcf7-list-item-label\">Ich stimme zu, dass meine Daten gem\u00e4\u00df der Datenschutzrichtlinie der Website verarbeitet werden.*<\/span><\/label><\/span><\/span><\/span><\/div>\n    <div class=\"cell small-12\"><div class=\"button-group align-center no-mb\"><input class=\"wpcf7-form-control wpcf7-submit has-spinner button hollow primary default\" type=\"submit\" value=\"Senden\" \/><\/div><\/div>\n<\/div><div class=\"wpcf7-response-output\" aria-hidden=\"true\"><\/div>\n<\/form>\n<\/div>\n<\/div>\n\n<\/div>\n<\/section>\n","protected":false},"excerpt":{"rendered":"<p>Unser Team besteht aus spezialisierten Mitarbeiterinnen und Mitarbeitern, die sich mit Leidenschaft f\u00fcr ihre Kunden einsetzen, \u00fcber hohe Fachkompetenz verf\u00fcgen und die aktuelle Rechtslage jederzeit im Blick haben. Dar\u00fcber hinaus arbeiten sie in ihren Projekten intensiv und vertrauensvoll mit unseren Kunden und Partnerversicherungsgesellschaften zusammen.<\/p>\n","protected":false},"author":1,"featured_media":0,"parent":0,"menu_order":7,"comment_status":"closed","ping_status":"closed","template":"","meta":{"inline_featured_image":false,"footnotes":""},"acf":[],"yoast_head":"<!-- This site is optimized with the Yoast SEO plugin v20.13 - https:\/\/yoast.com\/wordpress\/plugins\/seo\/ -->\n<title>Karriere - RMT Courtier en assurances<\/title>\n<meta name=\"description\" content=\"Unser Team besteht aus spezialisierten Mitarbeiterinnen und Mitarbeitern, die sich mit Leidenschaft f\u00fcr ihre Kunden einsetzen, \u00fcber hohe Fachkompetenz verf\u00fcgen und die aktuelle Rechtslage jederzeit im Blick haben. Dar\u00fcber hinaus arbeiten sie in ihren Projekten intensiv und vertrauensvoll mit unseren Kunden und Partnerversicherungsgesellschaften zusammen.\" \/>\n<meta name=\"robots\" content=\"index, follow, max-snippet:-1, max-image-preview:large, max-video-preview:-1\" \/>\n<link rel=\"canonical\" href=\"https:\/\/www.assurances-rmt.fr\/de\/karriere\/\" \/>\n<meta property=\"og:locale\" content=\"de_DE\" \/>\n<meta property=\"og:type\" content=\"article\" \/>\n<meta property=\"og:title\" content=\"Karriere - RMT Courtier en assurances\" \/>\n<meta property=\"og:description\" content=\"Unser Team besteht aus spezialisierten Mitarbeiterinnen und Mitarbeitern, die sich mit Leidenschaft f\u00fcr ihre Kunden einsetzen, \u00fcber hohe Fachkompetenz verf\u00fcgen und die aktuelle Rechtslage jederzeit im Blick haben. Dar\u00fcber hinaus arbeiten sie in ihren Projekten intensiv und vertrauensvoll mit unseren Kunden und Partnerversicherungsgesellschaften zusammen.\" \/>\n<meta property=\"og:url\" content=\"https:\/\/www.assurances-rmt.fr\/de\/karriere\/\" \/>\n<meta property=\"og:site_name\" content=\"RMT Courtier en assurances\" \/>\n<meta property=\"article:modified_time\" content=\"2025-07-31T08:20:19+00:00\" \/>\n<meta name=\"twitter:card\" content=\"summary_large_image\" \/>\n<meta name=\"twitter:label1\" content=\"Gesch\u00e4tzte Lesezeit\" \/>\n\t<meta name=\"twitter:data1\" content=\"3 Minuten\" \/>\n<script type=\"application\/ld+json\" class=\"yoast-schema-graph\">{\"@context\":\"https:\/\/schema.org\",\"@graph\":[{\"@type\":\"WebPage\",\"@id\":\"https:\/\/www.assurances-rmt.fr\/de\/karriere\/\",\"url\":\"https:\/\/www.assurances-rmt.fr\/de\/karriere\/\",\"name\":\"Karriere - RMT Courtier en assurances\",\"isPartOf\":{\"@id\":\"https:\/\/www.assurances-rmt.fr\/de\/#website\"},\"datePublished\":\"2023-07-26T09:19:28+00:00\",\"dateModified\":\"2025-07-31T08:20:19+00:00\",\"description\":\"Unser Team besteht aus spezialisierten Mitarbeiterinnen und Mitarbeitern, die sich mit Leidenschaft f\u00fcr ihre Kunden einsetzen, \u00fcber hohe Fachkompetenz verf\u00fcgen und die aktuelle Rechtslage jederzeit im Blick haben. Dar\u00fcber hinaus arbeiten sie in ihren Projekten intensiv und vertrauensvoll mit unseren Kunden und Partnerversicherungsgesellschaften zusammen.\",\"breadcrumb\":{\"@id\":\"https:\/\/www.assurances-rmt.fr\/de\/karriere\/#breadcrumb\"},\"inLanguage\":\"de-DE\",\"potentialAction\":[{\"@type\":\"ReadAction\",\"target\":[\"https:\/\/www.assurances-rmt.fr\/de\/karriere\/\"]}]},{\"@type\":\"BreadcrumbList\",\"@id\":\"https:\/\/www.assurances-rmt.fr\/de\/karriere\/#breadcrumb\",\"itemListElement\":[{\"@type\":\"ListItem\",\"position\":1,\"name\":\"Startseite\",\"item\":\"https:\/\/www.assurances-rmt.fr\/de\/\"},{\"@type\":\"ListItem\",\"position\":2,\"name\":\"Karriere\"}]},{\"@type\":\"WebSite\",\"@id\":\"https:\/\/www.assurances-rmt.fr\/de\/#website\",\"url\":\"https:\/\/www.assurances-rmt.fr\/de\/\",\"name\":\"RMT Courtier en assurances\",\"description\":\"Le conseiller des entreprises en strat\u00e9gie d&#039;assurance\",\"publisher\":{\"@id\":\"https:\/\/www.assurances-rmt.fr\/de\/#organization\"},\"potentialAction\":[{\"@type\":\"SearchAction\",\"target\":{\"@type\":\"EntryPoint\",\"urlTemplate\":\"https:\/\/www.assurances-rmt.fr\/de\/?s={search_term_string}\"},\"query-input\":\"required name=search_term_string\"}],\"inLanguage\":\"de-DE\"},{\"@type\":\"Organization\",\"@id\":\"https:\/\/www.assurances-rmt.fr\/de\/#organization\",\"name\":\"RMT Courtier en assurances\",\"url\":\"https:\/\/www.assurances-rmt.fr\/de\/\",\"logo\":{\"@type\":\"ImageObject\",\"inLanguage\":\"de-DE\",\"@id\":\"https:\/\/www.assurances-rmt.fr\/de\/#\/schema\/logo\/image\/\",\"url\":\"https:\/\/www.assurances-rmt.fr\/app\/uploads\/2023\/07\/logo.svg\",\"contentUrl\":\"https:\/\/www.assurances-rmt.fr\/app\/uploads\/2023\/07\/logo.svg\",\"width\":300,\"height\":113,\"caption\":\"RMT Courtier en assurances\"},\"image\":{\"@id\":\"https:\/\/www.assurances-rmt.fr\/de\/#\/schema\/logo\/image\/\"},\"sameAs\":[\"https:\/\/www.linkedin.com\/company\/rmt-courtier-en-assurances\/\"]}]}<\/script>\n<!-- \/ Yoast SEO plugin. -->","yoast_head_json":{"title":"Karriere - RMT Courtier en assurances","description":"Unser Team besteht aus spezialisierten Mitarbeiterinnen und Mitarbeitern, die sich mit Leidenschaft f\u00fcr ihre Kunden einsetzen, \u00fcber hohe Fachkompetenz verf\u00fcgen und die aktuelle Rechtslage jederzeit im Blick haben. Dar\u00fcber hinaus arbeiten sie in ihren Projekten intensiv und vertrauensvoll mit unseren Kunden und Partnerversicherungsgesellschaften zusammen.","robots":{"index":"index","follow":"follow","max-snippet":"max-snippet:-1","max-image-preview":"max-image-preview:large","max-video-preview":"max-video-preview:-1"},"canonical":"https:\/\/www.assurances-rmt.fr\/de\/karriere\/","og_locale":"de_DE","og_type":"article","og_title":"Karriere - RMT Courtier en assurances","og_description":"Unser Team besteht aus spezialisierten Mitarbeiterinnen und Mitarbeitern, die sich mit Leidenschaft f\u00fcr ihre Kunden einsetzen, \u00fcber hohe Fachkompetenz verf\u00fcgen und die aktuelle Rechtslage jederzeit im Blick haben. Dar\u00fcber hinaus arbeiten sie in ihren Projekten intensiv und vertrauensvoll mit unseren Kunden und Partnerversicherungsgesellschaften zusammen.","og_url":"https:\/\/www.assurances-rmt.fr\/de\/karriere\/","og_site_name":"RMT Courtier en assurances","article_modified_time":"2025-07-31T08:20:19+00:00","twitter_card":"summary_large_image","twitter_misc":{"Gesch\u00e4tzte Lesezeit":"3 Minuten"},"schema":{"@context":"https:\/\/schema.org","@graph":[{"@type":"WebPage","@id":"https:\/\/www.assurances-rmt.fr\/de\/karriere\/","url":"https:\/\/www.assurances-rmt.fr\/de\/karriere\/","name":"Karriere - RMT Courtier en assurances","isPartOf":{"@id":"https:\/\/www.assurances-rmt.fr\/de\/#website"},"datePublished":"2023-07-26T09:19:28+00:00","dateModified":"2025-07-31T08:20:19+00:00","description":"Unser Team besteht aus spezialisierten Mitarbeiterinnen und Mitarbeitern, die sich mit Leidenschaft f\u00fcr ihre Kunden einsetzen, \u00fcber hohe Fachkompetenz verf\u00fcgen und die aktuelle Rechtslage jederzeit im Blick haben. Dar\u00fcber hinaus arbeiten sie in ihren Projekten intensiv und vertrauensvoll mit unseren Kunden und Partnerversicherungsgesellschaften zusammen.","breadcrumb":{"@id":"https:\/\/www.assurances-rmt.fr\/de\/karriere\/#breadcrumb"},"inLanguage":"de-DE","potentialAction":[{"@type":"ReadAction","target":["https:\/\/www.assurances-rmt.fr\/de\/karriere\/"]}]},{"@type":"BreadcrumbList","@id":"https:\/\/www.assurances-rmt.fr\/de\/karriere\/#breadcrumb","itemListElement":[{"@type":"ListItem","position":1,"name":"Startseite","item":"https:\/\/www.assurances-rmt.fr\/de\/"},{"@type":"ListItem","position":2,"name":"Karriere"}]},{"@type":"WebSite","@id":"https:\/\/www.assurances-rmt.fr\/de\/#website","url":"https:\/\/www.assurances-rmt.fr\/de\/","name":"RMT Courtier en assurances","description":"Le conseiller des entreprises en strat\u00e9gie d&#039;assurance","publisher":{"@id":"https:\/\/www.assurances-rmt.fr\/de\/#organization"},"potentialAction":[{"@type":"SearchAction","target":{"@type":"EntryPoint","urlTemplate":"https:\/\/www.assurances-rmt.fr\/de\/?s={search_term_string}"},"query-input":"required name=search_term_string"}],"inLanguage":"de-DE"},{"@type":"Organization","@id":"https:\/\/www.assurances-rmt.fr\/de\/#organization","name":"RMT Courtier en assurances","url":"https:\/\/www.assurances-rmt.fr\/de\/","logo":{"@type":"ImageObject","inLanguage":"de-DE","@id":"https:\/\/www.assurances-rmt.fr\/de\/#\/schema\/logo\/image\/","url":"https:\/\/www.assurances-rmt.fr\/app\/uploads\/2023\/07\/logo.svg","contentUrl":"https:\/\/www.assurances-rmt.fr\/app\/uploads\/2023\/07\/logo.svg","width":300,"height":113,"caption":"RMT Courtier en assurances"},"image":{"@id":"https:\/\/www.assurances-rmt.fr\/de\/#\/schema\/logo\/image\/"},"sameAs":["https:\/\/www.linkedin.com\/company\/rmt-courtier-en-assurances\/"]}]}},"_links":{"self":[{"href":"https:\/\/www.assurances-rmt.fr\/de\/wp-json\/wp\/v2\/pages\/2254"}],"collection":[{"href":"https:\/\/www.assurances-rmt.fr\/de\/wp-json\/wp\/v2\/pages"}],"about":[{"href":"https:\/\/www.assurances-rmt.fr\/de\/wp-json\/wp\/v2\/types\/page"}],"author":[{"embeddable":true,"href":"https:\/\/www.assurances-rmt.fr\/de\/wp-json\/wp\/v2\/users\/1"}],"replies":[{"embeddable":true,"href":"https:\/\/www.assurances-rmt.fr\/de\/wp-json\/wp\/v2\/comments?post=2254"}],"version-history":[{"count":3,"href":"https:\/\/www.assurances-rmt.fr\/de\/wp-json\/wp\/v2\/pages\/2254\/revisions"}],"predecessor-version":[{"id":2437,"href":"https:\/\/www.assurances-rmt.fr\/de\/wp-json\/wp\/v2\/pages\/2254\/revisions\/2437"}],"wp:attachment":[{"href":"https:\/\/www.assurances-rmt.fr\/de\/wp-json\/wp\/v2\/media?parent=2254"}],"curies":[{"name":"wp","href":"https:\/\/api.w.org\/{rel}","templated":true}]}}