{"id":2250,"date":"2023-07-25T17:50:00","date_gmt":"2023-07-25T15:50:00","guid":{"rendered":"https:\/\/www.assurances-rmt.fr\/ueber-uns\/unternehmensgeschichte\/"},"modified":"2025-07-31T10:25:25","modified_gmt":"2025-07-31T08:25:25","slug":"unternehmensgeschichte","status":"publish","type":"page","link":"https:\/\/www.assurances-rmt.fr\/de\/ueber-uns\/unternehmensgeschichte\/","title":{"rendered":"Unternehmensgeschichte"},"content":{"rendered":"\n<section class=\"hero js-hero \" style=\"--hero-bg-image: url(https:\/\/www.assurances-rmt.fr\/app\/uploads\/2023\/08\/shutterstock_1969865134.jpg)\">\n    <div class=\"grid-container\">\n        <div class=\"hero__content\">\n                            <div class=\"breadcrumbs hero__breadcrumbs\"><span><span><a href=\"https:\/\/www.assurances-rmt.fr\/de\/\">Startseite<\/a><\/span><\/span><\/div>\n                        \n\n    <h1 class=\"title-double title-double--white\">\n                    <span class=\"title-double__line2\">Unternehmensgeschichte<\/span>\n        <\/h1>\n                                <\/div>\n    <\/div>\n    <a class=\"hero__scroll js-scroll\" href=\"#\"><svg aria-hidden=\"true\" role=\"img\" focusable=\"false\" class=\"picto\"><use href=\"#scroll\"\/><\/svg>\n<\/a>\n<\/section>\n\n\n\n\n\n<section class=\"section--color-white section--align-wide-content section--padding-medium section\" id=\"\" style=\"\">\n    <div class=\"grid-container\">\n\n    \n\n    <h2 class=\"text-center title-double title-double--secondary\">\n            <span class=\"title-double__suptitle\">Unternehmensgeschichte<\/span>\n                    <span class=\"title-double__line2\">RMT im \u00dcberblick<\/span>\n        <\/h2>\n\n\n<div class=\"time-line\">\n<div class=\"time-line__line\">\n    <div class=\"time-line__picture\">\n                <div class=\"time-line__picture-img\">\n            <img loading=\"lazy\" width=\"500\" height=\"334\" src=\"https:\/\/www.assurances-rmt.fr\/app\/uploads\/2023\/08\/shutterstock_770118037.jpg\" class=\"attachment-time-line-picture size-time-line-picture\" alt=\"\" decoding=\"async\" srcset=\"https:\/\/www.assurances-rmt.fr\/app\/uploads\/2023\/08\/shutterstock_770118037.jpg 500w, https:\/\/www.assurances-rmt.fr\/app\/uploads\/2023\/08\/shutterstock_770118037-300x200.jpg 300w\" sizes=\"(max-width: 500px) 100vw, 500px\" \/>\n        <\/div>\n            <\/div>\n    <div class=\"time-line__events\">\n        <div class=\"time-line__events-content\">\n\n<div class=\"time-line__event \">\n    <div class=\"time-line__date\">\n                    April 1994\n            <\/div>\n    <div class=\"acf-innerblocks-container\">\n\n<p>Patrick Roger und Jean-Marie Meyer gr\u00fcnden RMT; kurz darauf verst\u00e4rkt Guy Tonnelier das Team.<\/p>\n\n<\/div>\n<\/div>\n\n\n\n<div class=\"time-line__event \">\n    <div class=\"time-line__date\">\n                    November 1994\n            <\/div>\n    <div class=\"acf-innerblocks-container\">\n\n<p>Erster gro\u00dfer Vertrag mit einem Hauptakteur im \u00f6ffentlichen Nahverkehr<\/p>\n\n<\/div>\n<\/div>\n\n\n\n<div class=\"time-line__event \">\n    <div class=\"time-line__date\">\n                    April 2005\n            <\/div>\n    <div class=\"acf-innerblocks-container\">\n\n<p>Gr\u00fcndung der Maklergesellschaft<\/p>\n\n<\/div>\n<\/div>\n\n<\/div>\n    <\/div>\n<\/div>\n\n\n<div class=\"time-line__line\">\n    <div class=\"time-line__picture\">\n                <div class=\"time-line__picture-img\">\n            <img loading=\"lazy\" width=\"1920\" height=\"1282\" src=\"https:\/\/www.assurances-rmt.fr\/app\/uploads\/2023\/07\/headersolutionsassurance.jpg\" class=\"attachment-time-line-picture size-time-line-picture\" alt=\"\" decoding=\"async\" srcset=\"https:\/\/www.assurances-rmt.fr\/app\/uploads\/2023\/07\/headersolutionsassurance.jpg 1920w, https:\/\/www.assurances-rmt.fr\/app\/uploads\/2023\/07\/headersolutionsassurance-300x200.jpg 300w, https:\/\/www.assurances-rmt.fr\/app\/uploads\/2023\/07\/headersolutionsassurance-1024x684.jpg 1024w, https:\/\/www.assurances-rmt.fr\/app\/uploads\/2023\/07\/headersolutionsassurance-768x513.jpg 768w, https:\/\/www.assurances-rmt.fr\/app\/uploads\/2023\/07\/headersolutionsassurance-1536x1026.jpg 1536w\" sizes=\"(max-width: 1920px) 100vw, 1920px\" \/>\n        <\/div>\n            <\/div>\n    <div class=\"time-line__events\">\n        <div class=\"time-line__events-content\">\n\n<div class=\"time-line__event \">\n    <div class=\"time-line__date\">\n                    Januar 2008\n            <\/div>\n    <div class=\"acf-innerblocks-container\">\n\n<p>Umzug in die aktuellen R\u00e4umlichkeiten<\/p>\n\n<\/div>\n<\/div>\n\n\n\n<div class=\"time-line__event \">\n    <div class=\"time-line__date\">\n                    Juli 2021\n            <\/div>\n    <div class=\"acf-innerblocks-container\">\n\n<p>Dr. L\u00e9a Roger wird Gesch\u00e4ftsf\u00fchrerin<br\/><\/p>\n\n<\/div>\n<\/div>\n\n\n\n<div class=\"time-line__event \">\n    <div class=\"time-line__date\">\n                    M\u00e4rz 2023\n            <\/div>\n    <div class=\"acf-innerblocks-container\">\n\n<p>Patrick Roger erh\u00e4lt den Verdienstorden der Ehrenlegion im Rang eines Ritters<br\/><\/p>\n\n<\/div>\n<\/div>\n\n<\/div>\n    <\/div>\n<\/div>\n\n<\/div>\n\n<\/div>\n<\/section>\n\n\n\n\n\n<section class=\"section--color-secondary_background section--align-wide-content section--padding-medium section\" id=\"\" style=\"\">\n    <div class=\"grid-container\">\n<div class=\"grid-text-media\">\n\n<div class=\"grid-text-media-image\">\n    <div class=\"grid-text-media-image__item\">\n        <img loading=\"lazy\" width=\"1000\" height=\"667\" src=\"https:\/\/www.assurances-rmt.fr\/app\/uploads\/2023\/08\/shutterstock_2140914783-1.jpg\" class=\"attachment-full size-full\" alt=\"\" decoding=\"async\" srcset=\"https:\/\/www.assurances-rmt.fr\/app\/uploads\/2023\/08\/shutterstock_2140914783-1.jpg 1000w, https:\/\/www.assurances-rmt.fr\/app\/uploads\/2023\/08\/shutterstock_2140914783-1-300x200.jpg 300w, https:\/\/www.assurances-rmt.fr\/app\/uploads\/2023\/08\/shutterstock_2140914783-1-768x512.jpg 768w\" sizes=\"(max-width: 1000px) 100vw, 1000px\" \/>\n    <\/div>\n<\/div>\n\n\n<div class=\"grid-text-media-text\">\n    <div class=\"grid-text-media-text__content\">\n\n<h2 class=\"wp-block-heading\">1994 \u2013 2005: Gr\u00fcndung und erste Meilensteine<\/h2>\n\n\n\n<p>1994 startet Patrick Roger mit seinen damaligen Gesch\u00e4ftspartnern als Generalvertreter einer Agentur der GAN Versicherung. Bereits wenige Monate sp\u00e4ter erh\u00e4lt das junge Unternehmen seinen ersten Auftrag von einem gro\u00dfen Kunden.<br\/>Die Gr\u00fcndung der Maklergesellschaft RMT erfolgt 2005. Das junge Unternehmen entwickelt sich rasch und verzeichnet stetiges Wachstum.  <\/p>\n\n<\/div>\n<\/div>\n\n<\/div>\n\n<\/div>\n<\/section>\n\n\n\n\n\n<section class=\"section--color-white section--align-wide-content section--padding-medium section\" id=\"\" style=\"\">\n    <div class=\"grid-container\">\n<div class=\"grid-text-media\">\n<div class=\"grid-text-media-text\">\n    <div class=\"grid-text-media-text__content\">\n\n<h2 class=\"wp-block-heading has-text-align-right\">2008 \u2013 2021: Konsolidierung<\/h2>\n\n\n\n<p class=\"has-text-align-right\">RMT w\u00e4chst und gedeiht weiter, Arbeitsweisen werden perfektioniert, die Dienstleistungen angepasst und erweitert, Prozesse werden optimiert und Governance erfolgreich eingef\u00fchrt. Neue B\u00fcror\u00e4ume werden im Stra\u00dfburger Stadtteil Kibitzenau bezogen.<\/p>\n\n\n\n<p class=\"has-text-align-right\">2021 \u00fcbernimmt Dr. L\u00e9a Roger, die Tochter des Unternehmensgr\u00fcnders, die Anteile von Mitgr\u00fcnder Guy Tonnelier und tritt als Mehrheitsgesellschafterin in die Gesch\u00e4ftsleitung ein. Von da an verst\u00e4rkt sie das Team nicht nur mit ihrem deutsch-franz\u00f6sischem Know-how, sondern bringt auch ihre Vision, ihre Werte und ihren eigenen Blickwinkel in die Gesch\u00e4ftsf\u00fchrung ein \u2013 kurz: sie macht RMT zu dem dynamischen Unternehmen, das es bis heute ist. Von ihrer Erfahrung, die sie u.a. 5 Jahre lang im Allianz Konzern gesammelt hat, profitieren alle Beteiligten \u2013 Kunden wie Kollegen. RMT entwickelt sich dadurch zu einem grenz\u00fcberschreitenden Spezialisten.   <\/p>\n\n<\/div>\n<\/div>\n\n\n\n<div class=\"grid-text-media-image\">\n    <div class=\"grid-text-media-image__item\">\n        <img loading=\"lazy\" width=\"1000\" height=\"667\" src=\"https:\/\/www.assurances-rmt.fr\/app\/uploads\/2023\/08\/shutterstock_428774194.jpg\" class=\"attachment-full size-full\" alt=\"\" decoding=\"async\" srcset=\"https:\/\/www.assurances-rmt.fr\/app\/uploads\/2023\/08\/shutterstock_428774194.jpg 1000w, https:\/\/www.assurances-rmt.fr\/app\/uploads\/2023\/08\/shutterstock_428774194-300x200.jpg 300w, https:\/\/www.assurances-rmt.fr\/app\/uploads\/2023\/08\/shutterstock_428774194-768x512.jpg 768w\" sizes=\"(max-width: 1000px) 100vw, 1000px\" \/>\n    <\/div>\n<\/div>\n\n<\/div>\n\n<\/div>\n<\/section>\n\n\n\n\n\n<section class=\"section--color-secondary_background section--align-wide-content section--padding-medium section\" id=\"\" style=\"\">\n    <div class=\"grid-container\">\n<div class=\"grid-text-media\">\n\n<div class=\"grid-text-media-image\">\n    <div class=\"grid-text-media-image__item\">\n        <img loading=\"lazy\" width=\"1000\" height=\"667\" src=\"https:\/\/www.assurances-rmt.fr\/app\/uploads\/2023\/08\/shutterstock_2063156213-1.jpg\" class=\"attachment-full size-full\" alt=\"\" decoding=\"async\" srcset=\"https:\/\/www.assurances-rmt.fr\/app\/uploads\/2023\/08\/shutterstock_2063156213-1.jpg 1000w, https:\/\/www.assurances-rmt.fr\/app\/uploads\/2023\/08\/shutterstock_2063156213-1-300x200.jpg 300w, https:\/\/www.assurances-rmt.fr\/app\/uploads\/2023\/08\/shutterstock_2063156213-1-768x512.jpg 768w\" sizes=\"(max-width: 1000px) 100vw, 1000px\" \/>\n    <\/div>\n<\/div>\n\n\n<div class=\"grid-text-media-text\">\n    <div class=\"grid-text-media-text__content\">\n\n<h2 class=\"wp-block-heading\">Seit 2021: Neue Perspektiven<\/h2>\n\n\n\n<p>Heute ist RMT Versicherungsmakler ein familiengef\u00fchrtes Unternehmen mit einem engagiert arbeitenden Team. Vieles hat sich ge\u00e4ndert, aber eines ist geblieben: Die Werte, die dem Unternehmen seit seiner Gr\u00fcndung wichtig sind, bestehen fort und pr\u00e4gen die zentrale Mission von RMT: maximaler Service und optimaler Versicherungsschutz f\u00fcr unsere Kunden. <\/p>\n\n\n\n<p>Die unterschiedlichen Skills in unserem Team, die geb\u00fcndelten Kompetenzen und die langj\u00e4hrige Erfahrung bilden das Fundament f\u00fcr die Leistungskraft von RMT, von der unsere Kunden dauerhaft profitieren. Damit sehen wir uns f\u00fcr die Herausforderungen der Zukunft hervorragend aufgestellt.<\/p>\n\n<\/div>\n<\/div>\n\n<\/div>\n\n<\/div>\n<\/section>\n\n\n\n\n\n<section class=\"section--color-white section--align-wide-content section--padding-medium section\" id=\"\" style=\"\">\n    <div class=\"grid-container\">\n<div class=\"grid-x grid-margin-x grid-padding-y grid-simple align-middle \">\n\n<div class=\"cell__wp-content align-self-middle cell medium-6\">\n\n    \n\n    <h2 class=\"text-left title-double title-double--secondary\">\n            <span class=\"title-double__suptitle\">Interview<\/span>\n                    <span class=\"title-double__line2\">Dr. L\u00e9a Roger<\/span>\n        <\/h2>\n\n\n\n<p>Als L\u00e9a Roger 2021 als Nachfolgerin von Guy Tonnelier in das Unternehmen eintrat, wollten wir mehr \u00fcber sie erfahren. Deshalb baten wir sie darum, uns etwas \u00fcber sich selbst und ihren Werdegang zu erz\u00e4hlen und dar\u00fcber, wie sie sich die Zukunft von RMT vorstellt.  <\/p>\n\n\n\n<p><strong>Quereinstieg ins Familienunternehmen<\/strong><\/p>\n\n\n\n<p>\u201eIch lebe schon seit einigen Jahren in Stra\u00dfburg und liebe die Stadt und das Leben hier. Ich mag aber auch die Natur und mache gerne lange Spazierg\u00e4nge. Da ich in einer deutsch-franz\u00f6sischen Familie aufgewachsen bin, war es f\u00fcr mich ganz logisch, einen internationalen Studiengang zu w\u00e4hlen. Und so studierte ich Politikwissenschaft und pendelte daf\u00fcr zwischen Stuttgart und Bordeaux hin und her. Am Ende meines Studiums arbeitete ich als Doktorandin in Hamburg; dort begann ich auch, an meiner Dissertation zu schreiben. Damals schwebte mir noch eine Laufbahn in der Lehre vor.    <\/p>\n\n\n\n<p>Nachdem ich in der Wissenschaft und sp\u00e4ter in den Bereichen Medien und Kommunikation Berufserfahrung gesammelt hatte, war ich auf der Suche nach neuen Zielen. Der kaufm\u00e4nnische Bereich interessierte mich dabei besonders, zumal ich mir dort gr\u00f6\u00dfere Freir\u00e4ume erhoffte. Ich begann, mich mit der Versicherungsbranche zu besch\u00e4ftigen, und fand eine neue Aufgabe bei der Allianz, in Deutschland (M\u00fcnchen? Im deutschen Text sollte man die Stadt nennen). Dort unterst\u00fctzte ich Maklerinnen und Makler bei der Gesch\u00e4ftsentwicklung und Kundenbetreuung und lernte, die Bed\u00fcrfnisse der Kunden in den Mittelpunkt zu stellen.    <\/p>\n\n<\/div>\n\n\n\n<div class=\"cell__wp-content align-self-top cell medium-6\">\n\n<p><\/p>\n\n\n\n<figure class=\"wp-block-image size-large\"><img decoding=\"async\" loading=\"lazy\" width=\"683\" height=\"1024\" src=\"https:\/\/www.assurances-rmt.fr\/app\/uploads\/2023\/09\/RMT-MmeRoger-1-683x1024.jpg\" alt=\"\" class=\"wp-image-614\" style=\"object-fit:cover\" srcset=\"https:\/\/www.assurances-rmt.fr\/app\/uploads\/2023\/09\/RMT-MmeRoger-1-683x1024.jpg 683w, https:\/\/www.assurances-rmt.fr\/app\/uploads\/2023\/09\/RMT-MmeRoger-1-200x300.jpg 200w, https:\/\/www.assurances-rmt.fr\/app\/uploads\/2023\/09\/RMT-MmeRoger-1-768x1152.jpg 768w, https:\/\/www.assurances-rmt.fr\/app\/uploads\/2023\/09\/RMT-MmeRoger-1.jpg 1000w\" sizes=\"(max-width: 683px) 100vw, 683px\" \/><\/figure>\n\n<\/div>\n\n<\/div>\n\n\n<div class=\"grid-x grid-margin-x grid-padding-y grid-simple align-top \">\n\n<div class=\"cell__wp-content align-self-top cell medium-6\">\n\n<p><strong>Die Werte von RMT<\/strong><\/p>\n\n\n\n<p>Bei RMT stehen die Bed\u00fcrfnisse unserer Kunden ganz klar im Vordergrund: von der Vertragsgestaltung bis hin zur Abwicklung eines Schadenfalls. Vertrauensvolle Kundenbeziehungen sind uns ganz besonders wichtig. Nach unserer \u00dcberzeugung sind sie absolute Voraussetzung daf\u00fcr, die Bed\u00fcrfnisse unserer Kunden herausfinden und erf\u00fcllen zu k\u00f6nnen. <\/p>\n\n\n\n<p>Die Mitarbeitenden von RMT arbeiten \u2013 auch bereichs\u00fcbergreifend \u2013 immer an der jeweils optimalen L\u00f6sung f\u00fcr ihre Kunden, stets mit dem Ziel vor Augen, sie durch kompetenten Service bestm\u00f6glich zu betreuen. <\/p>\n\n<\/div>\n\n\n\n<div class=\"cell__wp-content align-self-top cell medium-6\">\n\n<p><strong>RMT als zukunftsf\u00e4higes Unternehmen<\/strong><\/p>\n\n\n\n<p>Dank meines vielseitigen Werdegangs und Quereinstiegs in unser Familienunternehmen kann ich nun als Mitglied der Gesch\u00e4ftsf\u00fchrung meine Visionen, Werte und Perspektiven einbringen und so ein wenig frischen Wind ins Unternehmen bringen. Mein Ziel ist es, RMT als verl\u00e4sslichen Partner in der grenz\u00fcberschreitenden Gesch\u00e4ftswelt zu etablieren und dabei den Menschen in den Mittelpunkt zu stellen \u2013 wie es seit der Gr\u00fcndung von RMT Teil der Unternehmensphilosophie ist. Unterst\u00fctzt werde ich dabei durch unsere kompetenten Mitarbeitenden, die ihr Know-how ganz im Sinne unserer Kunden einsetzen.  <\/p>\n\n\n\n<p>RMT hat gro\u00dfe Pl\u00e4ne f\u00fcr die Zukunft: Mittels eines deutsch-franz\u00f6sischen Teams werden wir in Zukunft auch in beiden L\u00e4ndern, Deutschland und Frankreich, Personen- und Gesundheitsversicherungen anbieten \u2013 gerade hier werden meine Erfahrungen aus Deutschland f\u00fcr alle Beteiligten sehr wertvoll sein.<br\/>Meine langfristige Vision? Dass die Erfolgsgeschichte von RMT weitergeht. Die bisherige Qualit\u00e4t in Beratung und Service bleibt bestehen und wird kontinuierlich weiterentwickelt, stets mit dem Ziel vor Augen, den Bed\u00fcrfnissen der Kunden und der Entwicklung des Marktes Rechnung zu tragen.    <\/p>\n\n<\/div>\n\n<\/div>\n\n<\/div>\n<\/section>\n","protected":false},"excerpt":{"rendered":"<p>Bereits seit 1994 erarbeitet RMT umfassende und individuelle Versicherungsl\u00f6sungen f\u00fcr Unternehmen und Freiberufler. Bei uns stehen Sie als Kunde im Mittelpunkt \u2013 vom Vertragsabschluss bis zum Schadensfall. <\/p>\n","protected":false},"author":1,"featured_media":0,"parent":2248,"menu_order":1,"comment_status":"closed","ping_status":"closed","template":"","meta":{"inline_featured_image":false,"footnotes":""},"acf":[],"yoast_head":"<!-- This site is optimized with the Yoast SEO plugin v20.13 - https:\/\/yoast.com\/wordpress\/plugins\/seo\/ -->\n<title>RMT Versicherungsmakler Elsass: Unsere Geschichte seit 1994<\/title>\n<meta name=\"description\" content=\"Lassen Sie uns gemeinsam auf unsere Anf\u00e4nge zur\u00fcckblicken und erfahren Sie mehr \u00fcber die Geschichte von RMT Versicherungsmakler im Elsass.\" \/>\n<meta name=\"robots\" content=\"index, follow, max-snippet:-1, max-image-preview:large, max-video-preview:-1\" \/>\n<link rel=\"canonical\" href=\"https:\/\/www.assurances-rmt.fr\/de\/ueber-uns\/unternehmensgeschichte\/\" \/>\n<meta property=\"og:locale\" content=\"de_DE\" \/>\n<meta property=\"og:type\" content=\"article\" \/>\n<meta property=\"og:title\" content=\"RMT Versicherungsmakler Elsass: Unsere Geschichte seit 1994\" \/>\n<meta property=\"og:description\" content=\"Lassen Sie uns gemeinsam auf unsere Anf\u00e4nge zur\u00fcckblicken und erfahren Sie mehr \u00fcber die Geschichte von RMT Versicherungsmakler im Elsass.\" \/>\n<meta property=\"og:url\" content=\"https:\/\/www.assurances-rmt.fr\/de\/ueber-uns\/unternehmensgeschichte\/\" \/>\n<meta property=\"og:site_name\" content=\"RMT Courtier en assurances\" \/>\n<meta property=\"article:modified_time\" content=\"2025-07-31T08:25:25+00:00\" \/>\n<meta property=\"og:image\" content=\"https:\/\/www.assurances-rmt.fr\/app\/uploads\/2023\/09\/RMT-MmeRoger-1-683x1024.jpg\" \/>\n<meta name=\"twitter:card\" content=\"summary_large_image\" \/>\n<meta name=\"twitter:label1\" content=\"Gesch\u00e4tzte Lesezeit\" \/>\n\t<meta name=\"twitter:data1\" content=\"4 Minuten\" \/>\n<script type=\"application\/ld+json\" class=\"yoast-schema-graph\">{\"@context\":\"https:\/\/schema.org\",\"@graph\":[{\"@type\":\"WebPage\",\"@id\":\"https:\/\/www.assurances-rmt.fr\/de\/ueber-uns\/unternehmensgeschichte\/\",\"url\":\"https:\/\/www.assurances-rmt.fr\/de\/ueber-uns\/unternehmensgeschichte\/\",\"name\":\"RMT Versicherungsmakler Elsass: Unsere Geschichte seit 1994\",\"isPartOf\":{\"@id\":\"https:\/\/www.assurances-rmt.fr\/de\/#website\"},\"datePublished\":\"2023-07-25T15:50:00+00:00\",\"dateModified\":\"2025-07-31T08:25:25+00:00\",\"description\":\"Lassen Sie uns gemeinsam auf unsere Anf\u00e4nge zur\u00fcckblicken und erfahren Sie mehr \u00fcber die Geschichte von RMT Versicherungsmakler im Elsass.\",\"breadcrumb\":{\"@id\":\"https:\/\/www.assurances-rmt.fr\/de\/ueber-uns\/unternehmensgeschichte\/#breadcrumb\"},\"inLanguage\":\"de-DE\",\"potentialAction\":[{\"@type\":\"ReadAction\",\"target\":[\"https:\/\/www.assurances-rmt.fr\/de\/ueber-uns\/unternehmensgeschichte\/\"]}]},{\"@type\":\"BreadcrumbList\",\"@id\":\"https:\/\/www.assurances-rmt.fr\/de\/ueber-uns\/unternehmensgeschichte\/#breadcrumb\",\"itemListElement\":[{\"@type\":\"ListItem\",\"position\":1,\"name\":\"Startseite\",\"item\":\"https:\/\/www.assurances-rmt.fr\/de\/\"},{\"@type\":\"ListItem\",\"position\":2,\"name\":\"\u00dcber uns\",\"item\":\"https:\/\/www.assurances-rmt.fr\/de\/ueber-uns\/\"},{\"@type\":\"ListItem\",\"position\":3,\"name\":\"Unternehmensgeschichte\"}]},{\"@type\":\"WebSite\",\"@id\":\"https:\/\/www.assurances-rmt.fr\/de\/#website\",\"url\":\"https:\/\/www.assurances-rmt.fr\/de\/\",\"name\":\"RMT Courtier en assurances\",\"description\":\"Le conseiller des entreprises en strat\u00e9gie d&#039;assurance\",\"publisher\":{\"@id\":\"https:\/\/www.assurances-rmt.fr\/de\/#organization\"},\"potentialAction\":[{\"@type\":\"SearchAction\",\"target\":{\"@type\":\"EntryPoint\",\"urlTemplate\":\"https:\/\/www.assurances-rmt.fr\/de\/?s={search_term_string}\"},\"query-input\":\"required name=search_term_string\"}],\"inLanguage\":\"de-DE\"},{\"@type\":\"Organization\",\"@id\":\"https:\/\/www.assurances-rmt.fr\/de\/#organization\",\"name\":\"RMT Courtier en assurances\",\"url\":\"https:\/\/www.assurances-rmt.fr\/de\/\",\"logo\":{\"@type\":\"ImageObject\",\"inLanguage\":\"de-DE\",\"@id\":\"https:\/\/www.assurances-rmt.fr\/de\/#\/schema\/logo\/image\/\",\"url\":\"https:\/\/www.assurances-rmt.fr\/app\/uploads\/2023\/07\/logo.svg\",\"contentUrl\":\"https:\/\/www.assurances-rmt.fr\/app\/uploads\/2023\/07\/logo.svg\",\"width\":300,\"height\":113,\"caption\":\"RMT Courtier en assurances\"},\"image\":{\"@id\":\"https:\/\/www.assurances-rmt.fr\/de\/#\/schema\/logo\/image\/\"},\"sameAs\":[\"https:\/\/www.linkedin.com\/company\/rmt-courtier-en-assurances\/\"]}]}<\/script>\n<!-- \/ Yoast SEO plugin. -->","yoast_head_json":{"title":"RMT Versicherungsmakler Elsass: Unsere Geschichte seit 1994","description":"Lassen Sie uns gemeinsam auf unsere Anf\u00e4nge zur\u00fcckblicken und erfahren Sie mehr \u00fcber die Geschichte von RMT Versicherungsmakler im Elsass.","robots":{"index":"index","follow":"follow","max-snippet":"max-snippet:-1","max-image-preview":"max-image-preview:large","max-video-preview":"max-video-preview:-1"},"canonical":"https:\/\/www.assurances-rmt.fr\/de\/ueber-uns\/unternehmensgeschichte\/","og_locale":"de_DE","og_type":"article","og_title":"RMT Versicherungsmakler Elsass: Unsere Geschichte seit 1994","og_description":"Lassen Sie uns gemeinsam auf unsere Anf\u00e4nge zur\u00fcckblicken und erfahren Sie mehr \u00fcber die Geschichte von RMT Versicherungsmakler im Elsass.","og_url":"https:\/\/www.assurances-rmt.fr\/de\/ueber-uns\/unternehmensgeschichte\/","og_site_name":"RMT Courtier en assurances","article_modified_time":"2025-07-31T08:25:25+00:00","og_image":[{"url":"https:\/\/www.assurances-rmt.fr\/app\/uploads\/2023\/09\/RMT-MmeRoger-1-683x1024.jpg"}],"twitter_card":"summary_large_image","twitter_misc":{"Gesch\u00e4tzte Lesezeit":"4 Minuten"},"schema":{"@context":"https:\/\/schema.org","@graph":[{"@type":"WebPage","@id":"https:\/\/www.assurances-rmt.fr\/de\/ueber-uns\/unternehmensgeschichte\/","url":"https:\/\/www.assurances-rmt.fr\/de\/ueber-uns\/unternehmensgeschichte\/","name":"RMT Versicherungsmakler Elsass: Unsere Geschichte seit 1994","isPartOf":{"@id":"https:\/\/www.assurances-rmt.fr\/de\/#website"},"datePublished":"2023-07-25T15:50:00+00:00","dateModified":"2025-07-31T08:25:25+00:00","description":"Lassen Sie uns gemeinsam auf unsere Anf\u00e4nge zur\u00fcckblicken und erfahren Sie mehr \u00fcber die Geschichte von RMT Versicherungsmakler im Elsass.","breadcrumb":{"@id":"https:\/\/www.assurances-rmt.fr\/de\/ueber-uns\/unternehmensgeschichte\/#breadcrumb"},"inLanguage":"de-DE","potentialAction":[{"@type":"ReadAction","target":["https:\/\/www.assurances-rmt.fr\/de\/ueber-uns\/unternehmensgeschichte\/"]}]},{"@type":"BreadcrumbList","@id":"https:\/\/www.assurances-rmt.fr\/de\/ueber-uns\/unternehmensgeschichte\/#breadcrumb","itemListElement":[{"@type":"ListItem","position":1,"name":"Startseite","item":"https:\/\/www.assurances-rmt.fr\/de\/"},{"@type":"ListItem","position":2,"name":"\u00dcber uns","item":"https:\/\/www.assurances-rmt.fr\/de\/ueber-uns\/"},{"@type":"ListItem","position":3,"name":"Unternehmensgeschichte"}]},{"@type":"WebSite","@id":"https:\/\/www.assurances-rmt.fr\/de\/#website","url":"https:\/\/www.assurances-rmt.fr\/de\/","name":"RMT Courtier en assurances","description":"Le conseiller des entreprises en strat\u00e9gie d&#039;assurance","publisher":{"@id":"https:\/\/www.assurances-rmt.fr\/de\/#organization"},"potentialAction":[{"@type":"SearchAction","target":{"@type":"EntryPoint","urlTemplate":"https:\/\/www.assurances-rmt.fr\/de\/?s={search_term_string}"},"query-input":"required name=search_term_string"}],"inLanguage":"de-DE"},{"@type":"Organization","@id":"https:\/\/www.assurances-rmt.fr\/de\/#organization","name":"RMT Courtier en assurances","url":"https:\/\/www.assurances-rmt.fr\/de\/","logo":{"@type":"ImageObject","inLanguage":"de-DE","@id":"https:\/\/www.assurances-rmt.fr\/de\/#\/schema\/logo\/image\/","url":"https:\/\/www.assurances-rmt.fr\/app\/uploads\/2023\/07\/logo.svg","contentUrl":"https:\/\/www.assurances-rmt.fr\/app\/uploads\/2023\/07\/logo.svg","width":300,"height":113,"caption":"RMT Courtier en assurances"},"image":{"@id":"https:\/\/www.assurances-rmt.fr\/de\/#\/schema\/logo\/image\/"},"sameAs":["https:\/\/www.linkedin.com\/company\/rmt-courtier-en-assurances\/"]}]}},"_links":{"self":[{"href":"https:\/\/www.assurances-rmt.fr\/de\/wp-json\/wp\/v2\/pages\/2250"}],"collection":[{"href":"https:\/\/www.assurances-rmt.fr\/de\/wp-json\/wp\/v2\/pages"}],"about":[{"href":"https:\/\/www.assurances-rmt.fr\/de\/wp-json\/wp\/v2\/types\/page"}],"author":[{"embeddable":true,"href":"https:\/\/www.assurances-rmt.fr\/de\/wp-json\/wp\/v2\/users\/1"}],"replies":[{"embeddable":true,"href":"https:\/\/www.assurances-rmt.fr\/de\/wp-json\/wp\/v2\/comments?post=2250"}],"version-history":[{"count":5,"href":"https:\/\/www.assurances-rmt.fr\/de\/wp-json\/wp\/v2\/pages\/2250\/revisions"}],"predecessor-version":[{"id":2440,"href":"https:\/\/www.assurances-rmt.fr\/de\/wp-json\/wp\/v2\/pages\/2250\/revisions\/2440"}],"up":[{"embeddable":true,"href":"https:\/\/www.assurances-rmt.fr\/de\/wp-json\/wp\/v2\/pages\/2248"}],"wp:attachment":[{"href":"https:\/\/www.assurances-rmt.fr\/de\/wp-json\/wp\/v2\/media?parent=2250"}],"curies":[{"name":"wp","href":"https:\/\/api.w.org\/{rel}","templated":true}]}}