{"id":2243,"date":"2023-07-25T15:22:37","date_gmt":"2023-07-25T13:22:37","guid":{"rendered":"https:\/\/www.assurances-rmt.fr\/datenschutzrichtlinie\/"},"modified":"2025-07-29T18:16:53","modified_gmt":"2025-07-29T16:16:53","slug":"datenschutzrichtlinie","status":"publish","type":"page","link":"https:\/\/www.assurances-rmt.fr\/de\/datenschutzrichtlinie\/","title":{"rendered":"Datenschutzrichtlinie"},"content":{"rendered":"\n<section class=\"hero js-hero \" style=\"--hero-bg-image: url(https:\/\/www.assurances-rmt.fr\/app\/uploads\/2023\/08\/logormt.jpg)\">\n    <div class=\"grid-container\">\n        <div class=\"hero__content\">\n                            <div class=\"breadcrumbs hero__breadcrumbs\"><span><span><a href=\"https:\/\/www.assurances-rmt.fr\/de\/\">Startseite<\/a><\/span><\/span><\/div>\n                        \n\n    <h1 class=\"title-double title-double--white\">\n                    <span class=\"title-double__line2\">Datenschutzrichtlinie<\/span>\n        <\/h1>\n                                <\/div>\n    <\/div>\n    <a class=\"hero__scroll js-scroll\" href=\"#\"><svg aria-hidden=\"true\" role=\"img\" focusable=\"false\" class=\"picto\"><use href=\"#scroll\"\/><\/svg>\n<\/a>\n<\/section>\n\n\n\n\n\n\n\n<section class=\"section--color-white section--align-wide-content section--padding-medium section\" id=\"\" style=\"\">\n    <div class=\"grid-container\">\n\n<h2 class=\"wp-block-heading\">1 \u2013 Herausgeber der Seite<\/h2>\n\n\n\n<p>Gem\u00e4\u00df <a href=\"https:\/\/www.legifrance.gouv.fr\/affichTexte.do?cidTexte=JORFTEXT000000801164#LEGIARTI000042038977\" target=\"_blank\" rel=\"noreferrer noopener\">Artikel 6 des franz\u00f6sischen Gesetzes Nr. 2004-575 vom 21. Juni 2004<\/a> \u00fcber das Vertrauen in die digitale Wirtschaft wird den Nutzern der Website <a href=\"https:\/\/www.assurances-rmt.fr\/de\/\">https:\/\/assurances-rmt.fr\/<\/a> die Identit\u00e4t der verschiedenen Akteure im Rahmen der Erstellung und Betreuung der Website mitgeteilt: <\/p>\n\n\n\n<p><strong>Eigent\u00fcmer der Website:<\/strong> RMT Versicherungsmakler<\/p>\n\n\n\n<p><strong>Firma<\/strong>: RMT Courtier en assurances<br><strong>Telefonnummer<\/strong>: +33 3 88 33 01 11<br><strong>Adresse<\/strong>: 20 AV DU NEUHOF 67100 STRASBOURG<\/p>\n\n\n\n<p><strong>Verantwortlich f\u00fcr die Webseite und deren Inhalte: <\/strong>Dr. L\u00e9a ROGER (Gesch\u00e4ftsf\u00fchrerin)<\/p>\n\n\n\n<p><strong>Host der Webseite:<\/strong> OVH SAS \u2013 2 rue Kellermann \u2013 BP 80157 \u2013 59053 Roubaix Cedex 1, Frankreich<\/p>\n\n\n\n<p><strong>Datenschutzbeauftragte: <\/strong>Dr. L\u00e9a ROGER<\/p>\n\n\n\n<p><strong>Webmaster<\/strong> :Wooz&#8217;up \u2013 happy@wooz-up.com<\/p>\n\n\n\n<hr class=\"wp-block-separator has-alpha-channel-opacity\"\/>\n\n\n\n<h2 class=\"wp-block-heading\">2 \u2013 Geistiges Eigentum und F\u00e4lschungen<\/h2>\n\n\n\n<p>RMT COURTAGE EN ASSURANCE ist Eigent\u00fcmer der Rechte am geistigen Eigentum und besitzt die Nutzungsrechte an allen auf der Website zug\u00e4nglichen Elementen, insbesondere an Texten, Bildern, Grafiken, Logos, Videos, Architektur, Icons und T\u00f6nen.<\/p>\n\n\n\n<p>Jede \u2013 auch teilweise \u2013 Vervielf\u00e4ltigung, Darstellung, \u00c4nderung, Ver\u00f6ffentlichung und Anpassung der Elemente der Website, unabh\u00e4ngig von den verwendeten Mitteln oder Verfahren, setzt die vorherige schriftliche Genehmigung von RMT COURTAGE EN ASSURANCE voraus.<\/p>\n\n\n\n<p>Jede nicht genehmigte Nutzung der Website oder eines ihrer Elemente wird als F\u00e4lschung angesehen und gem\u00e4\u00df den Bestimmungen der Artikel <a href=\"https:\/\/www.legifrance.gouv.fr\/affichCodeArticle.do?idArticle=LEGIARTI000032655082&amp;cidTexte=LEGITEXT000006069414&amp;dateTexte=20160605\" target=\"_blank\" rel=\"noreferrer noopener\">L.335-2 ff. des franz\u00f6sischen Gesetzbuchs \u00fcber geistiges Eigentum (\u201eCode de Propri\u00e9t\u00e9 Intellectuelle\u201c)<\/a> verfolgt.<\/p>\n\n\n\n<hr class=\"wp-block-separator has-alpha-channel-opacity\"\/>\n\n\n\n<h2 class=\"wp-block-heading\">3 \u2013 Haftungsbeschr\u00e4nkungen.<\/h2>\n\n\n\n<p>RMT COURTAGE EN ASSURANCE haftet nicht f\u00fcr direkte oder indirekte Sch\u00e4den an der Hardware des Nutzers, die beim Zugriff auf die Website <a href=\"https:\/\/www.assurances-rmt.fr\/de\/\">https:\/\/assurances-rmt.fr\/<\/a> entstehen.<\/p>\n\n\n\n<p>RMT COURTAGE EN ASSURANCE \u00fcbernimmt keine Verantwortung f\u00fcr die Nutzung der Informationen und Inhalte auf <a href=\"https:\/\/www.assurances-rmt.fr\/de\/\">https:\/\/assurances-rmt.fr\/.<\/a><\/p>\n\n\n\n<p>RMT COURTAGE EN ASSURANCE verpflichtet sich, die Website <a href=\"https:\/\/www.assurances-rmt.fr\/de\/\">https:\/\/assurances-rmt.fr\/<\/a> so gut wie m\u00f6glich zu sichern. Dennoch kann sie nicht haftbar gemacht werden, wenn ohne ihr Wissen unerw\u00fcnschte Daten auf ihre Website importiert und dort installiert werden.<\/p>\n\n\n\n<p>Interaktive Bereiche (Kontakt- oder Kommentarbereich) stehen den Nutzern zur Verf\u00fcgung. RMT COURTAGE EN ASSURANCE beh\u00e4lt sich das Recht vor, ohne vorherige Ank\u00fcndigung jeden in diesem Bereich abgelegten Inhalt zu l\u00f6schen, der gegen in Frankreich geltende Gesetze, insbesondere die Bestimmungen zum Datenschutz, verst\u00f6\u00dft.<\/p>\n\n\n\n<p>Gegebenenfalls beh\u00e4lt sich RMT COURTAGE EN ASSURANCE auch die M\u00f6glichkeit vor, den Nutzer zivil- und\/oder strafrechtlich haftbar zu machen, insbesondere bei rassistischen, beleidigenden, diffamierenden oder pornografischen Mitteilungen, unabh\u00e4ngig von den verwendeten Medien (Text, Fotografie &#8230;).<\/p>\n\n\n\n<hr class=\"wp-block-separator has-alpha-channel-opacity\"\/>\n\n\n\n<h2 class=\"wp-block-heading\">4 \u2013 Umgang mit pers\u00f6nlichen Daten.<\/h2>\n\n\n\n<p>Gem\u00e4\u00df den Bestimmungen des ge\u00e4nderten <a href=\"https:\/\/www.legifrance.gouv.fr\/affichTexte.do?cidTexte=JORFTEXT000000886460\" target=\"_blank\" rel=\"noreferrer noopener\">Gesetzes 78-17 vom 6. Januar 1978<\/a> hat der Nutzer der Website <a href=\"https:\/\/www.assurances-rmt.fr\/de\/\">https:\/\/assurances-rmt.fr\/<\/a> das Recht, auf die von ihm gesammelten Daten zuzugreifen, sie zu \u00e4ndern und sie zu l\u00f6schen. Um dieses Recht auszu\u00fcben, senden Sie bitte eine Nachricht an unsere Datenschutzbeauftragte L\u00e9a ROGER. <\/p>\n\n\n\n<p>Weitere Informationen dar\u00fcber, wie wir Ihre Daten verarbeiten (Art der Daten, Zweck, Empf\u00e4nger &#8230;), finden Sie in unserer <strong><a href=\"https:\/\/www.assurances-rmt.fr\/de\/datenschutzrichtlinie\/\">Datenschutzrichtlinie<\/a>.<\/strong> <\/p>\n\n\n\n<hr class=\"wp-block-separator has-alpha-channel-opacity\"\/>\n\n\n\n<h2 class=\"wp-block-heading\">5 \u2013 Hyperlinks und Cookies<\/h2>\n\n\n\n<p>Die Website <a href=\"https:\/\/www.assurances-rmt.fr\/de\/\">https:\/\/assurances-rmt.fr\/<\/a> enth\u00e4lt Hyperlinks zu anderen Websites und \u00fcbernimmt keine Verantwortung f\u00fcr diese externen Links oder f\u00fcr Links, die von anderen Websites zu <a href=\"https:\/\/www.assurances-rmt.fr\/de\/\">https:\/\/assurances-rmt.fr\/<\/a> erstellt wurden.<\/p>\n\n\n\n<p>Das Surfen auf der Website <a href=\"https:\/\/www.assurances-rmt.fr\/de\/\">https:\/\/assurances-rmt.fr\/<\/a> kann dazu f\u00fchren, dass auf dem Computer des Nutzers Cookies installiert werden.<\/p>\n\n\n\n<p>Ein \u201eCookie\u201c ist eine kleine Datei, die Informationen \u00fcber die Navigation eines Nutzers auf einer Website speichert. Die so gewonnenen Daten erm\u00f6glichen z. B. die Messung der Besucherzahlen. <\/p>\n\n\n\n<p>Sie haben die M\u00f6glichkeit, <strong>Cookies zu akzeptieren oder abzulehnen<\/strong>, indem Sie die Einstellungen Ihres Browsers \u00e4ndern. Ohne Ihre Zustimmung werden keine Cookies abgelegt. <\/p>\n\n\n\n<p>Cookies werden f\u00fcr eine Dauer von maximal 12 Monaten gespeichert.<\/p>\n\n\n\n<p>F\u00fcr weitere Informationen dar\u00fcber, wie wir Cookies verwenden, lesen Sie bitte unsere <strong>Datenschutzrichtlinie<\/strong>. <\/p>\n\n\n\n<hr class=\"wp-block-separator has-alpha-channel-opacity\"\/>\n\n\n\n<h2 class=\"wp-block-heading\">6 \u2013 Anwendbares Recht und Gerichtsstand<\/h2>\n\n\n\n<p>Alle Streitigkeiten im Zusammenhang mit der Nutzung der Website <a href=\"https:\/\/www.assurances-rmt.fr\/de\/\">https:\/\/assurances-rmt.fr\/<\/a> unterliegen franz\u00f6sischem Recht. Soweit gesetzlich zul\u00e4ssig, wird die ausschlie\u00dfliche Zust\u00e4ndigkeit den zust\u00e4ndigen Gerichten in Stra\u00dfburg zugewiesen. <\/p>\n\n<\/div>\n<\/section>\n","protected":false},"excerpt":{"rendered":"<p>Gem\u00e4\u00df Artikel &nbsp;6 des franz\u00f6sischen Gesetzes Nr. &nbsp;2004-575 vom 21. Juni 2004<\/p>\n","protected":false},"author":1,"featured_media":0,"parent":0,"menu_order":20,"comment_status":"closed","ping_status":"open","template":"","meta":{"inline_featured_image":false,"footnotes":""},"acf":[],"yoast_head":"<!-- This site is optimized with the Yoast SEO plugin v20.13 - https:\/\/yoast.com\/wordpress\/plugins\/seo\/ -->\n<title>Datenschutzrichtlinie - RMT Courtier en assurances<\/title>\n<meta name=\"description\" content=\"Gem\u00e4\u00df Artikel &nbsp;6 des franz\u00f6sischen Gesetzes Nr. &nbsp;2004-575 vom 21. Juni 2004\" \/>\n<meta name=\"robots\" content=\"index, follow, max-snippet:-1, max-image-preview:large, max-video-preview:-1\" \/>\n<link rel=\"canonical\" href=\"https:\/\/www.assurances-rmt.fr\/de\/datenschutzrichtlinie\/\" \/>\n<meta property=\"og:locale\" content=\"de_DE\" \/>\n<meta property=\"og:type\" content=\"article\" \/>\n<meta property=\"og:title\" content=\"Datenschutzrichtlinie - RMT Courtier en assurances\" \/>\n<meta property=\"og:description\" content=\"Gem\u00e4\u00df Artikel &nbsp;6 des franz\u00f6sischen Gesetzes Nr. &nbsp;2004-575 vom 21. Juni 2004\" \/>\n<meta property=\"og:url\" content=\"https:\/\/www.assurances-rmt.fr\/de\/datenschutzrichtlinie\/\" \/>\n<meta property=\"og:site_name\" content=\"RMT Courtier en assurances\" \/>\n<meta property=\"article:modified_time\" content=\"2025-07-29T16:16:53+00:00\" \/>\n<meta name=\"twitter:card\" content=\"summary_large_image\" \/>\n<meta name=\"twitter:label1\" content=\"Gesch\u00e4tzte Lesezeit\" \/>\n\t<meta name=\"twitter:data1\" content=\"3 Minuten\" \/>\n<script type=\"application\/ld+json\" class=\"yoast-schema-graph\">{\"@context\":\"https:\/\/schema.org\",\"@graph\":[{\"@type\":\"WebPage\",\"@id\":\"https:\/\/www.assurances-rmt.fr\/de\/datenschutzrichtlinie\/\",\"url\":\"https:\/\/www.assurances-rmt.fr\/de\/datenschutzrichtlinie\/\",\"name\":\"Datenschutzrichtlinie - RMT Courtier en assurances\",\"isPartOf\":{\"@id\":\"https:\/\/www.assurances-rmt.fr\/de\/#website\"},\"datePublished\":\"2023-07-25T13:22:37+00:00\",\"dateModified\":\"2025-07-29T16:16:53+00:00\",\"description\":\"Gem\u00e4\u00df Artikel &nbsp;6 des franz\u00f6sischen Gesetzes Nr. &nbsp;2004-575 vom 21. Juni 2004\",\"breadcrumb\":{\"@id\":\"https:\/\/www.assurances-rmt.fr\/de\/datenschutzrichtlinie\/#breadcrumb\"},\"inLanguage\":\"de-DE\",\"potentialAction\":[{\"@type\":\"ReadAction\",\"target\":[\"https:\/\/www.assurances-rmt.fr\/de\/datenschutzrichtlinie\/\"]}]},{\"@type\":\"BreadcrumbList\",\"@id\":\"https:\/\/www.assurances-rmt.fr\/de\/datenschutzrichtlinie\/#breadcrumb\",\"itemListElement\":[{\"@type\":\"ListItem\",\"position\":1,\"name\":\"Startseite\",\"item\":\"https:\/\/www.assurances-rmt.fr\/de\/\"},{\"@type\":\"ListItem\",\"position\":2,\"name\":\"Datenschutzrichtlinie\"}]},{\"@type\":\"WebSite\",\"@id\":\"https:\/\/www.assurances-rmt.fr\/de\/#website\",\"url\":\"https:\/\/www.assurances-rmt.fr\/de\/\",\"name\":\"RMT Courtier en assurances\",\"description\":\"Le conseiller des entreprises en strat\u00e9gie d&#039;assurance\",\"publisher\":{\"@id\":\"https:\/\/www.assurances-rmt.fr\/de\/#organization\"},\"potentialAction\":[{\"@type\":\"SearchAction\",\"target\":{\"@type\":\"EntryPoint\",\"urlTemplate\":\"https:\/\/www.assurances-rmt.fr\/de\/?s={search_term_string}\"},\"query-input\":\"required name=search_term_string\"}],\"inLanguage\":\"de-DE\"},{\"@type\":\"Organization\",\"@id\":\"https:\/\/www.assurances-rmt.fr\/de\/#organization\",\"name\":\"RMT Courtier en assurances\",\"url\":\"https:\/\/www.assurances-rmt.fr\/de\/\",\"logo\":{\"@type\":\"ImageObject\",\"inLanguage\":\"de-DE\",\"@id\":\"https:\/\/www.assurances-rmt.fr\/de\/#\/schema\/logo\/image\/\",\"url\":\"https:\/\/www.assurances-rmt.fr\/app\/uploads\/2023\/07\/logo.svg\",\"contentUrl\":\"https:\/\/www.assurances-rmt.fr\/app\/uploads\/2023\/07\/logo.svg\",\"width\":300,\"height\":113,\"caption\":\"RMT Courtier en assurances\"},\"image\":{\"@id\":\"https:\/\/www.assurances-rmt.fr\/de\/#\/schema\/logo\/image\/\"},\"sameAs\":[\"https:\/\/www.linkedin.com\/company\/rmt-courtier-en-assurances\/\"]}]}<\/script>\n<!-- \/ Yoast SEO plugin. -->","yoast_head_json":{"title":"Datenschutzrichtlinie - RMT Courtier en assurances","description":"Gem\u00e4\u00df Artikel &nbsp;6 des franz\u00f6sischen Gesetzes Nr. &nbsp;2004-575 vom 21. Juni 2004","robots":{"index":"index","follow":"follow","max-snippet":"max-snippet:-1","max-image-preview":"max-image-preview:large","max-video-preview":"max-video-preview:-1"},"canonical":"https:\/\/www.assurances-rmt.fr\/de\/datenschutzrichtlinie\/","og_locale":"de_DE","og_type":"article","og_title":"Datenschutzrichtlinie - RMT Courtier en assurances","og_description":"Gem\u00e4\u00df Artikel &nbsp;6 des franz\u00f6sischen Gesetzes Nr. &nbsp;2004-575 vom 21. Juni 2004","og_url":"https:\/\/www.assurances-rmt.fr\/de\/datenschutzrichtlinie\/","og_site_name":"RMT Courtier en assurances","article_modified_time":"2025-07-29T16:16:53+00:00","twitter_card":"summary_large_image","twitter_misc":{"Gesch\u00e4tzte Lesezeit":"3 Minuten"},"schema":{"@context":"https:\/\/schema.org","@graph":[{"@type":"WebPage","@id":"https:\/\/www.assurances-rmt.fr\/de\/datenschutzrichtlinie\/","url":"https:\/\/www.assurances-rmt.fr\/de\/datenschutzrichtlinie\/","name":"Datenschutzrichtlinie - RMT Courtier en assurances","isPartOf":{"@id":"https:\/\/www.assurances-rmt.fr\/de\/#website"},"datePublished":"2023-07-25T13:22:37+00:00","dateModified":"2025-07-29T16:16:53+00:00","description":"Gem\u00e4\u00df Artikel &nbsp;6 des franz\u00f6sischen Gesetzes Nr. &nbsp;2004-575 vom 21. Juni 2004","breadcrumb":{"@id":"https:\/\/www.assurances-rmt.fr\/de\/datenschutzrichtlinie\/#breadcrumb"},"inLanguage":"de-DE","potentialAction":[{"@type":"ReadAction","target":["https:\/\/www.assurances-rmt.fr\/de\/datenschutzrichtlinie\/"]}]},{"@type":"BreadcrumbList","@id":"https:\/\/www.assurances-rmt.fr\/de\/datenschutzrichtlinie\/#breadcrumb","itemListElement":[{"@type":"ListItem","position":1,"name":"Startseite","item":"https:\/\/www.assurances-rmt.fr\/de\/"},{"@type":"ListItem","position":2,"name":"Datenschutzrichtlinie"}]},{"@type":"WebSite","@id":"https:\/\/www.assurances-rmt.fr\/de\/#website","url":"https:\/\/www.assurances-rmt.fr\/de\/","name":"RMT Courtier en assurances","description":"Le conseiller des entreprises en strat\u00e9gie d&#039;assurance","publisher":{"@id":"https:\/\/www.assurances-rmt.fr\/de\/#organization"},"potentialAction":[{"@type":"SearchAction","target":{"@type":"EntryPoint","urlTemplate":"https:\/\/www.assurances-rmt.fr\/de\/?s={search_term_string}"},"query-input":"required name=search_term_string"}],"inLanguage":"de-DE"},{"@type":"Organization","@id":"https:\/\/www.assurances-rmt.fr\/de\/#organization","name":"RMT Courtier en assurances","url":"https:\/\/www.assurances-rmt.fr\/de\/","logo":{"@type":"ImageObject","inLanguage":"de-DE","@id":"https:\/\/www.assurances-rmt.fr\/de\/#\/schema\/logo\/image\/","url":"https:\/\/www.assurances-rmt.fr\/app\/uploads\/2023\/07\/logo.svg","contentUrl":"https:\/\/www.assurances-rmt.fr\/app\/uploads\/2023\/07\/logo.svg","width":300,"height":113,"caption":"RMT Courtier en assurances"},"image":{"@id":"https:\/\/www.assurances-rmt.fr\/de\/#\/schema\/logo\/image\/"},"sameAs":["https:\/\/www.linkedin.com\/company\/rmt-courtier-en-assurances\/"]}]}},"_links":{"self":[{"href":"https:\/\/www.assurances-rmt.fr\/de\/wp-json\/wp\/v2\/pages\/2243"}],"collection":[{"href":"https:\/\/www.assurances-rmt.fr\/de\/wp-json\/wp\/v2\/pages"}],"about":[{"href":"https:\/\/www.assurances-rmt.fr\/de\/wp-json\/wp\/v2\/types\/page"}],"author":[{"embeddable":true,"href":"https:\/\/www.assurances-rmt.fr\/de\/wp-json\/wp\/v2\/users\/1"}],"replies":[{"embeddable":true,"href":"https:\/\/www.assurances-rmt.fr\/de\/wp-json\/wp\/v2\/comments?post=2243"}],"version-history":[{"count":5,"href":"https:\/\/www.assurances-rmt.fr\/de\/wp-json\/wp\/v2\/pages\/2243\/revisions"}],"predecessor-version":[{"id":2426,"href":"https:\/\/www.assurances-rmt.fr\/de\/wp-json\/wp\/v2\/pages\/2243\/revisions\/2426"}],"wp:attachment":[{"href":"https:\/\/www.assurances-rmt.fr\/de\/wp-json\/wp\/v2\/media?parent=2243"}],"curies":[{"name":"wp","href":"https:\/\/api.w.org\/{rel}","templated":true}]}}