{"id":2240,"date":"2023-07-26T11:17:42","date_gmt":"2023-07-26T09:17:42","guid":{"rendered":"https:\/\/www.assurances-rmt.fr\/experten-fuer-deutschland-und-frankreich\/"},"modified":"2025-07-31T10:11:06","modified_gmt":"2025-07-31T08:11:06","slug":"experten-fuer-deutschland-und-frankreich","status":"publish","type":"page","link":"https:\/\/www.assurances-rmt.fr\/de\/experten-fuer-deutschland-und-frankreich\/","title":{"rendered":"Experten f\u00fcr Deutschland und Frankreich"},"content":{"rendered":"\n<section class=\"hero js-hero \" style=\"--hero-bg-image: url(https:\/\/www.assurances-rmt.fr\/app\/uploads\/2023\/08\/rmt_strasbourg_kehl.jpg)\">\n    <div class=\"grid-container\">\n        <div class=\"hero__content\">\n                            <div class=\"breadcrumbs hero__breadcrumbs\"><span><span><a href=\"https:\/\/www.assurances-rmt.fr\/de\/\">Startseite<\/a><\/span><\/span><\/div>\n                        \n\n    <h1 class=\"title-double title-double--white\">\n            <span class=\"title-double__suptitle\">Unsere Versicherungsl\u00f6sungen<\/span>\n                <span class=\"title-double__line1\">Grenz\u00fcbergreifende<\/span>\n                <span class=\"title-double__line2\">Kompetenz<\/span>\n        <\/h1>\n                        <p>Deutsche Unternehmen, die eine Gesch\u00e4ftst\u00e4tigkeit in Frankreich aufnehmen oder sie dort ausbauen wollen, sind mit verschiedensten Herausforderungen konfrontiert. Wir kennen diese Herausforderungen im Detail und bieten einen Versicherungsservice an, der sie fest im Blick hat. Schon aufgrund unseres Firmensitzes in Stra\u00dfburg ist grenz\u00fcberschreitendes Arbeiten unser Alltag; von hier aus k\u00f6nnen wir optimal in beiden L\u00e4ndern f\u00fcr die Sicherheit unserer Kunden sorgen.<\/p>\n                                <\/div>\n    <\/div>\n    <a class=\"hero__scroll js-scroll\" href=\"#\"><svg aria-hidden=\"true\" role=\"img\" focusable=\"false\" class=\"picto\"><use href=\"#scroll\"\/><\/svg>\n<\/a>\n<\/section>\n\n\n\n\n\n\n\n<section class=\"section--color-white section--align-wide-content section--padding-medium section\" id=\"\" style=\"\">\n    <div class=\"grid-container\">\n<div class=\"grid-text-media\">\n\n<div class=\"grid-text-media-image\">\n    <div class=\"grid-text-media-image__item\">\n        <img loading=\"lazy\" width=\"1024\" height=\"684\" src=\"https:\/\/www.assurances-rmt.fr\/app\/uploads\/2023\/08\/francoallemand.png\" class=\"attachment-full size-full\" alt=\"\" decoding=\"async\" srcset=\"https:\/\/www.assurances-rmt.fr\/app\/uploads\/2023\/08\/francoallemand.png 1024w, https:\/\/www.assurances-rmt.fr\/app\/uploads\/2023\/08\/francoallemand-300x200.png 300w, https:\/\/www.assurances-rmt.fr\/app\/uploads\/2023\/08\/francoallemand-768x513.png 768w\" sizes=\"(max-width: 1024px) 100vw, 1024px\" \/>\n    <\/div>\n<\/div>\n\n\n<div class=\"grid-text-media-text\">\n    <div class=\"grid-text-media-text__content\">\n\n<h2 class=\"wp-block-heading\">Know-how<\/h2>\n\n\n\n<p>\u201eRC d\u00e9cennale\u201c und \u201eMutuelle sant\u00e9\u201c sind nur zwei von unz\u00e4hligen Besonderheiten, die bei der Ausarbeitung und beim Abschluss eines franz\u00f6sischen Versicherungsvertrags zu beachten sind. Unser Expertenteam arbeitet ma\u00dfgeschneiderte L\u00f6sungen f\u00fcr Sie aus, um den Bed\u00fcrfnissen Ihrer Tochtergesellschaften gerecht zu werden und Ihre Risiken bei der Expansion nach Frankreich zu minimieren.<\/p>\n\n\n\n<p>Unsere Gesch\u00e4ftsf\u00fchrerin Dr. L\u00e9a Roger ist in einer deutsch-franz\u00f6sischen Familie aufgewachsen und hat ihre Berufserfahrung auf beiden Seiten der Grenze gesammelt \u2013 ein entscheidender Vorteil f\u00fcr die Betreuung Ihres Unternehmens. Dr. L\u00e9a Roger und ihr Team beraten Sie in Ihrer Muttersprache und tauschen sich sowohl mit der Tochter- als auch mit der Muttergesellschaft aus, wenn es darum geht, grenz\u00fcberschreitende Vertr\u00e4ge in Ihrem Interesse zu optimieren.<\/p>\n\n\n\n<p>Unser Team ber\u00e4t und begleitet Ihre Tochtergesellschaft, um sie nachhaltig zu sch\u00fctzen. Wir ermitteln die Bed\u00fcrfnisse und Risiken Ihres Unternehmens in Frankreich und unterst\u00fctzen Sie bei der Einrichtung eines Versicherungsschutzes, der den franz\u00f6sischen Gesetzen entspricht. <\/p>\n\n\n\n<p>Wir ermitteln die Bed\u00fcrfnisse und Risiken Ihres Unternehmens in Frankreich und unterst\u00fctzen Sie bei der Einrichtung eines Versicherungsschutzes, der den franz\u00f6sischen Gesetzen entspricht. <\/p>\n\n<\/div>\n<\/div>\n\n<\/div>\n\n<\/div>\n<\/section>\n\n\n\n\n\n\n\n<section class=\"section--color-white section--align-wide-small section--padding-medium section\" id=\"\" style=\"\">\n    <div class=\"grid-container\">\n\n<h2 class=\"wp-block-heading has-text-align-center\">Unsere Leistungen<\/h2>\n\n\n<div class=\"picto-list\">\n\n    <div class=\"picto-list-item \">\n        <div class=\"picto-list-item__header\">\n            <div class=\"picto-list-item__picto\">\n                <svg aria-hidden=\"true\" role=\"img\" focusable=\"false\" class=\"picto\"><use href=\"#arrow-right\"\/><\/svg>\n\n            <\/div>\n            <div class=\"picto-list-item__title\">Zusammenfassung der Versicherungsleistungen der Police in deutscher Sprache<\/div>\n        <\/div>\n    <\/div>\n\n\n\n    <div class=\"picto-list-item \">\n        <div class=\"picto-list-item__header\">\n            <div class=\"picto-list-item__picto\">\n                <svg aria-hidden=\"true\" role=\"img\" focusable=\"false\" class=\"picto\"><use href=\"#arrow-right\"\/><\/svg>\n\n            <\/div>\n            <div class=\"picto-list-item__title\">Individuelles Management Ihrer Schadensf\u00e4lle und Vertretung Ihrer Interessen gegen\u00fcber den Versicherungsgesellschaften<\/div>\n        <\/div>\n    <\/div>\n\n\n\n    <div class=\"picto-list-item \">\n        <div class=\"picto-list-item__header\">\n            <div class=\"picto-list-item__picto\">\n                <svg aria-hidden=\"true\" role=\"img\" focusable=\"false\" class=\"picto\"><use href=\"#arrow-right\"\/><\/svg>\n\n            <\/div>\n            <div class=\"picto-list-item__title\">J\u00e4hrlicher Statusbericht zur aktuellen Versicherungssituation Ihrer Tochtergesellschaft<\/div>\n        <\/div>\n    <\/div>\n\n\n\n    <div class=\"picto-list-item \">\n        <div class=\"picto-list-item__header\">\n            <div class=\"picto-list-item__picto\">\n                <svg aria-hidden=\"true\" role=\"img\" focusable=\"false\" class=\"picto\"><use href=\"#arrow-right\"\/><\/svg>\n\n            <\/div>\n            <div class=\"picto-list-item__title\">Schadensstatistik<\/div>\n        <\/div>\n    <\/div>\n\n\n\n    <div class=\"picto-list-item \">\n        <div class=\"picto-list-item__header\">\n            <div class=\"picto-list-item__picto\">\n                <svg aria-hidden=\"true\" role=\"img\" focusable=\"false\" class=\"picto\"><use href=\"#arrow-right\"\/><\/svg>\n\n            <\/div>\n            <div class=\"picto-list-item__title\">Direkter Kontakt mit Ihren Niederlassungen und Besuche vor Ort<\/div>\n        <\/div>\n    <\/div>\n\n\n\n    <div class=\"picto-list-item \">\n        <div class=\"picto-list-item__header\">\n            <div class=\"picto-list-item__picto\">\n                <svg aria-hidden=\"true\" role=\"img\" focusable=\"false\" class=\"picto\"><use href=\"#arrow-right\"\/><\/svg>\n\n            <\/div>\n            <div class=\"picto-list-item__title\">Zweisprachige Ansprechperson und \u00dcbersetzung s\u00e4mtlicher Unterlagen ins Deutsche<\/div>\n        <\/div>\n    <\/div>\n\n<\/div>\n\n<\/div>\n<\/section>\n","protected":false},"excerpt":{"rendered":"<p>Unser zweisprachiges Team begleitet deutsche Unternehmen auf dem franz\u00f6sischen Markt. Wir ber\u00fccksichtigen die Unterschiede in den gesetzlichen Regelungen beider L\u00e4nder und arbeiten Vertr\u00e4ge f\u00fcr Ihren individuellen Bedarf aus.<\/p>\n","protected":false},"author":1,"featured_media":0,"parent":0,"menu_order":4,"comment_status":"closed","ping_status":"closed","template":"","meta":{"inline_featured_image":false,"footnotes":""},"acf":[],"yoast_head":"<!-- This site is optimized with the Yoast SEO plugin v20.13 - https:\/\/yoast.com\/wordpress\/plugins\/seo\/ -->\n<title>Experten f\u00fcr Deutschland und Frankreich - RMT Courtier en assurances<\/title>\n<meta name=\"description\" content=\"Unser zweisprachiges Team begleitet deutsche Unternehmen auf dem franz\u00f6sischen Markt. Wir ber\u00fccksichtigen die Unterschiede in den gesetzlichen Regelungen beider L\u00e4nder und arbeiten Vertr\u00e4ge f\u00fcr Ihren individuellen Bedarf aus.\" \/>\n<meta name=\"robots\" content=\"index, follow, max-snippet:-1, max-image-preview:large, max-video-preview:-1\" \/>\n<link rel=\"canonical\" href=\"https:\/\/www.assurances-rmt.fr\/de\/experten-fuer-deutschland-und-frankreich\/\" \/>\n<meta property=\"og:locale\" content=\"de_DE\" \/>\n<meta property=\"og:type\" content=\"article\" \/>\n<meta property=\"og:title\" content=\"Experten f\u00fcr Deutschland und Frankreich - RMT Courtier en assurances\" \/>\n<meta property=\"og:description\" content=\"Unser zweisprachiges Team begleitet deutsche Unternehmen auf dem franz\u00f6sischen Markt. Wir ber\u00fccksichtigen die Unterschiede in den gesetzlichen Regelungen beider L\u00e4nder und arbeiten Vertr\u00e4ge f\u00fcr Ihren individuellen Bedarf aus.\" \/>\n<meta property=\"og:url\" content=\"https:\/\/www.assurances-rmt.fr\/de\/experten-fuer-deutschland-und-frankreich\/\" \/>\n<meta property=\"og:site_name\" content=\"RMT Courtier en assurances\" \/>\n<meta property=\"article:modified_time\" content=\"2025-07-31T08:11:06+00:00\" \/>\n<meta name=\"twitter:card\" content=\"summary_large_image\" \/>\n<meta name=\"twitter:label1\" content=\"Gesch\u00e4tzte Lesezeit\" \/>\n\t<meta name=\"twitter:data1\" content=\"1 Minute\" \/>\n<script type=\"application\/ld+json\" class=\"yoast-schema-graph\">{\"@context\":\"https:\/\/schema.org\",\"@graph\":[{\"@type\":\"WebPage\",\"@id\":\"https:\/\/www.assurances-rmt.fr\/de\/experten-fuer-deutschland-und-frankreich\/\",\"url\":\"https:\/\/www.assurances-rmt.fr\/de\/experten-fuer-deutschland-und-frankreich\/\",\"name\":\"Experten f\u00fcr Deutschland und Frankreich - RMT Courtier en assurances\",\"isPartOf\":{\"@id\":\"https:\/\/www.assurances-rmt.fr\/de\/#website\"},\"datePublished\":\"2023-07-26T09:17:42+00:00\",\"dateModified\":\"2025-07-31T08:11:06+00:00\",\"description\":\"Unser zweisprachiges Team begleitet deutsche Unternehmen auf dem franz\u00f6sischen Markt. Wir ber\u00fccksichtigen die Unterschiede in den gesetzlichen Regelungen beider L\u00e4nder und arbeiten Vertr\u00e4ge f\u00fcr Ihren individuellen Bedarf aus.\",\"breadcrumb\":{\"@id\":\"https:\/\/www.assurances-rmt.fr\/de\/experten-fuer-deutschland-und-frankreich\/#breadcrumb\"},\"inLanguage\":\"de-DE\",\"potentialAction\":[{\"@type\":\"ReadAction\",\"target\":[\"https:\/\/www.assurances-rmt.fr\/de\/experten-fuer-deutschland-und-frankreich\/\"]}]},{\"@type\":\"BreadcrumbList\",\"@id\":\"https:\/\/www.assurances-rmt.fr\/de\/experten-fuer-deutschland-und-frankreich\/#breadcrumb\",\"itemListElement\":[{\"@type\":\"ListItem\",\"position\":1,\"name\":\"Startseite\",\"item\":\"https:\/\/www.assurances-rmt.fr\/de\/\"},{\"@type\":\"ListItem\",\"position\":2,\"name\":\"Experten f\u00fcr Deutschland und Frankreich\"}]},{\"@type\":\"WebSite\",\"@id\":\"https:\/\/www.assurances-rmt.fr\/de\/#website\",\"url\":\"https:\/\/www.assurances-rmt.fr\/de\/\",\"name\":\"RMT Courtier en assurances\",\"description\":\"Le conseiller des entreprises en strat\u00e9gie d&#039;assurance\",\"publisher\":{\"@id\":\"https:\/\/www.assurances-rmt.fr\/de\/#organization\"},\"potentialAction\":[{\"@type\":\"SearchAction\",\"target\":{\"@type\":\"EntryPoint\",\"urlTemplate\":\"https:\/\/www.assurances-rmt.fr\/de\/?s={search_term_string}\"},\"query-input\":\"required name=search_term_string\"}],\"inLanguage\":\"de-DE\"},{\"@type\":\"Organization\",\"@id\":\"https:\/\/www.assurances-rmt.fr\/de\/#organization\",\"name\":\"RMT Courtier en assurances\",\"url\":\"https:\/\/www.assurances-rmt.fr\/de\/\",\"logo\":{\"@type\":\"ImageObject\",\"inLanguage\":\"de-DE\",\"@id\":\"https:\/\/www.assurances-rmt.fr\/de\/#\/schema\/logo\/image\/\",\"url\":\"https:\/\/www.assurances-rmt.fr\/app\/uploads\/2023\/07\/logo.svg\",\"contentUrl\":\"https:\/\/www.assurances-rmt.fr\/app\/uploads\/2023\/07\/logo.svg\",\"width\":300,\"height\":113,\"caption\":\"RMT Courtier en assurances\"},\"image\":{\"@id\":\"https:\/\/www.assurances-rmt.fr\/de\/#\/schema\/logo\/image\/\"},\"sameAs\":[\"https:\/\/www.linkedin.com\/company\/rmt-courtier-en-assurances\/\"]}]}<\/script>\n<!-- \/ Yoast SEO plugin. -->","yoast_head_json":{"title":"Experten f\u00fcr Deutschland und Frankreich - RMT Courtier en assurances","description":"Unser zweisprachiges Team begleitet deutsche Unternehmen auf dem franz\u00f6sischen Markt. Wir ber\u00fccksichtigen die Unterschiede in den gesetzlichen Regelungen beider L\u00e4nder und arbeiten Vertr\u00e4ge f\u00fcr Ihren individuellen Bedarf aus.","robots":{"index":"index","follow":"follow","max-snippet":"max-snippet:-1","max-image-preview":"max-image-preview:large","max-video-preview":"max-video-preview:-1"},"canonical":"https:\/\/www.assurances-rmt.fr\/de\/experten-fuer-deutschland-und-frankreich\/","og_locale":"de_DE","og_type":"article","og_title":"Experten f\u00fcr Deutschland und Frankreich - RMT Courtier en assurances","og_description":"Unser zweisprachiges Team begleitet deutsche Unternehmen auf dem franz\u00f6sischen Markt. Wir ber\u00fccksichtigen die Unterschiede in den gesetzlichen Regelungen beider L\u00e4nder und arbeiten Vertr\u00e4ge f\u00fcr Ihren individuellen Bedarf aus.","og_url":"https:\/\/www.assurances-rmt.fr\/de\/experten-fuer-deutschland-und-frankreich\/","og_site_name":"RMT Courtier en assurances","article_modified_time":"2025-07-31T08:11:06+00:00","twitter_card":"summary_large_image","twitter_misc":{"Gesch\u00e4tzte Lesezeit":"1 Minute"},"schema":{"@context":"https:\/\/schema.org","@graph":[{"@type":"WebPage","@id":"https:\/\/www.assurances-rmt.fr\/de\/experten-fuer-deutschland-und-frankreich\/","url":"https:\/\/www.assurances-rmt.fr\/de\/experten-fuer-deutschland-und-frankreich\/","name":"Experten f\u00fcr Deutschland und Frankreich - RMT Courtier en assurances","isPartOf":{"@id":"https:\/\/www.assurances-rmt.fr\/de\/#website"},"datePublished":"2023-07-26T09:17:42+00:00","dateModified":"2025-07-31T08:11:06+00:00","description":"Unser zweisprachiges Team begleitet deutsche Unternehmen auf dem franz\u00f6sischen Markt. Wir ber\u00fccksichtigen die Unterschiede in den gesetzlichen Regelungen beider L\u00e4nder und arbeiten Vertr\u00e4ge f\u00fcr Ihren individuellen Bedarf aus.","breadcrumb":{"@id":"https:\/\/www.assurances-rmt.fr\/de\/experten-fuer-deutschland-und-frankreich\/#breadcrumb"},"inLanguage":"de-DE","potentialAction":[{"@type":"ReadAction","target":["https:\/\/www.assurances-rmt.fr\/de\/experten-fuer-deutschland-und-frankreich\/"]}]},{"@type":"BreadcrumbList","@id":"https:\/\/www.assurances-rmt.fr\/de\/experten-fuer-deutschland-und-frankreich\/#breadcrumb","itemListElement":[{"@type":"ListItem","position":1,"name":"Startseite","item":"https:\/\/www.assurances-rmt.fr\/de\/"},{"@type":"ListItem","position":2,"name":"Experten f\u00fcr Deutschland und Frankreich"}]},{"@type":"WebSite","@id":"https:\/\/www.assurances-rmt.fr\/de\/#website","url":"https:\/\/www.assurances-rmt.fr\/de\/","name":"RMT Courtier en assurances","description":"Le conseiller des entreprises en strat\u00e9gie d&#039;assurance","publisher":{"@id":"https:\/\/www.assurances-rmt.fr\/de\/#organization"},"potentialAction":[{"@type":"SearchAction","target":{"@type":"EntryPoint","urlTemplate":"https:\/\/www.assurances-rmt.fr\/de\/?s={search_term_string}"},"query-input":"required name=search_term_string"}],"inLanguage":"de-DE"},{"@type":"Organization","@id":"https:\/\/www.assurances-rmt.fr\/de\/#organization","name":"RMT Courtier en assurances","url":"https:\/\/www.assurances-rmt.fr\/de\/","logo":{"@type":"ImageObject","inLanguage":"de-DE","@id":"https:\/\/www.assurances-rmt.fr\/de\/#\/schema\/logo\/image\/","url":"https:\/\/www.assurances-rmt.fr\/app\/uploads\/2023\/07\/logo.svg","contentUrl":"https:\/\/www.assurances-rmt.fr\/app\/uploads\/2023\/07\/logo.svg","width":300,"height":113,"caption":"RMT Courtier en assurances"},"image":{"@id":"https:\/\/www.assurances-rmt.fr\/de\/#\/schema\/logo\/image\/"},"sameAs":["https:\/\/www.linkedin.com\/company\/rmt-courtier-en-assurances\/"]}]}},"_links":{"self":[{"href":"https:\/\/www.assurances-rmt.fr\/de\/wp-json\/wp\/v2\/pages\/2240"}],"collection":[{"href":"https:\/\/www.assurances-rmt.fr\/de\/wp-json\/wp\/v2\/pages"}],"about":[{"href":"https:\/\/www.assurances-rmt.fr\/de\/wp-json\/wp\/v2\/types\/page"}],"author":[{"embeddable":true,"href":"https:\/\/www.assurances-rmt.fr\/de\/wp-json\/wp\/v2\/users\/1"}],"replies":[{"embeddable":true,"href":"https:\/\/www.assurances-rmt.fr\/de\/wp-json\/wp\/v2\/comments?post=2240"}],"version-history":[{"count":4,"href":"https:\/\/www.assurances-rmt.fr\/de\/wp-json\/wp\/v2\/pages\/2240\/revisions"}],"predecessor-version":[{"id":2436,"href":"https:\/\/www.assurances-rmt.fr\/de\/wp-json\/wp\/v2\/pages\/2240\/revisions\/2436"}],"wp:attachment":[{"href":"https:\/\/www.assurances-rmt.fr\/de\/wp-json\/wp\/v2\/media?parent=2240"}],"curies":[{"name":"wp","href":"https:\/\/api.w.org\/{rel}","templated":true}]}}