{"id":2229,"date":"2023-07-26T11:34:59","date_gmt":"2023-07-26T09:34:59","guid":{"rendered":"https:\/\/www.assurances-rmt.fr\/?page_id=2229"},"modified":"2025-06-18T16:55:05","modified_gmt":"2025-06-18T14:55:05","slug":"personenversicherungen","status":"publish","type":"page","link":"https:\/\/www.assurances-rmt.fr\/de\/unsere-versicherungsloesungen\/personenversicherungen\/","title":{"rendered":"Personenversicherungen"},"content":{"rendered":"\n<section class=\"hero js-hero \" style=\"--hero-bg-image: url(https:\/\/www.assurances-rmt.fr\/app\/uploads\/2023\/08\/shutterstock_2159023891.jpg)\">\n    <div class=\"grid-container\">\n        <div class=\"hero__content\">\n                            <div class=\"breadcrumbs hero__breadcrumbs\"><span><span><a href=\"https:\/\/www.assurances-rmt.fr\/de\/\">Startseite<\/a><\/span><\/span><\/div>\n                        \n\n    <h1 class=\"title-double title-double--white\">\n                <span class=\"title-double__line1\">Unsere Versicherungsl\u00f6sungen<\/span>\n                <span class=\"title-double__line2\">Personenversicherungen<\/span>\n        <\/h1>\n                        <p>Das wertvollste Kapital eines Unternehmens sind seine Mitarbeitenden. Sie zu sch\u00fctzen, hat h\u00f6chste Priorit\u00e4t. Wir zeigen Ihnen, wie Sie als Arbeitgeber Ihren Mitarbeitenden optimalen Schutz gew\u00e4hrleisten.<\/p>\n                                <\/div>\n    <\/div>\n    <a class=\"hero__scroll js-scroll\" href=\"#\"><svg aria-hidden=\"true\" role=\"img\" focusable=\"false\" class=\"picto\"><use href=\"#scroll\"\/><\/svg>\n<\/a>\n<\/section>\n\n\n\n\n\n\n\n<section class=\"section--color-white section\" id=\"\" style=\"\">\n    <div class=\"grid-container\">\n<div class=\"grid-text-media\">\n\n<div class=\"grid-text-media-image\">\n    <div class=\"grid-text-media-image__item\">\n        <img loading=\"lazy\" width=\"900\" height=\"372\" src=\"https:\/\/www.assurances-rmt.fr\/app\/uploads\/2023\/08\/personnetravail-1.jpg\" class=\"attachment-full size-full\" alt=\"\" decoding=\"async\" srcset=\"https:\/\/www.assurances-rmt.fr\/app\/uploads\/2023\/08\/personnetravail-1.jpg 900w, https:\/\/www.assurances-rmt.fr\/app\/uploads\/2023\/08\/personnetravail-1-300x124.jpg 300w, https:\/\/www.assurances-rmt.fr\/app\/uploads\/2023\/08\/personnetravail-1-768x317.jpg 768w\" sizes=\"(max-width: 900px) 100vw, 900px\" \/>\n    <\/div>\n<\/div>\n\n\n<div class=\"grid-text-media-text\">\n    <div class=\"grid-text-media-text__content\">\n\n<h2 class=\"wp-block-heading\">Was ist eine Personenversicherung?<\/h2>\n\n\n\n<p>Personenversicherungen sch\u00fctzen das \u201eHuman Capital\u201c Ihres Unternehmens angesichts der Unw\u00e4gbarkeiten des Lebens: Arbeitsunf\u00e4higkeit, Krankheit, Invalidit\u00e4t, Tod &#8230; Diese Versicherung betrifft das gesamte Lohn- und Gehaltspersonal sowie die Schl\u00fcsselpersonen.<\/p>\n\n<\/div>\n<\/div>\n\n<\/div>\n\n<\/div>\n<\/section>\n\n\n\n\n\n\n\n<section class=\"section--color-secondary_background section--align-wide-content section--padding-medium section\" id=\"\" style=\"\">\n    <div class=\"grid-container\">\n<div class=\"grid-text-media\">\n<div class=\"grid-text-media-text\">\n    <div class=\"grid-text-media-text__content\">\n\n<h2 class=\"wp-block-heading has-text-align-right\">Individueller Personenschutz mit RMT<\/h2>\n\n\n\n<p class=\"has-text-align-right\">Das Risiko von Berufsunf\u00e4higkeit, Unf\u00e4llen und sonstigen Gefahren, denen Ihre Angestellten im Rahmen ihrer Aufgaben ausgesetzt sind, macht eine Personenversicherung in angemessenem Umfang unerl\u00e4sslich.<\/p>\n\n\n\n<p class=\"has-text-align-right\">RMT bietet Ihnen ma\u00dfgeschneiderte Versicherungsl\u00f6sungen, die Ihre Mitarbeitenden ein Leben lang absichern: von A wie betriebliche Altersvorsorge bis Z wie Zusatzkrankenversicherung.<\/p>\n\n\n\n<p class=\"has-text-align-right\">Unser Team von Fachleuten ber\u00e4t sie pers\u00f6nlich, analysiert Ihren Bedarf gr\u00fcndlich und arbeitet eine Versicherungsl\u00f6sung aus, die Ihre Mitarbeitenden bestm\u00f6glich sch\u00fctzt.<\/p>\n\n<\/div>\n<\/div>\n\n\n\n<div class=\"grid-text-media-image\">\n    <div class=\"grid-text-media-image__item\">\n        <img loading=\"lazy\" width=\"1024\" height=\"684\" src=\"https:\/\/www.assurances-rmt.fr\/app\/uploads\/2023\/08\/personnebureau.jpg\" class=\"attachment-full size-full\" alt=\"\" decoding=\"async\" srcset=\"https:\/\/www.assurances-rmt.fr\/app\/uploads\/2023\/08\/personnebureau.jpg 1024w, https:\/\/www.assurances-rmt.fr\/app\/uploads\/2023\/08\/personnebureau-300x200.jpg 300w, https:\/\/www.assurances-rmt.fr\/app\/uploads\/2023\/08\/personnebureau-768x513.jpg 768w\" sizes=\"(max-width: 1024px) 100vw, 1024px\" \/>\n    <\/div>\n<\/div>\n\n<\/div>\n\n<\/div>\n<\/section>\n\n\n\n\n\n\n\n<section class=\"section--color-white section--align-wide-small section--padding-medium section\" id=\"\" style=\"\">\n    <div class=\"grid-container\">\n\n<h2 class=\"wp-block-heading has-text-align-center\">Welche Personenversicherungen gibt es generell?<\/h2>\n\n\n<div class=\"faq\">\n\n<div class=\"faq-item js-faq-item\">\n    <div class=\"faq-item__header js-faq-item-header\">\n        <div class=\"faq-item__picto\">\n            <svg aria-hidden=\"true\" role=\"img\" focusable=\"false\" class=\"picto\"><use href=\"#rmt_assurance_collective\"\/><\/svg>\n\n        <\/div>\n        <h3 class=\"faq-item__title\">Kollektive Zusatzkrankenversicherung (\u201eMutuelle\u201c)<\/h3>\n        <div class=\"faq-item__action\">\n            <svg aria-hidden=\"true\" role=\"img\" focusable=\"false\" class=\"picto\"><use href=\"#chevron-down\"\/><\/svg>\n\n        <\/div>\n            <\/div>\n    <div class=\"faq-item__text\">\n        <div class=\"faq-item__text-inner\">\n\n<p>Seit 1. Januar 2016 ist jeder Arbeitgeber im Privatsektor in Frankreich verpflichtet, seinen Mitarbeitenden eine Zusatzkrankenversicherung anzubieten. Diese \u00fcbernimmt die gesamten oder einen Teil der medizinischen Kosten Ihrer Mitarbeitenden. Es handelt sich um gesetzlich festgelegte Mindestgarantien, sogenannte \u201eGesundheitsbudgets\u201c, die die Leistungen der Krankenversicherung erg\u00e4nzen, da diese nur einen Teil der anfallenden Kosten erstattet. Beitr\u00e4ge m\u00fcssen zu mindestens 50&nbsp;% \u00fcbernommen werden. Der Arbeitgeber kann bei Abschluss des Vertrags die H\u00f6he der Erstattung der Leistungen frei w\u00e4hlen. F\u00fcr F\u00fchrungskr\u00e4fte in Frankreich sind relativ hohe Garantien die Regel.<\/p>\n\n\n\n<p>Wichtig zu wissen: Je nach Branche erlegen Tarifvertr\u00e4ge Unternehmern bestimmte Mindestpflichten gegen\u00fcber ihren Angestellten auf. Wir achten stets darauf, dass unser Angebot den gesetzlichen Rahmen einh\u00e4lt.<\/p>\n\n<\/div>\n    <\/div>\n<\/div>\n\n\n\n<div class=\"faq-item js-faq-item\">\n    <div class=\"faq-item__header js-faq-item-header\">\n        <div class=\"faq-item__picto\">\n            <svg aria-hidden=\"true\" role=\"img\" focusable=\"false\" class=\"picto\"><use href=\"#rmt_coeur\"\/><\/svg>\n\n        <\/div>\n        <h3 class=\"faq-item__title\">Vorsorgeversicherung<\/h3>\n        <div class=\"faq-item__action\">\n            <svg aria-hidden=\"true\" role=\"img\" focusable=\"false\" class=\"picto\"><use href=\"#chevron-down\"\/><\/svg>\n\n        <\/div>\n            <\/div>\n    <div class=\"faq-item__text\">\n        <div class=\"faq-item__text-inner\">\n\n<p>Langzeitkrankheit, Invalidit\u00e4t oder Tod k\u00f6nnen schwerwiegende finanziellen Folgen f\u00fcr Ihre Angestellten (und deren Angeh\u00f6rige) nach sich ziehen. Die Vorsorgeversicherung deckt diese Risiken ab und sichert so den Lebensstandard Ihrer Mitarbeitenden bei Unf\u00e4llen oder Krankheit.<\/p>\n\n\n\n<p>Die Vorsorgeversicherung erg\u00e4nzt die Kosten\u00fcbernahme durch die Krankenversicherung und die durch die gesetzlichen Systeme der Sozialversicherung abgedeckten Leistungen.<\/p>\n\n\n\n<p>Die Leistungen aus einer Vorsorgeversicherung sch\u00fctzen Ihre Angestellten und deren Familien vor bestimmten Lebensrisiken, indem sie einen Teil des Einkommensverlustes ausgleichen:<\/p>\n\n\n\n<ul>\n<li>Im Falle einer Invalidit\u00e4t erh\u00e4lt der Arbeitnehmer eine Rente oder eine Auszahlung.<\/li>\n\n\n\n<li>Im Falle einer l\u00e4ngeren Arbeitsunterbrechung erh\u00e4lt der\/die Arbeitnehmer\/in ein Tagegeld.<\/li>\n\n\n\n<li>Im Todesfall wird an die Angeh\u00f6rigen verstorbener Versicherter eine festgelegte Summe ausbezahlt.<\/li>\n<\/ul>\n\n\n\n<p>Wichtig zu wissen: Die Vorsorgeversicherung ist in Frankreich nicht f\u00fcr alle Unternehmen verpflichtend. Der Tarifvertrag schreibt jedoch den Abschluss einer Vorsorgeversicherung f\u00fcr leitende Angestellte und \u2013 je nach &nbsp;Branchentarifvertr\u00e4gen \u2013 f\u00fcr Mitarbeitende ohne Leitungsfunktion zwingend vor.<\/p>\n\n<\/div>\n    <\/div>\n<\/div>\n\n\n\n<div class=\"faq-item js-faq-item\">\n    <div class=\"faq-item__header js-faq-item-header\">\n        <div class=\"faq-item__picto\">\n            <svg aria-hidden=\"true\" role=\"img\" focusable=\"false\" class=\"picto\"><use href=\"#rmt_assurance_retraite\"\/><\/svg>\n\n        <\/div>\n        <h3 class=\"faq-item__title\"> Betriebliche Zusatzrente<\/h3>\n        <div class=\"faq-item__action\">\n            <svg aria-hidden=\"true\" role=\"img\" focusable=\"false\" class=\"picto\"><use href=\"#chevron-down\"\/><\/svg>\n\n        <\/div>\n            <\/div>\n    <div class=\"faq-item__text\">\n        <div class=\"faq-item__text-inner\">\n\n<p>Berufst\u00e4tige sollten sich bereits fr\u00fchzeitig Gedanken \u00fcber ihre finanzielle Situation im Ruhestand machen, um ihren Lebensstandard sp\u00e4ter aufrechterhalten zu k\u00f6nnen.<\/p>\n\n\n\n<p>Die betriebliche Zusatzrente stockt die Altersversorgung Ihrer Angestellten um ein zus\u00e4tzliches Einkommen in Form von Kapital und\/oder einer lebenslangen Rente auf. Ist der Ruhestand erreicht, wird die Zusatzrente in einer vereinbarten H\u00f6he entweder auf einmal oder monatlich ausgezahlt \u2013 im letztgenannten Fall inklusive einer j\u00e4hrlichen Anpassung Mit dieser Versicherungsl\u00f6sung, unterst\u00fctzen Sie die finanzielle Absicherung Ihrer Mitarbeitenden im Ruhestand und binden sie so langfristig an Ihr Unternehmen.<\/p>\n\n<\/div>\n    <\/div>\n<\/div>\n\n\n\n<div class=\"faq-item js-faq-item\">\n    <div class=\"faq-item__header js-faq-item-header\">\n        <div class=\"faq-item__picto\">\n            <svg aria-hidden=\"true\" role=\"img\" focusable=\"false\" class=\"picto\"><use href=\"#rmt_assurance_emprunteur\"\/><\/svg>\n\n        <\/div>\n        <h3 class=\"faq-item__title\">Restschuldversicherung<\/h3>\n        <div class=\"faq-item__action\">\n            <svg aria-hidden=\"true\" role=\"img\" focusable=\"false\" class=\"picto\"><use href=\"#chevron-down\"\/><\/svg>\n\n        <\/div>\n            <\/div>\n    <div class=\"faq-item__text\">\n        <div class=\"faq-item__text-inner\">\n\n<p>Eine Restschuldversicherung sichert Ihre Investitionen und das Unternehmen und sch\u00fctzt Ihre Angeh\u00f6rigen. Sie \u00fcbernimmt im Falle von Tod, Invalidit\u00e4t oder Arbeitsunf\u00e4higkeit die Restschuld Ihres Darlehens.<\/p>\n\n\n\n<p>Der Abschluss einer Restschuldversicherung ist in Frankreich nicht verpflichtend. Es handelt sich vielmehr um eine Absicherung der R\u00fcckzahlung von Darlehen an die kreditgebende Bank.<\/p>\n\n<\/div>\n    <\/div>\n<\/div>\n\n\n\n<div class=\"faq-item js-faq-item\">\n    <div class=\"faq-item__header js-faq-item-header\">\n        <div class=\"faq-item__picto\">\n            <svg aria-hidden=\"true\" role=\"img\" focusable=\"false\" class=\"picto\"><use href=\"#rmt_assurance_emprunteur\"\/><\/svg>\n\n        <\/div>\n        <h3 class=\"faq-item__title\">Versicherungen f\u00fcr Schl\u00fcsselpersonen und Selbstst\u00e4ndige<\/h3>\n        <div class=\"faq-item__action\">\n            <svg aria-hidden=\"true\" role=\"img\" focusable=\"false\" class=\"picto\"><use href=\"#chevron-down\"\/><\/svg>\n\n        <\/div>\n            <\/div>\n    <div class=\"faq-item__text\">\n        <div class=\"faq-item__text-inner\">\n\n<p>RMT bietet in Frankreich auch Personenversicherungen f\u00fcr Schl\u00fcsselpersonen und Selbstst\u00e4ndige an. Im Mittelpunkt steht dabei, den Fortbestand eines Unternehmens auch bei einem vor\u00fcbergehenden Ausfall (Krankheit) oder endg\u00fcltigen Verlust (Todesfall) einer Person zu gew\u00e4hrleisten. Diese Versicherungsl\u00f6sung erm\u00f6glicht es, die medizinischen Kosten einer Schl\u00fcsselperson zu \u00fcbernehmen, ihr Einkommen zu sichern und ihren Lebensstandard im Ruhestand durch die Zahlung von Tagegeldern oder Festsummen aufrechtzuerhalten.<\/p>\n\n\n\n<p>Anders als Arbeitnehmer in der Privatwirtschaft profitieren Selbstst\u00e4ndige nicht von einer betrieblichen Krankenversicherung. F\u00fcr die optimale soziale Absicherung dieser Berufsgruppe bieten wir eigene Krankenversicherungs- und Vorsorgel\u00f6sungen an.<\/p>\n\n<\/div>\n    <\/div>\n<\/div>\n\n<\/div>\n\n<\/div>\n<\/section>\n","protected":false},"excerpt":{"rendered":"<p>Der Mensch steht im Mittelpunkt Ihres Unternehmens. Sichern Sie Ihre Mitarbeitenden mithilfe unserer Abteilung f\u00fcr Gesundheit und Vorsorge optimal ab. Dazu geh\u00f6rt die Erstattung von Behandlungskosten ebenso wie Leistungen im Fall von Tod, Invalidit\u00e4t oder Arbeitsunf\u00e4higkeit. Gerne beraten wir Sie auch bei der Altersvorsorge f\u00fcr Ihre Mitarbeitenden.<\/p>\n","protected":false},"author":1,"featured_media":0,"parent":2223,"menu_order":2,"comment_status":"closed","ping_status":"closed","template":"","meta":{"inline_featured_image":false,"footnotes":""},"acf":[],"yoast_head":"<!-- This site is optimized with the Yoast SEO plugin v20.13 - https:\/\/yoast.com\/wordpress\/plugins\/seo\/ -->\n<title>Personenversicherungen - RMT Courtier en assurances<\/title>\n<meta name=\"description\" content=\"Der Mensch steht im Mittelpunkt Ihres Unternehmens. Sichern Sie Ihre Mitarbeitenden mithilfe unserer Abteilung f\u00fcr Gesundheit und Vorsorge optimal ab. Dazu geh\u00f6rt die Erstattung von Behandlungskosten ebenso wie Leistungen im Fall von Tod, Invalidit\u00e4t oder Arbeitsunf\u00e4higkeit. Gerne beraten wir Sie auch bei der Altersvorsorge f\u00fcr Ihre Mitarbeitenden.\" \/>\n<meta name=\"robots\" content=\"index, follow, max-snippet:-1, max-image-preview:large, max-video-preview:-1\" \/>\n<link rel=\"canonical\" href=\"https:\/\/www.assurances-rmt.fr\/de\/unsere-versicherungsloesungen\/personenversicherungen\/\" \/>\n<meta property=\"og:locale\" content=\"de_DE\" \/>\n<meta property=\"og:type\" content=\"article\" \/>\n<meta property=\"og:title\" content=\"Personenversicherungen - RMT Courtier en assurances\" \/>\n<meta property=\"og:description\" content=\"Der Mensch steht im Mittelpunkt Ihres Unternehmens. Sichern Sie Ihre Mitarbeitenden mithilfe unserer Abteilung f\u00fcr Gesundheit und Vorsorge optimal ab. Dazu geh\u00f6rt die Erstattung von Behandlungskosten ebenso wie Leistungen im Fall von Tod, Invalidit\u00e4t oder Arbeitsunf\u00e4higkeit. Gerne beraten wir Sie auch bei der Altersvorsorge f\u00fcr Ihre Mitarbeitenden.\" \/>\n<meta property=\"og:url\" content=\"https:\/\/www.assurances-rmt.fr\/de\/unsere-versicherungsloesungen\/personenversicherungen\/\" \/>\n<meta property=\"og:site_name\" content=\"RMT Courtier en assurances\" \/>\n<meta property=\"article:modified_time\" content=\"2025-06-18T14:55:05+00:00\" \/>\n<meta name=\"twitter:card\" content=\"summary_large_image\" \/>\n<meta name=\"twitter:label1\" content=\"Gesch\u00e4tzte Lesezeit\" \/>\n\t<meta name=\"twitter:data1\" content=\"3 Minuten\" \/>\n<script type=\"application\/ld+json\" class=\"yoast-schema-graph\">{\"@context\":\"https:\/\/schema.org\",\"@graph\":[{\"@type\":\"WebPage\",\"@id\":\"https:\/\/www.assurances-rmt.fr\/de\/unsere-versicherungsloesungen\/personenversicherungen\/\",\"url\":\"https:\/\/www.assurances-rmt.fr\/de\/unsere-versicherungsloesungen\/personenversicherungen\/\",\"name\":\"Personenversicherungen - RMT Courtier en assurances\",\"isPartOf\":{\"@id\":\"https:\/\/www.assurances-rmt.fr\/de\/#website\"},\"datePublished\":\"2023-07-26T09:34:59+00:00\",\"dateModified\":\"2025-06-18T14:55:05+00:00\",\"description\":\"Der Mensch steht im Mittelpunkt Ihres Unternehmens. Sichern Sie Ihre Mitarbeitenden mithilfe unserer Abteilung f\u00fcr Gesundheit und Vorsorge optimal ab. Dazu geh\u00f6rt die Erstattung von Behandlungskosten ebenso wie Leistungen im Fall von Tod, Invalidit\u00e4t oder Arbeitsunf\u00e4higkeit. Gerne beraten wir Sie auch bei der Altersvorsorge f\u00fcr Ihre Mitarbeitenden.\",\"breadcrumb\":{\"@id\":\"https:\/\/www.assurances-rmt.fr\/de\/unsere-versicherungsloesungen\/personenversicherungen\/#breadcrumb\"},\"inLanguage\":\"de-DE\",\"potentialAction\":[{\"@type\":\"ReadAction\",\"target\":[\"https:\/\/www.assurances-rmt.fr\/de\/unsere-versicherungsloesungen\/personenversicherungen\/\"]}]},{\"@type\":\"BreadcrumbList\",\"@id\":\"https:\/\/www.assurances-rmt.fr\/de\/unsere-versicherungsloesungen\/personenversicherungen\/#breadcrumb\",\"itemListElement\":[{\"@type\":\"ListItem\",\"position\":1,\"name\":\"Startseite\",\"item\":\"https:\/\/www.assurances-rmt.fr\/de\/\"},{\"@type\":\"ListItem\",\"position\":2,\"name\":\"Unsere Versicherungsl\u00f6sungen\",\"item\":\"https:\/\/www.assurances-rmt.fr\/de\/unsere-versicherungsloesungen\/\"},{\"@type\":\"ListItem\",\"position\":3,\"name\":\"Personenversicherungen\"}]},{\"@type\":\"WebSite\",\"@id\":\"https:\/\/www.assurances-rmt.fr\/de\/#website\",\"url\":\"https:\/\/www.assurances-rmt.fr\/de\/\",\"name\":\"RMT Courtier en assurances\",\"description\":\"Le conseiller des entreprises en strat\u00e9gie d&#039;assurance\",\"publisher\":{\"@id\":\"https:\/\/www.assurances-rmt.fr\/de\/#organization\"},\"potentialAction\":[{\"@type\":\"SearchAction\",\"target\":{\"@type\":\"EntryPoint\",\"urlTemplate\":\"https:\/\/www.assurances-rmt.fr\/de\/?s={search_term_string}\"},\"query-input\":\"required name=search_term_string\"}],\"inLanguage\":\"de-DE\"},{\"@type\":\"Organization\",\"@id\":\"https:\/\/www.assurances-rmt.fr\/de\/#organization\",\"name\":\"RMT Courtier en assurances\",\"url\":\"https:\/\/www.assurances-rmt.fr\/de\/\",\"logo\":{\"@type\":\"ImageObject\",\"inLanguage\":\"de-DE\",\"@id\":\"https:\/\/www.assurances-rmt.fr\/de\/#\/schema\/logo\/image\/\",\"url\":\"https:\/\/www.assurances-rmt.fr\/app\/uploads\/2023\/07\/logo.svg\",\"contentUrl\":\"https:\/\/www.assurances-rmt.fr\/app\/uploads\/2023\/07\/logo.svg\",\"width\":300,\"height\":113,\"caption\":\"RMT Courtier en assurances\"},\"image\":{\"@id\":\"https:\/\/www.assurances-rmt.fr\/de\/#\/schema\/logo\/image\/\"},\"sameAs\":[\"https:\/\/www.linkedin.com\/company\/rmt-courtier-en-assurances\/\"]}]}<\/script>\n<!-- \/ Yoast SEO plugin. -->","yoast_head_json":{"title":"Personenversicherungen - RMT Courtier en assurances","description":"Der Mensch steht im Mittelpunkt Ihres Unternehmens. Sichern Sie Ihre Mitarbeitenden mithilfe unserer Abteilung f\u00fcr Gesundheit und Vorsorge optimal ab. Dazu geh\u00f6rt die Erstattung von Behandlungskosten ebenso wie Leistungen im Fall von Tod, Invalidit\u00e4t oder Arbeitsunf\u00e4higkeit. Gerne beraten wir Sie auch bei der Altersvorsorge f\u00fcr Ihre Mitarbeitenden.","robots":{"index":"index","follow":"follow","max-snippet":"max-snippet:-1","max-image-preview":"max-image-preview:large","max-video-preview":"max-video-preview:-1"},"canonical":"https:\/\/www.assurances-rmt.fr\/de\/unsere-versicherungsloesungen\/personenversicherungen\/","og_locale":"de_DE","og_type":"article","og_title":"Personenversicherungen - RMT Courtier en assurances","og_description":"Der Mensch steht im Mittelpunkt Ihres Unternehmens. Sichern Sie Ihre Mitarbeitenden mithilfe unserer Abteilung f\u00fcr Gesundheit und Vorsorge optimal ab. Dazu geh\u00f6rt die Erstattung von Behandlungskosten ebenso wie Leistungen im Fall von Tod, Invalidit\u00e4t oder Arbeitsunf\u00e4higkeit. Gerne beraten wir Sie auch bei der Altersvorsorge f\u00fcr Ihre Mitarbeitenden.","og_url":"https:\/\/www.assurances-rmt.fr\/de\/unsere-versicherungsloesungen\/personenversicherungen\/","og_site_name":"RMT Courtier en assurances","article_modified_time":"2025-06-18T14:55:05+00:00","twitter_card":"summary_large_image","twitter_misc":{"Gesch\u00e4tzte Lesezeit":"3 Minuten"},"schema":{"@context":"https:\/\/schema.org","@graph":[{"@type":"WebPage","@id":"https:\/\/www.assurances-rmt.fr\/de\/unsere-versicherungsloesungen\/personenversicherungen\/","url":"https:\/\/www.assurances-rmt.fr\/de\/unsere-versicherungsloesungen\/personenversicherungen\/","name":"Personenversicherungen - RMT Courtier en assurances","isPartOf":{"@id":"https:\/\/www.assurances-rmt.fr\/de\/#website"},"datePublished":"2023-07-26T09:34:59+00:00","dateModified":"2025-06-18T14:55:05+00:00","description":"Der Mensch steht im Mittelpunkt Ihres Unternehmens. Sichern Sie Ihre Mitarbeitenden mithilfe unserer Abteilung f\u00fcr Gesundheit und Vorsorge optimal ab. Dazu geh\u00f6rt die Erstattung von Behandlungskosten ebenso wie Leistungen im Fall von Tod, Invalidit\u00e4t oder Arbeitsunf\u00e4higkeit. Gerne beraten wir Sie auch bei der Altersvorsorge f\u00fcr Ihre Mitarbeitenden.","breadcrumb":{"@id":"https:\/\/www.assurances-rmt.fr\/de\/unsere-versicherungsloesungen\/personenversicherungen\/#breadcrumb"},"inLanguage":"de-DE","potentialAction":[{"@type":"ReadAction","target":["https:\/\/www.assurances-rmt.fr\/de\/unsere-versicherungsloesungen\/personenversicherungen\/"]}]},{"@type":"BreadcrumbList","@id":"https:\/\/www.assurances-rmt.fr\/de\/unsere-versicherungsloesungen\/personenversicherungen\/#breadcrumb","itemListElement":[{"@type":"ListItem","position":1,"name":"Startseite","item":"https:\/\/www.assurances-rmt.fr\/de\/"},{"@type":"ListItem","position":2,"name":"Unsere Versicherungsl\u00f6sungen","item":"https:\/\/www.assurances-rmt.fr\/de\/unsere-versicherungsloesungen\/"},{"@type":"ListItem","position":3,"name":"Personenversicherungen"}]},{"@type":"WebSite","@id":"https:\/\/www.assurances-rmt.fr\/de\/#website","url":"https:\/\/www.assurances-rmt.fr\/de\/","name":"RMT Courtier en assurances","description":"Le conseiller des entreprises en strat\u00e9gie d&#039;assurance","publisher":{"@id":"https:\/\/www.assurances-rmt.fr\/de\/#organization"},"potentialAction":[{"@type":"SearchAction","target":{"@type":"EntryPoint","urlTemplate":"https:\/\/www.assurances-rmt.fr\/de\/?s={search_term_string}"},"query-input":"required name=search_term_string"}],"inLanguage":"de-DE"},{"@type":"Organization","@id":"https:\/\/www.assurances-rmt.fr\/de\/#organization","name":"RMT Courtier en assurances","url":"https:\/\/www.assurances-rmt.fr\/de\/","logo":{"@type":"ImageObject","inLanguage":"de-DE","@id":"https:\/\/www.assurances-rmt.fr\/de\/#\/schema\/logo\/image\/","url":"https:\/\/www.assurances-rmt.fr\/app\/uploads\/2023\/07\/logo.svg","contentUrl":"https:\/\/www.assurances-rmt.fr\/app\/uploads\/2023\/07\/logo.svg","width":300,"height":113,"caption":"RMT Courtier en assurances"},"image":{"@id":"https:\/\/www.assurances-rmt.fr\/de\/#\/schema\/logo\/image\/"},"sameAs":["https:\/\/www.linkedin.com\/company\/rmt-courtier-en-assurances\/"]}]}},"_links":{"self":[{"href":"https:\/\/www.assurances-rmt.fr\/de\/wp-json\/wp\/v2\/pages\/2229"}],"collection":[{"href":"https:\/\/www.assurances-rmt.fr\/de\/wp-json\/wp\/v2\/pages"}],"about":[{"href":"https:\/\/www.assurances-rmt.fr\/de\/wp-json\/wp\/v2\/types\/page"}],"author":[{"embeddable":true,"href":"https:\/\/www.assurances-rmt.fr\/de\/wp-json\/wp\/v2\/users\/1"}],"replies":[{"embeddable":true,"href":"https:\/\/www.assurances-rmt.fr\/de\/wp-json\/wp\/v2\/comments?post=2229"}],"version-history":[{"count":2,"href":"https:\/\/www.assurances-rmt.fr\/de\/wp-json\/wp\/v2\/pages\/2229\/revisions"}],"predecessor-version":[{"id":2231,"href":"https:\/\/www.assurances-rmt.fr\/de\/wp-json\/wp\/v2\/pages\/2229\/revisions\/2231"}],"up":[{"embeddable":true,"href":"https:\/\/www.assurances-rmt.fr\/de\/wp-json\/wp\/v2\/pages\/2223"}],"wp:attachment":[{"href":"https:\/\/www.assurances-rmt.fr\/de\/wp-json\/wp\/v2\/media?parent=2229"}],"curies":[{"name":"wp","href":"https:\/\/api.w.org\/{rel}","templated":true}]}}