{"id":2218,"date":"2023-07-26T11:34:31","date_gmt":"2023-07-26T09:34:31","guid":{"rendered":"https:\/\/www.assurances-rmt.fr\/?page_id=2218"},"modified":"2025-06-18T13:18:56","modified_gmt":"2025-06-18T11:18:56","slug":"sach-und-haftpflichtversicherungen","status":"publish","type":"page","link":"https:\/\/www.assurances-rmt.fr\/de\/unsere-versicherungsloesungen\/sach-und-haftpflichtversicherungen\/","title":{"rendered":"Sach- und Haftpflichtversicherungen"},"content":{"rendered":"\n<section class=\"hero js-hero \" style=\"--hero-bg-image: url(https:\/\/www.assurances-rmt.fr\/app\/uploads\/2023\/08\/strasbourg.png)\">\n    <div class=\"grid-container\">\n        <div class=\"hero__content\">\n                            <div class=\"breadcrumbs hero__breadcrumbs\"><span><span><a href=\"https:\/\/www.assurances-rmt.fr\/de\/\">Startseite<\/a><\/span><\/span><\/div>\n                        \n\n    <h1 class=\"title-double title-double--white\">\n                <span class=\"title-double__line1\">Unsere Versicherungsl\u00f6sungen<\/span>\n                <span class=\"title-double__line2\">Sach- und Haftpflichtversicherungen<\/span>\n        <\/h1>\n                                <\/div>\n    <\/div>\n    <a class=\"hero__scroll js-scroll\" href=\"#\"><svg aria-hidden=\"true\" role=\"img\" focusable=\"false\" class=\"picto\"><use href=\"#scroll\"\/><\/svg>\n<\/a>\n<\/section>\n\n\n\n\n\n\n\n<section class=\"section--color-white section--align-wide-content section--padding-medium section\" id=\"\" style=\"\">\n    <div class=\"grid-container\">\n<div class=\"grid-text-media\">\n\n<div class=\"grid-text-media-image\">\n    <div class=\"grid-text-media-image__item\">\n        <img loading=\"lazy\" width=\"1024\" height=\"684\" src=\"https:\/\/www.assurances-rmt.fr\/app\/uploads\/2023\/08\/bureaubatiment.png\" class=\"attachment-full size-full\" alt=\"\" decoding=\"async\" srcset=\"https:\/\/www.assurances-rmt.fr\/app\/uploads\/2023\/08\/bureaubatiment.png 1024w, https:\/\/www.assurances-rmt.fr\/app\/uploads\/2023\/08\/bureaubatiment-300x200.png 300w, https:\/\/www.assurances-rmt.fr\/app\/uploads\/2023\/08\/bureaubatiment-768x513.png 768w\" sizes=\"(max-width: 1024px) 100vw, 1024px\" \/>\n    <\/div>\n<\/div>\n\n\n<div class=\"grid-text-media-text\">\n    <div class=\"grid-text-media-text__content\">\n\n<h2 class=\"wp-block-heading\">Was ist eine Sachversicherung?<\/h2>\n\n\n\n<p>Von Produktionsmitteln \u00fcber Geb\u00e4ude und Computersysteme bis hin zu Fahrzeugen: Sachversicherungen decken die Verm\u00f6genswerte, die f\u00fcr den Betrieb und Bestand Ihres Unternehmens von entscheidender Bedeutung sind. Denn werden sie versehentlich besch\u00e4digt, zerst\u00f6rt oder gestohlen, k\u00f6nnen die Kosten f\u00fcr Reparatur oder Wiederbeschaffung so betr\u00e4chtlich ausfallen, dass Ihr Gesch\u00e4ft ernsthaft gef\u00e4hrdet ist.<\/p>\n\n\n\n<p>Mit einer Sachversicherung k\u00f6nnen Sie Ihr gesamtes Eigentum gegen unterschiedliche Risiken absichern.<\/p>\n\n<\/div>\n<\/div>\n\n<\/div>\n\n<\/div>\n<\/section>\n\n\n\n\n\n\n\n<section class=\"section--color-secondary_background section--align-wide-content section--padding-medium section\" id=\"\" style=\"\">\n    <div class=\"grid-container\">\n<div class=\"grid-text-media\">\n<div class=\"grid-text-media-text\">\n    <div class=\"grid-text-media-text__content\">\n\n<h2 class=\"wp-block-heading has-text-align-right\">Sachversicherungen von RMT<\/h2>\n\n\n\n<p class=\"has-text-align-right\">Sch\u00fctzen Sie Ihren Betrieb mit Unterst\u00fctzung der Fachleute von RMT. Unabh\u00e4ngig von Gr\u00f6\u00dfe und Branche Ihres Unternehmens analysiert unser Expertenteam Ihren individuellen Bedarf und ermittelt die Risiken, gegen die Sie und Ihr Unternehmen abgesichert sein sollten.<\/p>\n\n\n\n<p class=\"has-text-align-right\">Dabei ist es unser Anspruch, optimalen Schutz f\u00fcr jedes Setting zu garantieren. Seit 1994 betreuen wir Unternehmen, K\u00f6rperschaften, Industriebetriebe und Freiberufler bei der Versicherung ihrer G\u00fcter und der Abwicklung ihrer Schadensf\u00e4lle.<\/p>\n\n<\/div>\n<\/div>\n\n\n\n<div class=\"grid-text-media-image\">\n    <div class=\"grid-text-media-image__item\">\n        <img loading=\"lazy\" width=\"1024\" height=\"684\" src=\"https:\/\/www.assurances-rmt.fr\/app\/uploads\/2023\/08\/batimentappel.png\" class=\"attachment-full size-full\" alt=\"\" decoding=\"async\" srcset=\"https:\/\/www.assurances-rmt.fr\/app\/uploads\/2023\/08\/batimentappel.png 1024w, https:\/\/www.assurances-rmt.fr\/app\/uploads\/2023\/08\/batimentappel-300x200.png 300w, https:\/\/www.assurances-rmt.fr\/app\/uploads\/2023\/08\/batimentappel-768x513.png 768w\" sizes=\"(max-width: 1024px) 100vw, 1024px\" \/>\n    <\/div>\n<\/div>\n\n<\/div>\n\n<\/div>\n<\/section>\n\n\n\n\n\n\n\n<section class=\"section--color-white section--align-wide-small section--padding-medium section\" id=\"\" style=\"\">\n    <div class=\"grid-container\">\n\n<h2 class=\"wp-block-heading has-text-align-center\">Unsere Versicherungsl\u00f6sungen<\/h2>\n\n\n\n<h3 class=\"wp-block-heading has-text-align-center has-primary-color has-text-color\">Sicherheit f\u00fcr Ihr Unternehmen<\/h3>\n\n\n<div class=\"faq\">\n\n<div class=\"faq-item js-faq-item\">\n    <div class=\"faq-item__header js-faq-item-header\">\n        <div class=\"faq-item__picto\">\n            <svg aria-hidden=\"true\" role=\"img\" focusable=\"false\" class=\"picto\"><use href=\"#rmt_batiment\"\/><\/svg>\n\n        <\/div>\n        <h4 class=\"faq-item__title\">Betriebshaftpflicht<\/h4>\n        <div class=\"faq-item__action\">\n            <svg aria-hidden=\"true\" role=\"img\" focusable=\"false\" class=\"picto\"><use href=\"#chevron-down\"\/><\/svg>\n\n        <\/div>\n            <\/div>\n    <div class=\"faq-item__text\">\n        <div class=\"faq-item__text-inner\">\n\n<p>Im Rahmen Ihrer Gesch\u00e4ftst\u00e4tigkeit kann es vorkommen, dass Ihr Unternehmen oder Mitarbeitende Ihres Unternehmens Dritten Schaden zuf\u00fcgen. Daraus resultieren nicht selten Anspr\u00fcche mit hohen Kosten, die die Fortf\u00fchrung Ihres Unternehmens gef\u00e4hrden.<\/p>\n\n\n\n<p>Eine Betriebshaftpflichtversicherung sichert den Fortbestand Ihres Unternehmens. Sie deckt die finanziellen Folgen von Personen- und Sachsch\u00e4den oder immateriellen Sch\u00e4den ab, die Dritten gegen\u00fcber im Rahmen Ihrer beruflichen T\u00e4tigkeit entstehen.<\/p>\n\n\n\n<p>Der Abschluss einer Betriebshaftpflichtversicherung ist in Frankreich f\u00fcr bestimmte Arten von Unternehmen verpflichtend:<\/p>\n\n\n\n<ul>\n<li>Bauunternehmen unterliegen der Pflicht, eine Haftpflichtversicherung mit einer Gew\u00e4hrleistung von zehn Jahren abzuschlie\u00dfen (\u201eresponsabilit\u00e9 civile d\u00e9cennale\u201c).<\/li>\n\n\n\n<li>Transportunternehmen m\u00fcssen eine Betriebshaftpflichtversicherung gegen Sch\u00e4den abschlie\u00dfen, die Dritten bei der Aus\u00fcbung ihrer T\u00e4tigkeit zugef\u00fcgt werden;<\/li>\n\n\n\n<li>Auch s\u00e4mtliche reglementierten Berufe m\u00fcssen zwingend eine Berufshaftpflichtversicherung abschlie\u00dfen.<\/li>\n<\/ul>\n\n\n\n<p>Gerne \u00fcberpr\u00fcfen wir f\u00fcr Sie, welche rechtlichen und regulatorischen Verpflichtungen f\u00fcr Ihr Unternehmen gelten.<\/p>\n\n<\/div>\n    <\/div>\n<\/div>\n\n\n\n<div class=\"faq-item js-faq-item\">\n    <div class=\"faq-item__header js-faq-item-header\">\n        <div class=\"faq-item__picto\">\n            <svg aria-hidden=\"true\" role=\"img\" focusable=\"false\" class=\"picto\"><use href=\"#rmt_assurance_emprunteur\"\/><\/svg>\n\n        <\/div>\n        <h4 class=\"faq-item__title\">Zivilrechtliche Haftung von F\u00fchrungskr\u00e4ften (D&#038;O-Versicherung)<\/h4>\n        <div class=\"faq-item__action\">\n            <svg aria-hidden=\"true\" role=\"img\" focusable=\"false\" class=\"picto\"><use href=\"#chevron-down\"\/><\/svg>\n\n        <\/div>\n            <\/div>\n    <div class=\"faq-item__text\">\n        <div class=\"faq-item__text-inner\">\n\n<p>RMT sch\u00fctzt nicht nur Ihr Unternehmen, sondern auch dessen Management. F\u00fchrungskr\u00e4fte treffen Tag f\u00fcr Tag Entscheidungen, aus denen pers\u00f6nliche Haftungsanspr\u00fcche entstehen k\u00f6nnen. Eine D&amp;O-Versicherung (Directors and Officers) deckt diese Risiken ab und sch\u00fctzt so die Familie und das pers\u00f6nliche Verm\u00f6gen Ihrer F\u00fchrungskr\u00e4fte. Damit Sie sich mit Sicherheit auf Ihre Leitungsaufgaben konzentrieren k\u00f6nnen, \u00fcbernimmt die D&amp;O-Versicherung Rechtsberatungs- und Prozesskosten.<\/p>\n\n<\/div>\n    <\/div>\n<\/div>\n\n\n\n<div class=\"faq-item js-faq-item\">\n    <div class=\"faq-item__header js-faq-item-header\">\n        <div class=\"faq-item__picto\">\n            <svg aria-hidden=\"true\" role=\"img\" focusable=\"false\" class=\"picto\"><use href=\"#rmt_bouclier\"\/><\/svg>\n\n        <\/div>\n        <h4 class=\"faq-item__title\"> Gewerbliche Inhaltsversicherung<\/h4>\n        <div class=\"faq-item__action\">\n            <svg aria-hidden=\"true\" role=\"img\" focusable=\"false\" class=\"picto\"><use href=\"#chevron-down\"\/><\/svg>\n\n        <\/div>\n            <\/div>\n    <div class=\"faq-item__text\">\n        <div class=\"faq-item__text-inner\">\n\n<p>Brand, Diebstahl, Elementarsch\u00e4den, Naturkatastrophen, Maschinenbruch &#8230; Ihr Unternehmen ist t\u00e4glich zahlreichen Risiken ausgesetzt. Mit einer umfassenden gewerblichen Inhaltsversicherung sichern Sie den Fortbestand Ihres Unternehmens.<\/p>\n\n\n\n<p>Eine Inhaltsversicherung sch\u00fctzt Sie gegen Vorf\u00e4lle, die zu einer vollst\u00e4ndigen oder teilweisen Unterbrechung Ihrer T\u00e4tigkeit f\u00fchren und Ihrem Unternehmen materielle und finanzielle Verluste zuf\u00fcgen k\u00f6nnen. Diese \u201eAll-in-One\u201c-Versicherung deckt R\u00e4umlichkeiten, Material, Ausr\u00fcstungen und Waren zugleich ab. Der Versicherungsschutz l\u00e4sst sich f\u00fcr jede Art von Branche und T\u00e4tigkeit individuell anpassen und beinhaltet auch die materiellen und finanziellen Verluste, die durch eine Unterbrechung der T\u00e4tigkeit aufgrund eines der versicherten Ereignisse verursacht werden.<\/p>\n\n<\/div>\n    <\/div>\n<\/div>\n\n\n\n<div class=\"faq-item js-faq-item\">\n    <div class=\"faq-item__header js-faq-item-header\">\n        <div class=\"faq-item__picto\">\n            <svg aria-hidden=\"true\" role=\"img\" focusable=\"false\" class=\"picto\"><use href=\"#rmt_outils\"\/><\/svg>\n\n        <\/div>\n        <h4 class=\"faq-item__title\">Maschinenbruch<\/h4>\n        <div class=\"faq-item__action\">\n            <svg aria-hidden=\"true\" role=\"img\" focusable=\"false\" class=\"picto\"><use href=\"#chevron-down\"\/><\/svg>\n\n        <\/div>\n            <\/div>\n    <div class=\"faq-item__text\">\n        <div class=\"faq-item__text-inner\">\n\n<p>Ihre Maschinen, Ausr\u00fcstungen und Materialien sind f\u00fcr den Betrieb Ihres Unternehmens unentbehrlich und sollten deshalb angemessen versichert sein.<\/p>\n\n\n\n<p>Eine Maschinenbruchversicherung versichert alle Arten von Maschinen gegen versehentliche Sch\u00e4den, die w\u00e4hrend des Betriebs, beim Transport, beim R\u00fcsten oder Best\u00fccken auftreten k\u00f6nnen.<\/p>\n\n\n\n<p>Diese Art von Versicherungsschutz erm\u00f6glicht es Ihnen, den Betrieb Ihres Unternehmens aufrechtzuerhalten, indem die Kosten f\u00fcr den Ersatz oder die Wiederherstellung der besch\u00e4digten Ger\u00e4te \u00fcbernommen werden. Dar\u00fcber hinaus kann die Deckung auf Betriebsverluste aufgrund von Ausf\u00e4llen erweitert werden.<\/p>\n\n<\/div>\n    <\/div>\n<\/div>\n\n\n\n<div class=\"faq-item js-faq-item\">\n    <div class=\"faq-item__header js-faq-item-header\">\n        <div class=\"faq-item__picto\">\n            <svg aria-hidden=\"true\" role=\"img\" focusable=\"false\" class=\"picto\"><use href=\"#rmt_juridique\"\/><\/svg>\n\n        <\/div>\n        <h4 class=\"faq-item__title\">Rechtsschutz<\/h4>\n        <div class=\"faq-item__action\">\n            <svg aria-hidden=\"true\" role=\"img\" focusable=\"false\" class=\"picto\"><use href=\"#chevron-down\"\/><\/svg>\n\n        <\/div>\n            <\/div>\n    <div class=\"faq-item__text\">\n        <div class=\"faq-item__text-inner\">\n\n<p>Im Rahmen Ihrer beruflichen T\u00e4tigkeit kann es vorkommen, dass Sie mit Rechtsstreitigkeiten konfrontiert werden.<\/p>\n\n\n\n<p>Eine Rechtsschutzversicherung \u00fcbernimmt Ihre Verfahrens- und Anwaltskosten. Dazu geh\u00f6ren auch der Rechtsbeistand bei Streitigkeiten, die w\u00e4hrend der Aus\u00fcbung Ihrer beruflichen T\u00e4tigkeit entstehen und bei denen Ihr Unternehmen mit Kunden, Mitarbeitenden, Lieferanten, Mitbewerbern oder sonstigen Dritten in Konflikt ger\u00e4t.<\/p>\n\n<\/div>\n    <\/div>\n<\/div>\n\n\n\n<div class=\"faq-item js-faq-item\">\n    <div class=\"faq-item__header js-faq-item-header\">\n        <div class=\"faq-item__picto\">\n            <svg aria-hidden=\"true\" role=\"img\" focusable=\"false\" class=\"picto\"><use href=\"#rmt_protection_voiture\"\/><\/svg>\n\n        <\/div>\n        <h4 class=\"faq-item__title\">Flottenversicherung<\/h4>\n        <div class=\"faq-item__action\">\n            <svg aria-hidden=\"true\" role=\"img\" focusable=\"false\" class=\"picto\"><use href=\"#chevron-down\"\/><\/svg>\n\n        <\/div>\n            <\/div>\n    <div class=\"faq-item__text\">\n        <div class=\"faq-item__text-inner\">\n\n<p>Eine Vollkasko-Kfz-Haftpflichtversicherung ist f\u00fcr jedes Unternehmen, das f\u00fcr die Aus\u00fcbung seiner T\u00e4tigkeit eigene oder fremde Fahrzeuge nutzt, eine Selbstverst\u00e4ndlichkeit.<\/p>\n\n\n\n<p>Mit einer Kfz-Flottenversicherung versichern Sie Ihren gesamten Fuhrpark mit nur einem einzigen Vertrag und profitieren gleichzeitig von unserem individuellen Kundenservice: Zus\u00e4tzlich zu unserer Beratung bieten wir Schulungen an, zum Beispiel dazu, wie Sie einen Unfallbericht korrekt erstellen, denn in Frankreich sind Unfallberichte die Grundlage f\u00fcr die Zuweisung der Verantwortlichkeiten, d.h. sie sind sehr wichtig f\u00fcr die Schadensquote der Flotte.<\/p>\n\n\n\n<p>F\u00fcr unsere \u00d6PV-Kunden wie f\u00fcr unsere Privatkunden (ab einer bestimmten Flottengr\u00f6\u00dfe) erstellen wir au\u00dferdem eine Unfallbilanz, an der Sie bereits vorhandene interne Pr\u00e4ventionsma\u00dfnahmen ausrichten bzw. im Bedarfsfall anpassen k\u00f6nnen.<\/p>\n\n\n\n<p>Nat\u00fcrlich k\u00f6nnen Sie die Firmenfahrzeuge Ihres Unternehmens auch durch Einzelvertr\u00e4ge anstatt durch einen Flottenvertrag versichern. Im Allgemeinen spricht man ab f\u00fcnf Fahrzeugen von einer Fahrzeugflotte. Unterhalb dieser Grenze brauchen Sie f\u00fcr jedes einzelne Fahrzeug einen eigenen Vertrag \u00fcber eine gewerbliche Kfz-Versicherung.<\/p>\n\n<\/div>\n    <\/div>\n<\/div>\n\n\n\n<div class=\"faq-item js-faq-item\">\n    <div class=\"faq-item__header js-faq-item-header\">\n        <div class=\"faq-item__picto\">\n            <svg aria-hidden=\"true\" role=\"img\" focusable=\"false\" class=\"picto\"><use href=\"#rmt_homme\"\/><\/svg>\n\n        <\/div>\n        <h4 class=\"faq-item__title\"> Dienstreise-Kraftfahrtversicherung<\/h4>\n        <div class=\"faq-item__action\">\n            <svg aria-hidden=\"true\" role=\"img\" focusable=\"false\" class=\"picto\"><use href=\"#chevron-down\"\/><\/svg>\n\n        <\/div>\n            <\/div>\n    <div class=\"faq-item__text\">\n        <div class=\"faq-item__text-inner\">\n\n<p>Als Arbeitgeber k\u00f6nnen Sie f\u00fcr einen Unfall haftbar gemacht werden, den einer Ihrer Mitarbeitenden w\u00e4hrend einer Dienstreise mit seinem eigenen Fahrzeug verursacht. Durch den Abschluss eines Vertrags f\u00fcr Dienstreisende decken Sie au\u00dferdem Sch\u00e4den an Ihren Firmenfahrzeugen ab.<\/p>\n\n<\/div>\n    <\/div>\n<\/div>\n\n\n\n<div class=\"faq-item js-faq-item\">\n    <div class=\"faq-item__header js-faq-item-header\">\n        <div class=\"faq-item__picto\">\n            <svg aria-hidden=\"true\" role=\"img\" focusable=\"false\" class=\"picto\"><use href=\"#rmt_marchandise\"\/><\/svg>\n\n        <\/div>\n        <h4 class=\"faq-item__title\">Warentransportversicherung<\/h4>\n        <div class=\"faq-item__action\">\n            <svg aria-hidden=\"true\" role=\"img\" focusable=\"false\" class=\"picto\"><use href=\"#chevron-down\"\/><\/svg>\n\n        <\/div>\n            <\/div>\n    <div class=\"faq-item__text\">\n        <div class=\"faq-item__text-inner\">\n\n<p>W\u00e4hrend eines Transports sind Waren zahlreichen Unw\u00e4gbarkeiten ausgesetzt, von Besch\u00e4digungen \u00fcber den Verlust bis hin zum Diebstahl.<\/p>\n\n\n\n<p>Es ist daher ratsam, Waren in eigenen Transportmitteln zu versichern, aber auch in Transporten, mit denen Sie eine Spedition beauftragen, die selbst keine Haftung \u00fcbernimmt. Die Warentransportversicherung deckt Sch\u00e4den an den transportierten Produkten, Rohstoffen und Werkzeugen ab. \u00dcber den Transport hinaus kann der Versicherungsschutz zus\u00e4tzlich um die Lagerung nach Abschluss des Transports erweitert werden.<\/p>\n\n<\/div>\n    <\/div>\n<\/div>\n\n\n\n<div class=\"faq-item js-faq-item\">\n    <div class=\"faq-item__header js-faq-item-header\">\n        <div class=\"faq-item__picto\">\n            <svg aria-hidden=\"true\" role=\"img\" focusable=\"false\" class=\"picto\"><use href=\"#rmt_ordinateur\"\/><\/svg>\n\n        <\/div>\n        <h4 class=\"faq-item__title\">Cyberversicherung<\/h4>\n        <div class=\"faq-item__action\">\n            <svg aria-hidden=\"true\" role=\"img\" focusable=\"false\" class=\"picto\"><use href=\"#chevron-down\"\/><\/svg>\n\n        <\/div>\n            <\/div>\n    <div class=\"faq-item__text\">\n        <div class=\"faq-item__text-inner\">\n\n<p>Viren, Hackerangriffe, Datendiebstahl, Phishing, softwarebedingte Ausf\u00e4lle \u2013 die lange Liste der Cyberrisiken geh\u00f6rt inzwischen zum beruflichen Alltag. Angesichts der zunehmenden Digitalisierung der Unternehmen sind Daten zu \u201estrategischen Verm\u00f6genswerten\u201c und zum Ziel von Cyberbedrohungen geworden. Der Schutz von IT-Systemen und Daten ist daher f\u00fcr jede Art von Unternehmen unverzichtbar geworden.<\/p>\n\n\n\n<p>Ein erfolgreicher Hackerangriff, eine Fehlfunktion des IT-Systems oder ein Bedienungsfehler k\u00f6nnen schwerwiegende finanzielle und rechtliche Folgen nach sich ziehen und gef\u00e4hrden nicht nur die Fortsetzung Ihrer T\u00e4tigkeit, sondern schaden auch Ihrem Ruf. Eine auf Ihre Bed\u00fcrfnisse zugeschnittene Cyberversicherung grenzt Ihr Risiko von Verlusten und\/oder Sch\u00e4den verschiedenster Art deutlich ein. Sie deckt dabei nicht nur Sch\u00e4den f\u00fcr Ihr eigenes Unternehmen ab, sondern auch Sch\u00e4den und Betriebsausf\u00e4lle Dritter.<\/p>\n\n\n\n<p>Wichtig zu wissen: Im Falle eines Cyberangriffs m\u00fcssen Sie sich in Frankreich gegen\u00fcber Dritten und der Datenschutzbeh\u00f6rde (CNIL, Nationale Kommission f\u00fcr Informatik und Freiheiten) verantworten. Um die Bestimmungen der Datenschutzgrundverordnung einzuhalten, sind Sie bei Sicherheitsl\u00fccken im Zusammenhang mit personenbezogenen Daten dazu verpflichtet, die CNIL und in bestimmten F\u00e4llen auch die betroffenen Personen benachrichtigen.<\/p>\n\n<\/div>\n    <\/div>\n<\/div>\n\n\n\n<div class=\"faq-item js-faq-item\">\n    <div class=\"faq-item__header js-faq-item-header\">\n        <div class=\"faq-item__picto\">\n            <svg aria-hidden=\"true\" role=\"img\" focusable=\"false\" class=\"picto\"><use href=\"#rmt_ecologie\"\/><\/svg>\n\n        <\/div>\n        <h4 class=\"faq-item__title\">Umwelthaftpflicht<\/h4>\n        <div class=\"faq-item__action\">\n            <svg aria-hidden=\"true\" role=\"img\" focusable=\"false\" class=\"picto\"><use href=\"#chevron-down\"\/><\/svg>\n\n        <\/div>\n            <\/div>\n    <div class=\"faq-item__text\">\n        <div class=\"faq-item__text-inner\">\n\n<p>Durch die T\u00e4tigkeit Ihres Unternehmens k\u00f6nnen Verschmutzungen verursacht werden, die zu Sch\u00e4den der nat\u00fcrlichen und der menschlichen Umgebung f\u00fchren.<\/p>\n\n\n\n<p>In Frankreich sind Umweltsch\u00e4den im Zivilgesetzbuch und Umwelt- und Gesundheitsrisiken im Umweltgesetzbuch geregelt. Die Umwelthaftung basiert auf dem Verursacherprinzip: Jedes Unternehmen, das einen Umweltschaden verursacht, kann zur Verantwortung gezogen werden und ist verpflichtet, den entstandenen Schaden zu beheben (Gesetz 2008-757 vom 1. August 2008).<\/p>\n\n\n\n<p>Eine Umwelthaftpflichtversicherung deckt Sch\u00e4den ab, die Dritten im Rahmen des Betriebs Ihres Unternehmens zugef\u00fcgt werden, und unterst\u00fctzt Sie so dabei, alle Ihre Verpflichtungen im Bereich des Umweltrisikomanagements zu erf\u00fcllen. Pr\u00e4ventions- und Sanierungskosten sind in den Leistungen ebenso inkludiert wie ein Rechtsschutz f\u00fcr m\u00f6gliche Gerichtsverfahren.<\/p>\n\n<\/div>\n    <\/div>\n<\/div>\n\n<\/div>\n\n<\/div>\n<\/section>\n","protected":false},"excerpt":{"rendered":"<p>Sach- und Haftpflichtversicherungen decken Personen- und Sachsch\u00e4den sowie daraus resultierende Verm\u00f6genssch\u00e4den ab. Die richtige Absicherung sorgt daf\u00fcr, dass entstandene Sch\u00e4den oder Verluste ersetzt werden und der urspr\u00fcngliche Zustand wieder hergestellt wird. Vertrauen Sie auf unser Know-how und entscheiden Sie sich f\u00fcr den optimalen Schutz Ihres Unternehmenseigentums.<\/p>\n","protected":false},"author":1,"featured_media":0,"parent":2223,"menu_order":1,"comment_status":"closed","ping_status":"closed","template":"","meta":{"inline_featured_image":false,"footnotes":""},"acf":[],"yoast_head":"<!-- This site is optimized with the Yoast SEO plugin v20.13 - https:\/\/yoast.com\/wordpress\/plugins\/seo\/ -->\n<title>Sach- und Haftpflichtversicherungen - RMT Courtier en assurances<\/title>\n<meta name=\"description\" content=\"Sach- und Haftpflichtversicherungen decken Personen- und Sachsch\u00e4den sowie daraus resultierende Verm\u00f6genssch\u00e4den ab. Die richtige Absicherung sorgt daf\u00fcr, dass entstandene Sch\u00e4den oder Verluste ersetzt werden und der urspr\u00fcngliche Zustand wieder hergestellt wird. Vertrauen Sie auf unser Know-how und entscheiden Sie sich f\u00fcr den optimalen Schutz Ihres Unternehmenseigentums.\" \/>\n<meta name=\"robots\" content=\"index, follow, max-snippet:-1, max-image-preview:large, max-video-preview:-1\" \/>\n<link rel=\"canonical\" href=\"https:\/\/www.assurances-rmt.fr\/de\/unsere-versicherungsloesungen\/sach-und-haftpflichtversicherungen\/\" \/>\n<meta property=\"og:locale\" content=\"de_DE\" \/>\n<meta property=\"og:type\" content=\"article\" \/>\n<meta property=\"og:title\" content=\"Sach- und Haftpflichtversicherungen - RMT Courtier en assurances\" \/>\n<meta property=\"og:description\" content=\"Sach- und Haftpflichtversicherungen decken Personen- und Sachsch\u00e4den sowie daraus resultierende Verm\u00f6genssch\u00e4den ab. Die richtige Absicherung sorgt daf\u00fcr, dass entstandene Sch\u00e4den oder Verluste ersetzt werden und der urspr\u00fcngliche Zustand wieder hergestellt wird. Vertrauen Sie auf unser Know-how und entscheiden Sie sich f\u00fcr den optimalen Schutz Ihres Unternehmenseigentums.\" \/>\n<meta property=\"og:url\" content=\"https:\/\/www.assurances-rmt.fr\/de\/unsere-versicherungsloesungen\/sach-und-haftpflichtversicherungen\/\" \/>\n<meta property=\"og:site_name\" content=\"RMT Courtier en assurances\" \/>\n<meta property=\"article:modified_time\" content=\"2025-06-18T11:18:56+00:00\" \/>\n<meta name=\"twitter:card\" content=\"summary_large_image\" \/>\n<meta name=\"twitter:label1\" content=\"Gesch\u00e4tzte Lesezeit\" \/>\n\t<meta name=\"twitter:data1\" content=\"6 Minuten\" \/>\n<script type=\"application\/ld+json\" class=\"yoast-schema-graph\">{\"@context\":\"https:\/\/schema.org\",\"@graph\":[{\"@type\":\"WebPage\",\"@id\":\"https:\/\/www.assurances-rmt.fr\/de\/unsere-versicherungsloesungen\/sach-und-haftpflichtversicherungen\/\",\"url\":\"https:\/\/www.assurances-rmt.fr\/de\/unsere-versicherungsloesungen\/sach-und-haftpflichtversicherungen\/\",\"name\":\"Sach- und Haftpflichtversicherungen - RMT Courtier en assurances\",\"isPartOf\":{\"@id\":\"https:\/\/www.assurances-rmt.fr\/de\/#website\"},\"datePublished\":\"2023-07-26T09:34:31+00:00\",\"dateModified\":\"2025-06-18T11:18:56+00:00\",\"description\":\"Sach- und Haftpflichtversicherungen decken Personen- und Sachsch\u00e4den sowie daraus resultierende Verm\u00f6genssch\u00e4den ab. Die richtige Absicherung sorgt daf\u00fcr, dass entstandene Sch\u00e4den oder Verluste ersetzt werden und der urspr\u00fcngliche Zustand wieder hergestellt wird. Vertrauen Sie auf unser Know-how und entscheiden Sie sich f\u00fcr den optimalen Schutz Ihres Unternehmenseigentums.\",\"breadcrumb\":{\"@id\":\"https:\/\/www.assurances-rmt.fr\/de\/unsere-versicherungsloesungen\/sach-und-haftpflichtversicherungen\/#breadcrumb\"},\"inLanguage\":\"de-DE\",\"potentialAction\":[{\"@type\":\"ReadAction\",\"target\":[\"https:\/\/www.assurances-rmt.fr\/de\/unsere-versicherungsloesungen\/sach-und-haftpflichtversicherungen\/\"]}]},{\"@type\":\"BreadcrumbList\",\"@id\":\"https:\/\/www.assurances-rmt.fr\/de\/unsere-versicherungsloesungen\/sach-und-haftpflichtversicherungen\/#breadcrumb\",\"itemListElement\":[{\"@type\":\"ListItem\",\"position\":1,\"name\":\"Startseite\",\"item\":\"https:\/\/www.assurances-rmt.fr\/de\/\"},{\"@type\":\"ListItem\",\"position\":2,\"name\":\"Unsere Versicherungsl\u00f6sungen\",\"item\":\"https:\/\/www.assurances-rmt.fr\/de\/unsere-versicherungsloesungen\/\"},{\"@type\":\"ListItem\",\"position\":3,\"name\":\"Sach- und Haftpflichtversicherungen\"}]},{\"@type\":\"WebSite\",\"@id\":\"https:\/\/www.assurances-rmt.fr\/de\/#website\",\"url\":\"https:\/\/www.assurances-rmt.fr\/de\/\",\"name\":\"RMT Courtier en assurances\",\"description\":\"Le conseiller des entreprises en strat\u00e9gie d&#039;assurance\",\"publisher\":{\"@id\":\"https:\/\/www.assurances-rmt.fr\/de\/#organization\"},\"potentialAction\":[{\"@type\":\"SearchAction\",\"target\":{\"@type\":\"EntryPoint\",\"urlTemplate\":\"https:\/\/www.assurances-rmt.fr\/de\/?s={search_term_string}\"},\"query-input\":\"required name=search_term_string\"}],\"inLanguage\":\"de-DE\"},{\"@type\":\"Organization\",\"@id\":\"https:\/\/www.assurances-rmt.fr\/de\/#organization\",\"name\":\"RMT Courtier en assurances\",\"url\":\"https:\/\/www.assurances-rmt.fr\/de\/\",\"logo\":{\"@type\":\"ImageObject\",\"inLanguage\":\"de-DE\",\"@id\":\"https:\/\/www.assurances-rmt.fr\/de\/#\/schema\/logo\/image\/\",\"url\":\"https:\/\/www.assurances-rmt.fr\/app\/uploads\/2023\/07\/logo.svg\",\"contentUrl\":\"https:\/\/www.assurances-rmt.fr\/app\/uploads\/2023\/07\/logo.svg\",\"width\":300,\"height\":113,\"caption\":\"RMT Courtier en assurances\"},\"image\":{\"@id\":\"https:\/\/www.assurances-rmt.fr\/de\/#\/schema\/logo\/image\/\"},\"sameAs\":[\"https:\/\/www.linkedin.com\/company\/rmt-courtier-en-assurances\/\"]}]}<\/script>\n<!-- \/ Yoast SEO plugin. -->","yoast_head_json":{"title":"Sach- und Haftpflichtversicherungen - RMT Courtier en assurances","description":"Sach- und Haftpflichtversicherungen decken Personen- und Sachsch\u00e4den sowie daraus resultierende Verm\u00f6genssch\u00e4den ab. Die richtige Absicherung sorgt daf\u00fcr, dass entstandene Sch\u00e4den oder Verluste ersetzt werden und der urspr\u00fcngliche Zustand wieder hergestellt wird. Vertrauen Sie auf unser Know-how und entscheiden Sie sich f\u00fcr den optimalen Schutz Ihres Unternehmenseigentums.","robots":{"index":"index","follow":"follow","max-snippet":"max-snippet:-1","max-image-preview":"max-image-preview:large","max-video-preview":"max-video-preview:-1"},"canonical":"https:\/\/www.assurances-rmt.fr\/de\/unsere-versicherungsloesungen\/sach-und-haftpflichtversicherungen\/","og_locale":"de_DE","og_type":"article","og_title":"Sach- und Haftpflichtversicherungen - RMT Courtier en assurances","og_description":"Sach- und Haftpflichtversicherungen decken Personen- und Sachsch\u00e4den sowie daraus resultierende Verm\u00f6genssch\u00e4den ab. Die richtige Absicherung sorgt daf\u00fcr, dass entstandene Sch\u00e4den oder Verluste ersetzt werden und der urspr\u00fcngliche Zustand wieder hergestellt wird. Vertrauen Sie auf unser Know-how und entscheiden Sie sich f\u00fcr den optimalen Schutz Ihres Unternehmenseigentums.","og_url":"https:\/\/www.assurances-rmt.fr\/de\/unsere-versicherungsloesungen\/sach-und-haftpflichtversicherungen\/","og_site_name":"RMT Courtier en assurances","article_modified_time":"2025-06-18T11:18:56+00:00","twitter_card":"summary_large_image","twitter_misc":{"Gesch\u00e4tzte Lesezeit":"6 Minuten"},"schema":{"@context":"https:\/\/schema.org","@graph":[{"@type":"WebPage","@id":"https:\/\/www.assurances-rmt.fr\/de\/unsere-versicherungsloesungen\/sach-und-haftpflichtversicherungen\/","url":"https:\/\/www.assurances-rmt.fr\/de\/unsere-versicherungsloesungen\/sach-und-haftpflichtversicherungen\/","name":"Sach- und Haftpflichtversicherungen - RMT Courtier en assurances","isPartOf":{"@id":"https:\/\/www.assurances-rmt.fr\/de\/#website"},"datePublished":"2023-07-26T09:34:31+00:00","dateModified":"2025-06-18T11:18:56+00:00","description":"Sach- und Haftpflichtversicherungen decken Personen- und Sachsch\u00e4den sowie daraus resultierende Verm\u00f6genssch\u00e4den ab. Die richtige Absicherung sorgt daf\u00fcr, dass entstandene Sch\u00e4den oder Verluste ersetzt werden und der urspr\u00fcngliche Zustand wieder hergestellt wird. Vertrauen Sie auf unser Know-how und entscheiden Sie sich f\u00fcr den optimalen Schutz Ihres Unternehmenseigentums.","breadcrumb":{"@id":"https:\/\/www.assurances-rmt.fr\/de\/unsere-versicherungsloesungen\/sach-und-haftpflichtversicherungen\/#breadcrumb"},"inLanguage":"de-DE","potentialAction":[{"@type":"ReadAction","target":["https:\/\/www.assurances-rmt.fr\/de\/unsere-versicherungsloesungen\/sach-und-haftpflichtversicherungen\/"]}]},{"@type":"BreadcrumbList","@id":"https:\/\/www.assurances-rmt.fr\/de\/unsere-versicherungsloesungen\/sach-und-haftpflichtversicherungen\/#breadcrumb","itemListElement":[{"@type":"ListItem","position":1,"name":"Startseite","item":"https:\/\/www.assurances-rmt.fr\/de\/"},{"@type":"ListItem","position":2,"name":"Unsere Versicherungsl\u00f6sungen","item":"https:\/\/www.assurances-rmt.fr\/de\/unsere-versicherungsloesungen\/"},{"@type":"ListItem","position":3,"name":"Sach- und Haftpflichtversicherungen"}]},{"@type":"WebSite","@id":"https:\/\/www.assurances-rmt.fr\/de\/#website","url":"https:\/\/www.assurances-rmt.fr\/de\/","name":"RMT Courtier en assurances","description":"Le conseiller des entreprises en strat\u00e9gie d&#039;assurance","publisher":{"@id":"https:\/\/www.assurances-rmt.fr\/de\/#organization"},"potentialAction":[{"@type":"SearchAction","target":{"@type":"EntryPoint","urlTemplate":"https:\/\/www.assurances-rmt.fr\/de\/?s={search_term_string}"},"query-input":"required name=search_term_string"}],"inLanguage":"de-DE"},{"@type":"Organization","@id":"https:\/\/www.assurances-rmt.fr\/de\/#organization","name":"RMT Courtier en assurances","url":"https:\/\/www.assurances-rmt.fr\/de\/","logo":{"@type":"ImageObject","inLanguage":"de-DE","@id":"https:\/\/www.assurances-rmt.fr\/de\/#\/schema\/logo\/image\/","url":"https:\/\/www.assurances-rmt.fr\/app\/uploads\/2023\/07\/logo.svg","contentUrl":"https:\/\/www.assurances-rmt.fr\/app\/uploads\/2023\/07\/logo.svg","width":300,"height":113,"caption":"RMT Courtier en assurances"},"image":{"@id":"https:\/\/www.assurances-rmt.fr\/de\/#\/schema\/logo\/image\/"},"sameAs":["https:\/\/www.linkedin.com\/company\/rmt-courtier-en-assurances\/"]}]}},"_links":{"self":[{"href":"https:\/\/www.assurances-rmt.fr\/de\/wp-json\/wp\/v2\/pages\/2218"}],"collection":[{"href":"https:\/\/www.assurances-rmt.fr\/de\/wp-json\/wp\/v2\/pages"}],"about":[{"href":"https:\/\/www.assurances-rmt.fr\/de\/wp-json\/wp\/v2\/types\/page"}],"author":[{"embeddable":true,"href":"https:\/\/www.assurances-rmt.fr\/de\/wp-json\/wp\/v2\/users\/1"}],"replies":[{"embeddable":true,"href":"https:\/\/www.assurances-rmt.fr\/de\/wp-json\/wp\/v2\/comments?post=2218"}],"version-history":[{"count":3,"href":"https:\/\/www.assurances-rmt.fr\/de\/wp-json\/wp\/v2\/pages\/2218\/revisions"}],"predecessor-version":[{"id":2222,"href":"https:\/\/www.assurances-rmt.fr\/de\/wp-json\/wp\/v2\/pages\/2218\/revisions\/2222"}],"up":[{"embeddable":true,"href":"https:\/\/www.assurances-rmt.fr\/de\/wp-json\/wp\/v2\/pages\/2223"}],"wp:attachment":[{"href":"https:\/\/www.assurances-rmt.fr\/de\/wp-json\/wp\/v2\/media?parent=2218"}],"curies":[{"name":"wp","href":"https:\/\/api.w.org\/{rel}","templated":true}]}}