{"id":2201,"date":"2023-07-25T15:22:37","date_gmt":"2023-07-25T13:22:37","guid":{"rendered":"https:\/\/www.assurances-rmt.fr\/startseite\/"},"modified":"2025-07-29T16:37:45","modified_gmt":"2025-07-29T14:37:45","slug":"startseite","status":"publish","type":"page","link":"https:\/\/www.assurances-rmt.fr\/de\/","title":{"rendered":"Startseite"},"content":{"rendered":"\n<div class=\"snap \">\n    <nav class=\"snap-nav\">\n        <ul class=\"snap-nav__list\">\n        <\/ul>\n    <\/nav>\n    <div class=\"snap__inner\">\n\n<section id=\"ueber-uns\" class=\"snap__item snap__item--hero js-hero  snap__item--secondary_background\" data-title=\"\u00dcber uns\">\n    <div class=\"grid-container\">\n        <div class=\"snap-hero\">\n            <div class=\"snap-hero__container\">\n\n    \n\n    <h1 class=\"text-left title-double title-double--white\">\n                <span class=\"title-double__line1\">RMT Versicherungsmakler: <\/span>\n                <span class=\"title-double__line2\">Individuelle Versicherungsl\u00f6sungen f\u00fcr Unternehmen<\/span>\n        <\/h1>\n\n\n\n<p>Bereits seit 1994 erarbeitet RMT umfassende und individuelle Versicherungsl\u00f6sungen f\u00fcr Unternehmen und Freiberufler. Bei uns stehen Sie als Kunde im Mittelpunkt \u2013 vom Vertragsabschluss bis zum Schadensfall. <\/p>\n\n\n\n<div class=\"button-group default align-left\">\n\n\n<a href=\"https:\/\/www.assurances-rmt.fr\/de\/ueber-uns\/\" class=\"primary hollow button\" target=\"\" rel=\"\">\n    Mehr erfahren<\/a>\n\n<\/div>\n\n\n<\/div>\n        <\/div>\n    <\/div>\n    <a class=\"hero__scroll js-scroll\" href=\"#\"><svg aria-hidden=\"true\" role=\"img\" focusable=\"false\" class=\"picto\"><use href=\"#scroll\"\/><\/svg>\n<\/a>\n<\/section>\n\n\n\n<section id=\"leistungen\" class=\"snap__item  snap__item--secondary_background\" data-title=\"Leistungen\">\n    <div class=\"grid-container\">\n<div class=\"grid-x grid-margin-x grid-padding-y grid-simple align-top \">\n\n<div class=\"cell__wp-content align-self-top cell medium-6 large-4\">\n\n<h2 class=\"wp-block-heading\">Maximaler Service<\/h2>\n\n\n\n<p>RMT unterst\u00fctzt Sie dabei, die richtigen Entscheidungen zu treffen \u2013 so sichern Sie Ihr Unternehmen optimal ab. Wir bieten Versicherungsl\u00f6sungen f\u00fcr Ihre individuellen Anspr\u00fcche \u2013 mit optimal gestalteten Vertr\u00e4gen und einer kompetenten Betreuung im Schadensfall. <\/p>\n\n<\/div>\n\n\n\n<div class=\"cell__wp-content align-self-top cell medium-6 large-8\">\n\n<div class=\"card-service-grid card-service-grid--2 \" style=\"--card-service-grid-col: 2\">\n                                        <div>\n            <div class=\"card-service card-service--secondary\">\n                <div class=\"card-service__picto\"><svg aria-hidden=\"true\" role=\"img\" focusable=\"false\" class=\"picto\"><use href=\"#rmt_batiment\"\/><\/svg>\n<\/div>\n                <h3 class=\"card-service__title\">Sach- und Haftpflichtversicherungen<\/h3>\n                <p>Sach- und Haftpflichtversicherungen decken Personen- und Sachsch\u00e4den sowie daraus resultierende Verm\u00f6genssch\u00e4den ab. Die richtige Absicherung sorgt daf\u00fcr, dass entstandene Sch\u00e4den oder Verluste ersetzt werden und der urspr\u00fcngliche Zustand wieder hergestellt wird. Vertrauen Sie auf unser Know-how und entscheiden Sie sich f\u00fcr den optimalen Schutz Ihres Unternehmenseigentums.<\/p>\n                <a href=\"https:\/\/www.assurances-rmt.fr\/de\/unsere-versicherungsloesungen\/sach-und-haftpflichtversicherungen\/\"> Mehr erfahren<\/a>\n            <\/div>\n        <\/div>\n                                        <div>\n            <div class=\"card-service card-service--secondary\">\n                <div class=\"card-service__picto\"><svg aria-hidden=\"true\" role=\"img\" focusable=\"false\" class=\"picto\"><use href=\"#rmt_groupe\"\/><\/svg>\n<\/div>\n                <h3 class=\"card-service__title\">Personenversicherungen<\/h3>\n                <p>Der Mensch steht im Mittelpunkt Ihres Unternehmens. Sichern Sie Ihre Mitarbeitenden mithilfe unserer Abteilung f\u00fcr Gesundheit und Vorsorge optimal ab. Dazu geh\u00f6rt die Erstattung von Behandlungskosten ebenso wie Leistungen im Fall von Tod, Invalidit\u00e4t oder Arbeitsunf\u00e4higkeit. Gerne beraten wir Sie auch bei der Altersvorsorge f\u00fcr Ihre Mitarbeitenden.<\/p>\n                <a href=\"https:\/\/www.assurances-rmt.fr\/de\/unsere-versicherungsloesungen\/personenversicherungen\/\"> Mehr erfahren<\/a>\n            <\/div>\n        <\/div>\n                                        <div>\n            <div class=\"card-service card-service--ternary\">\n                <div class=\"card-service__picto\"><svg aria-hidden=\"true\" role=\"img\" focusable=\"false\" class=\"picto\"><use href=\"#rmt_poignee_main\"\/><\/svg>\n<\/div>\n                <h3 class=\"card-service__title\">Experten f\u00fcr Deutschland und Frankreich<\/h3>\n                <p>Unser zweisprachiges Team begleitet deutsche Unternehmen auf dem franz\u00f6sischen Markt. Wir ber\u00fccksichtigen die Unterschiede in den gesetzlichen Regelungen beider L\u00e4nder und arbeiten Vertr\u00e4ge f\u00fcr Ihren individuellen Bedarf aus.<\/p>\n                <a href=\"https:\/\/www.assurances-rmt.fr\/de\/experten-fuer-deutschland-und-frankreich\/\"> Mehr erfahren<\/a>\n            <\/div>\n        <\/div>\n    <\/div>\n\n<\/div>\n\n<\/div>\n\n<\/div>\n<\/section>\n\n\n\n<section id=\"experten-fuer-deutschland-und-frankreich\" class=\"snap__item  snap__item--primary_background\" data-title=\"Experten f\u00fcr Deutschland und Frankreich\">\n    <div class=\"grid-container\">\n<div class=\"grid-x grid-margin-x grid-padding-y grid-simple align-top \">\n\n<div class=\"cell__wp-content align-self-top cell medium-6 large-4\">\n\n<h2 class=\"wp-block-heading\">Grenz\u00fcber-greifende Kompetenz<\/h2>\n\n\n\n<p>Wir kennen die Herausforderungen, mit denen deutsche Unternehmen konfrontiert sind, wenn sie ihre Gesch\u00e4ftst\u00e4tigkeit in Frankreich ausbauen wollen. Deshalb bieten wir einen Versicherungsservice an, der \u00fcber die Grenzen hinausgeht. Mit einem strategischen Standort im Herzen von Stra\u00dfburg ist RMT Ihr Partner f\u00fcr die Absicherung Ihrer grenz\u00fcberschreitenden Risiken. <\/p>\n\n\n\n<div class=\"button-group default align-left\">\n\n\n<a href=\"https:\/\/www.assurances-rmt.fr\/de\/experten-fuer-deutschland-und-frankreich\/\" class=\"primary hollow button\" target=\"\" rel=\"\">\n    Mehr erfahren<\/a>\n\n<\/div>\n\n\n<\/div>\n\n\n\n<div class=\"cell__wp-content align-self-top cell medium-6 large-8\">\n\n<figure class=\"wp-block-image size-full\"><img decoding=\"async\" loading=\"lazy\" width=\"1000\" height=\"667\" src=\"https:\/\/www.assurances-rmt.fr\/app\/uploads\/2023\/08\/shutterstock_1212177175.jpg\" alt=\"\" class=\"wp-image-532\" srcset=\"https:\/\/www.assurances-rmt.fr\/app\/uploads\/2023\/08\/shutterstock_1212177175.jpg 1000w, https:\/\/www.assurances-rmt.fr\/app\/uploads\/2023\/08\/shutterstock_1212177175-300x200.jpg 300w, https:\/\/www.assurances-rmt.fr\/app\/uploads\/2023\/08\/shutterstock_1212177175-768x512.jpg 768w\" sizes=\"(max-width: 1000px) 100vw, 1000px\" \/><\/figure>\n\n<\/div>\n\n<\/div>\n\n<\/div>\n<\/section>\n\n\n\n<section id=\"warum-gerade-rmt\" class=\"snap__item  snap__item--secondary_background\" data-title=\"Warum gerade RMT?\">\n    <div class=\"grid-container\">\n<div class=\"grid-x grid-margin-x grid-padding-y grid-simple align-top \">\n\n<div class=\"cell__wp-content align-self-top cell medium-6 large-4\">\n\n<h2 class=\"wp-block-heading\">Warum RMT?<\/h2>\n\n<\/div>\n\n\n\n<div class=\"cell__wp-content align-self-top cell medium-6 large-8\">\n\n<div class=\"counter-list  counter-list--col-2\">\n\n<div class=\"counter\">\n    <div class=\"counter__count js-counter\" data-count=\"4500\">1<\/div>\n    <div class=\"counter__text\">            SCHADENSF\u00c4LLE PRO jahr\n    <\/div>\n<\/div>\n\n\n\n<div class=\"counter\">\n    <div class=\"counter__count js-counter\" data-count=\"30\">1<\/div>\n    <div class=\"counter__text\">            JAHRE ERFAHRUNG\n    <\/div>\n<\/div>\n\n\n\n<div class=\"counter\">\n    <div class=\"counter__count js-counter\" data-count=\"1000\">1<\/div>\n    <div class=\"counter__text\">            VERSICHERTE UNTERNEHMEN\n    <\/div>\n<\/div>\n\n\n\n<div class=\"counter\">\n    <div class=\"counter__count js-counter\" data-count=\"20\">1<\/div>\n    <div class=\"counter__text\">            MITARBEITENDE\n    <\/div>\n<\/div>\n\n<\/div>\n\n<\/div>\n\n<\/div>\n\n<\/div>\n<\/section>\n\n\n\n<section id=\"wir-sind-fuer-sie-da\" class=\"snap__item  snap__item--primary_background\" data-title=\"Wir sind f\u00fcr Sie da!\">\n    <div class=\"grid-container\">\n\n<h2 class=\"wp-block-heading\">Sie w\u00fcnschen sich fachkundige Beratung? Aber sicher!<\/h2>\n\n\n\n<p>Bei Fragen zu unseren Versicherungen und Leistungen oder f\u00fcr die Meldung eines Schadens stehen wir Ihnen gerne zur Verf\u00fcgung.<\/p>\n\n\n\n<div class=\"button-group default align-left\">\n\n\n<a href=\"https:\/\/www.assurances-rmt.fr\/de\/kontakt\/\" class=\"primary hollow button\" target=\"\" rel=\"\">\n    Kontakt<\/a>\n\n<\/div>\n\n\n<\/div>\n<\/section>\n\n<\/div>\n<\/div>\n","protected":false},"excerpt":{"rendered":"<p>Seit 1994 ist RMT Versicherungsmakler auf die ma\u00dfgeschneiderte Betreuung von Unternehmen und Freiberuflern spezialisiert, um f\u00fcr sie Folgendes auszuarbeiten<\/p>\n","protected":false},"author":1,"featured_media":0,"parent":0,"menu_order":1,"comment_status":"closed","ping_status":"open","template":"","meta":{"inline_featured_image":false,"footnotes":""},"acf":[],"yoast_head":"<!-- This site is optimized with the Yoast SEO plugin v20.13 - https:\/\/yoast.com\/wordpress\/plugins\/seo\/ -->\n<title>RMT Versicherungsmakler<\/title>\n<meta name=\"description\" content=\"Wir sind seit vielen Jahren Berater von Unternehmen in Bezug auf Versicherungsstrategien und Makler f\u00fcr Berufsversicherungen in Stra\u00dfburg.\" \/>\n<meta name=\"robots\" content=\"index, follow, max-snippet:-1, max-image-preview:large, max-video-preview:-1\" \/>\n<link rel=\"canonical\" href=\"https:\/\/www.assurances-rmt.fr\/de\/\" \/>\n<meta property=\"og:locale\" content=\"de_DE\" \/>\n<meta property=\"og:type\" content=\"article\" \/>\n<meta property=\"og:title\" content=\"RMT Versicherungsmakler\" \/>\n<meta property=\"og:description\" content=\"Wir sind seit vielen Jahren Berater von Unternehmen in Bezug auf Versicherungsstrategien und Makler f\u00fcr Berufsversicherungen in Stra\u00dfburg.\" \/>\n<meta property=\"og:url\" content=\"https:\/\/www.assurances-rmt.fr\/de\/\" \/>\n<meta property=\"og:site_name\" content=\"RMT Courtier en assurances\" \/>\n<meta property=\"article:modified_time\" content=\"2025-07-29T14:37:45+00:00\" \/>\n<meta property=\"og:image\" content=\"https:\/\/www.assurances-rmt.fr\/app\/uploads\/2023\/08\/shutterstock_1212177175.jpg\" \/>\n<meta name=\"twitter:card\" content=\"summary_large_image\" \/>\n<meta name=\"twitter:label1\" content=\"Gesch\u00e4tzte Lesezeit\" \/>\n\t<meta name=\"twitter:data1\" content=\"1 Minute\" \/>\n<script type=\"application\/ld+json\" class=\"yoast-schema-graph\">{\"@context\":\"https:\/\/schema.org\",\"@graph\":[{\"@type\":\"WebPage\",\"@id\":\"https:\/\/www.assurances-rmt.fr\/de\/\",\"url\":\"https:\/\/www.assurances-rmt.fr\/de\/\",\"name\":\"RMT Versicherungsmakler\",\"isPartOf\":{\"@id\":\"https:\/\/www.assurances-rmt.fr\/de\/#website\"},\"datePublished\":\"2023-07-25T13:22:37+00:00\",\"dateModified\":\"2025-07-29T14:37:45+00:00\",\"description\":\"Wir sind seit vielen Jahren Berater von Unternehmen in Bezug auf Versicherungsstrategien und Makler f\u00fcr Berufsversicherungen in Stra\u00dfburg.\",\"breadcrumb\":{\"@id\":\"https:\/\/www.assurances-rmt.fr\/de\/#breadcrumb\"},\"inLanguage\":\"de-DE\",\"potentialAction\":[{\"@type\":\"ReadAction\",\"target\":[\"https:\/\/www.assurances-rmt.fr\/de\/\"]}]},{\"@type\":\"BreadcrumbList\",\"@id\":\"https:\/\/www.assurances-rmt.fr\/de\/#breadcrumb\",\"itemListElement\":[{\"@type\":\"ListItem\",\"position\":1,\"name\":\"Startseite\",\"item\":\"https:\/\/www.assurances-rmt.fr\/de\/\"},{\"@type\":\"ListItem\",\"position\":2,\"name\":\"Startseite\"}]},{\"@type\":\"WebSite\",\"@id\":\"https:\/\/www.assurances-rmt.fr\/de\/#website\",\"url\":\"https:\/\/www.assurances-rmt.fr\/de\/\",\"name\":\"RMT Courtier en assurances\",\"description\":\"Le conseiller des entreprises en strat\u00e9gie d&#039;assurance\",\"publisher\":{\"@id\":\"https:\/\/www.assurances-rmt.fr\/de\/#organization\"},\"potentialAction\":[{\"@type\":\"SearchAction\",\"target\":{\"@type\":\"EntryPoint\",\"urlTemplate\":\"https:\/\/www.assurances-rmt.fr\/de\/?s={search_term_string}\"},\"query-input\":\"required name=search_term_string\"}],\"inLanguage\":\"de-DE\"},{\"@type\":\"Organization\",\"@id\":\"https:\/\/www.assurances-rmt.fr\/de\/#organization\",\"name\":\"RMT Courtier en assurances\",\"url\":\"https:\/\/www.assurances-rmt.fr\/de\/\",\"logo\":{\"@type\":\"ImageObject\",\"inLanguage\":\"de-DE\",\"@id\":\"https:\/\/www.assurances-rmt.fr\/de\/#\/schema\/logo\/image\/\",\"url\":\"https:\/\/www.assurances-rmt.fr\/app\/uploads\/2023\/07\/logo.svg\",\"contentUrl\":\"https:\/\/www.assurances-rmt.fr\/app\/uploads\/2023\/07\/logo.svg\",\"width\":300,\"height\":113,\"caption\":\"RMT Courtier en assurances\"},\"image\":{\"@id\":\"https:\/\/www.assurances-rmt.fr\/de\/#\/schema\/logo\/image\/\"},\"sameAs\":[\"https:\/\/www.linkedin.com\/company\/rmt-courtier-en-assurances\/\"]}]}<\/script>\n<!-- \/ Yoast SEO plugin. -->","yoast_head_json":{"title":"RMT Versicherungsmakler","description":"Wir sind seit vielen Jahren Berater von Unternehmen in Bezug auf Versicherungsstrategien und Makler f\u00fcr Berufsversicherungen in Stra\u00dfburg.","robots":{"index":"index","follow":"follow","max-snippet":"max-snippet:-1","max-image-preview":"max-image-preview:large","max-video-preview":"max-video-preview:-1"},"canonical":"https:\/\/www.assurances-rmt.fr\/de\/","og_locale":"de_DE","og_type":"article","og_title":"RMT Versicherungsmakler","og_description":"Wir sind seit vielen Jahren Berater von Unternehmen in Bezug auf Versicherungsstrategien und Makler f\u00fcr Berufsversicherungen in Stra\u00dfburg.","og_url":"https:\/\/www.assurances-rmt.fr\/de\/","og_site_name":"RMT Courtier en assurances","article_modified_time":"2025-07-29T14:37:45+00:00","og_image":[{"url":"https:\/\/www.assurances-rmt.fr\/app\/uploads\/2023\/08\/shutterstock_1212177175.jpg"}],"twitter_card":"summary_large_image","twitter_misc":{"Gesch\u00e4tzte Lesezeit":"1 Minute"},"schema":{"@context":"https:\/\/schema.org","@graph":[{"@type":"WebPage","@id":"https:\/\/www.assurances-rmt.fr\/de\/","url":"https:\/\/www.assurances-rmt.fr\/de\/","name":"RMT Versicherungsmakler","isPartOf":{"@id":"https:\/\/www.assurances-rmt.fr\/de\/#website"},"datePublished":"2023-07-25T13:22:37+00:00","dateModified":"2025-07-29T14:37:45+00:00","description":"Wir sind seit vielen Jahren Berater von Unternehmen in Bezug auf Versicherungsstrategien und Makler f\u00fcr Berufsversicherungen in Stra\u00dfburg.","breadcrumb":{"@id":"https:\/\/www.assurances-rmt.fr\/de\/#breadcrumb"},"inLanguage":"de-DE","potentialAction":[{"@type":"ReadAction","target":["https:\/\/www.assurances-rmt.fr\/de\/"]}]},{"@type":"BreadcrumbList","@id":"https:\/\/www.assurances-rmt.fr\/de\/#breadcrumb","itemListElement":[{"@type":"ListItem","position":1,"name":"Startseite","item":"https:\/\/www.assurances-rmt.fr\/de\/"},{"@type":"ListItem","position":2,"name":"Startseite"}]},{"@type":"WebSite","@id":"https:\/\/www.assurances-rmt.fr\/de\/#website","url":"https:\/\/www.assurances-rmt.fr\/de\/","name":"RMT Courtier en assurances","description":"Le conseiller des entreprises en strat\u00e9gie d&#039;assurance","publisher":{"@id":"https:\/\/www.assurances-rmt.fr\/de\/#organization"},"potentialAction":[{"@type":"SearchAction","target":{"@type":"EntryPoint","urlTemplate":"https:\/\/www.assurances-rmt.fr\/de\/?s={search_term_string}"},"query-input":"required name=search_term_string"}],"inLanguage":"de-DE"},{"@type":"Organization","@id":"https:\/\/www.assurances-rmt.fr\/de\/#organization","name":"RMT Courtier en assurances","url":"https:\/\/www.assurances-rmt.fr\/de\/","logo":{"@type":"ImageObject","inLanguage":"de-DE","@id":"https:\/\/www.assurances-rmt.fr\/de\/#\/schema\/logo\/image\/","url":"https:\/\/www.assurances-rmt.fr\/app\/uploads\/2023\/07\/logo.svg","contentUrl":"https:\/\/www.assurances-rmt.fr\/app\/uploads\/2023\/07\/logo.svg","width":300,"height":113,"caption":"RMT Courtier en assurances"},"image":{"@id":"https:\/\/www.assurances-rmt.fr\/de\/#\/schema\/logo\/image\/"},"sameAs":["https:\/\/www.linkedin.com\/company\/rmt-courtier-en-assurances\/"]}]}},"_links":{"self":[{"href":"https:\/\/www.assurances-rmt.fr\/de\/wp-json\/wp\/v2\/pages\/2201"}],"collection":[{"href":"https:\/\/www.assurances-rmt.fr\/de\/wp-json\/wp\/v2\/pages"}],"about":[{"href":"https:\/\/www.assurances-rmt.fr\/de\/wp-json\/wp\/v2\/types\/page"}],"author":[{"embeddable":true,"href":"https:\/\/www.assurances-rmt.fr\/de\/wp-json\/wp\/v2\/users\/1"}],"replies":[{"embeddable":true,"href":"https:\/\/www.assurances-rmt.fr\/de\/wp-json\/wp\/v2\/comments?post=2201"}],"version-history":[{"count":19,"href":"https:\/\/www.assurances-rmt.fr\/de\/wp-json\/wp\/v2\/pages\/2201\/revisions"}],"predecessor-version":[{"id":2413,"href":"https:\/\/www.assurances-rmt.fr\/de\/wp-json\/wp\/v2\/pages\/2201\/revisions\/2413"}],"wp:attachment":[{"href":"https:\/\/www.assurances-rmt.fr\/de\/wp-json\/wp\/v2\/media?parent=2201"}],"curies":[{"name":"wp","href":"https:\/\/api.w.org\/{rel}","templated":true}]}}